{"version":"1.0","provider_name":"The Epoch Times TR","provider_url":"https:\/\/epochtimestr.com","author_name":"S. \u00d6zcan","author_url":"https:\/\/epochtimestr.com\/index.php\/author\/n-kaya","title":"Artem Radchenko Fenerbah\u00e7e \u0130le S\u00f6zle\u015fme \u0130mzalad\u0131 - The Epoch Times TR","type":"rich","width":600,"height":338,"html":"<blockquote class=\"wp-embedded-content\" data-secret=\"C02CN5Svnv\"><a href=\"https:\/\/epochtimestr.com\/index.php\/artem-radchenko-fenerbahce-ile-sozlesme-imzaladi\">Artem Radchenko Fenerbah\u00e7e \u0130le S\u00f6zle\u015fme \u0130mzalad\u0131<\/a><\/blockquote><iframe sandbox=\"allow-scripts\" security=\"restricted\" src=\"https:\/\/epochtimestr.com\/index.php\/artem-radchenko-fenerbahce-ile-sozlesme-imzaladi\/embed#?secret=C02CN5Svnv\" width=\"600\" height=\"338\" title=\"&#8220;Artem Radchenko Fenerbah\u00e7e \u0130le S\u00f6zle\u015fme \u0130mzalad\u0131&#8221; &#8212; The Epoch Times TR\" data-secret=\"C02CN5Svnv\" frameborder=\"0\" marginwidth=\"0\" marginheight=\"0\" scrolling=\"no\" class=\"wp-embedded-content\"><\/iframe><script type=\"text\/javascript\">\n\/* <![CDATA[ *\/\n\/*! This file is auto-generated *\/\n!function(d,l){\"use strict\";l.querySelector&&d.addEventListener&&\"undefined\"!=typeof URL&&(d.wp=d.wp||{},d.wp.receiveEmbedMessage||(d.wp.receiveEmbedMessage=function(e){var t=e.data;if((t||t.secret||t.message||t.value)&&!\/[^a-zA-Z0-9]\/.test(t.secret)){for(var s,r,n,a=l.querySelectorAll('iframe[data-secret=\"'+t.secret+'\"]'),o=l.querySelectorAll('blockquote[data-secret=\"'+t.secret+'\"]'),c=new RegExp(\"^https?:$\",\"i\"),i=0;i<o.length;i++)o[i].style.display=\"none\";for(i=0;i<a.length;i++)s=a[i],e.source===s.contentWindow&&(s.removeAttribute(\"style\"),\"height\"===t.message?(1e3<(r=parseInt(t.value,10))?r=1e3:~~r<200&&(r=200),s.height=r):\"link\"===t.message&&(r=new URL(s.getAttribute(\"src\")),n=new URL(t.value),c.test(n.protocol))&&n.host===r.host&&l.activeElement===s&&(d.top.location.href=t.value))}},d.addEventListener(\"message\",d.wp.receiveEmbedMessage,!1),l.addEventListener(\"DOMContentLoaded\",function(){for(var e,t,s=l.querySelectorAll(\"iframe.wp-embedded-content\"),r=0;r<s.length;r++)(t=(e=s[r]).getAttribute(\"data-secret\"))||(t=Math.random().toString(36).substring(2,12),e.src+=\"#?secret=\"+t,e.setAttribute(\"data-secret\",t)),e.contentWindow.postMessage({message:\"ready\",secret:t},\"*\")},!1)))}(window,document);\n\/* ]]> *\/\n<\/script>\n","thumbnail_url":"https:\/\/epochtimestr.com\/wp-content\/uploads\/2011y\/artem-radchenko-fenerbahce-yolunda-911658-664x354.jpg","thumbnail_width":500,"thumbnail_height":266,"description":"Fenerbah\u00e7e Ukraynal\u0131 forvet oyuncusu Artem Radchenko ile s\u00f6zle\u015fme imzalad\u0131. \u015eu an Metalist Kharkiv\u2019in oyuncusu olan Radchenko sezon sonuna kadar Ukrayna\u2019n\u0131n Uzhgorod tak\u0131m\u0131na g\u00f6nderildi.\u00a0Uzhgorod\u2019un teknik direkt\u00f6r\u00fc Vyacheslav Grozny, Radchenko ile ilgili olarak kat\u0131ld\u0131\u011f\u0131 bir televizyon program\u0131nda \u2018Radchenko Fenerbah\u00e7e ile s\u00f6zle\u015fme imzalad\u0131. Biz de onun bu durumunu bilerek kadromuza katt\u0131k\u2019 diyerek transfer ile ilgili ilk a\u00e7\u0131klamay\u0131 yapt\u0131. [&hellip;]"}