{"version":"1.0","provider_name":"The Epoch Times TR","provider_url":"https:\/\/epochtimestr.com","author_name":"Bora Akdeniz","author_url":"https:\/\/epochtimestr.com\/index.php\/author\/bora","title":"Atanamayan \u00d6\u011fretmenler Meclis Kap\u0131s\u0131nda Diplomalar\u0131n\u0131 Y\u0131rtt\u0131 - The Epoch Times TR","type":"rich","width":600,"height":338,"html":"<blockquote class=\"wp-embedded-content\" data-secret=\"JFprhD2OdB\"><a href=\"https:\/\/epochtimestr.com\/index.php\/atanamayan-ogretmenler-meclis-kapisinda-diplomalarini-yirtti\">Atanamayan \u00d6\u011fretmenler Meclis Kap\u0131s\u0131nda Diplomalar\u0131n\u0131 Y\u0131rtt\u0131<\/a><\/blockquote><iframe sandbox=\"allow-scripts\" security=\"restricted\" src=\"https:\/\/epochtimestr.com\/index.php\/atanamayan-ogretmenler-meclis-kapisinda-diplomalarini-yirtti\/embed#?secret=JFprhD2OdB\" width=\"600\" height=\"338\" title=\"&#8220;Atanamayan \u00d6\u011fretmenler Meclis Kap\u0131s\u0131nda Diplomalar\u0131n\u0131 Y\u0131rtt\u0131&#8221; &#8212; The Epoch Times TR\" data-secret=\"JFprhD2OdB\" frameborder=\"0\" marginwidth=\"0\" marginheight=\"0\" scrolling=\"no\" class=\"wp-embedded-content\"><\/iframe><script type=\"text\/javascript\">\n\/* <![CDATA[ *\/\n\/*! This file is auto-generated *\/\n!function(d,l){\"use strict\";l.querySelector&&d.addEventListener&&\"undefined\"!=typeof URL&&(d.wp=d.wp||{},d.wp.receiveEmbedMessage||(d.wp.receiveEmbedMessage=function(e){var t=e.data;if((t||t.secret||t.message||t.value)&&!\/[^a-zA-Z0-9]\/.test(t.secret)){for(var s,r,n,a=l.querySelectorAll('iframe[data-secret=\"'+t.secret+'\"]'),o=l.querySelectorAll('blockquote[data-secret=\"'+t.secret+'\"]'),c=new RegExp(\"^https?:$\",\"i\"),i=0;i<o.length;i++)o[i].style.display=\"none\";for(i=0;i<a.length;i++)s=a[i],e.source===s.contentWindow&&(s.removeAttribute(\"style\"),\"height\"===t.message?(1e3<(r=parseInt(t.value,10))?r=1e3:~~r<200&&(r=200),s.height=r):\"link\"===t.message&&(r=new URL(s.getAttribute(\"src\")),n=new URL(t.value),c.test(n.protocol))&&n.host===r.host&&l.activeElement===s&&(d.top.location.href=t.value))}},d.addEventListener(\"message\",d.wp.receiveEmbedMessage,!1),l.addEventListener(\"DOMContentLoaded\",function(){for(var e,t,s=l.querySelectorAll(\"iframe.wp-embedded-content\"),r=0;r<s.length;r++)(t=(e=s[r]).getAttribute(\"data-secret\"))||(t=Math.random().toString(36).substring(2,12),e.src+=\"#?secret=\"+t,e.setAttribute(\"data-secret\",t)),e.contentWindow.postMessage({message:\"ready\",secret:t},\"*\")},!1)))}(window,document);\n\/* ]]> *\/\n<\/script>\n","description":"TBMM\u2019deki yo\u011fun yasama faaliyeti nedeniyle uygulanan ziyaret\u00e7i yasa\u011f\u0131ndan \u00f6t\u00fcr\u00fc TBMM&#8217;ye al\u0131nmayan bir grup atamas\u0131 yap\u0131lmayan \u00f6\u011fretmen aday\u0131, CHP \u0130stanbul Milletvekili \u00c7etin Soysal ile birlikte Meclis\u2019 kap\u0131s\u0131nda bas\u0131n a\u00e7\u0131klamas\u0131 yapt\u0131. Bu s\u0131rada baz\u0131 \u00f6\u011fretmen adaylar\u0131, diplomalar\u0131n\u0131 y\u0131rtt\u0131. CHP\u2019li Soysal ile TBMM\u2019de g\u00f6r\u00fc\u015fmek \u00fczere randevu ald\u0131klar\u0131n\u0131 belirten \u00f6\u011fretmen adaylar\u0131, g\u00fcndem yo\u011funlu\u011fu gerek\u00e7esiyle konulan ziyaret\u00e7i yasa\u011f\u0131 y\u00fcz\u00fcnden Meclis&#8217;e [&hellip;]"}