{"version":"1.0","provider_name":"The Epoch Times TR","provider_url":"https:\/\/epochtimestr.com","author_name":"D.Alk\u0131n","author_url":"https:\/\/epochtimestr.com\/index.php\/author\/derya","title":"Atanamayan \u00d6\u011fretmenler Sembollerini Kaybetti - The Epoch Times TR","type":"rich","width":600,"height":338,"html":"<blockquote class=\"wp-embedded-content\" data-secret=\"UghIghLg9D\"><a href=\"https:\/\/epochtimestr.com\/index.php\/atanamayan-ogretmenler-sembollerini-kaybetti\">Atanamayan \u00d6\u011fretmenler Sembollerini Kaybetti<\/a><\/blockquote><iframe sandbox=\"allow-scripts\" security=\"restricted\" src=\"https:\/\/epochtimestr.com\/index.php\/atanamayan-ogretmenler-sembollerini-kaybetti\/embed#?secret=UghIghLg9D\" width=\"600\" height=\"338\" title=\"&#8220;Atanamayan \u00d6\u011fretmenler Sembollerini Kaybetti&#8221; &#8212; The Epoch Times TR\" data-secret=\"UghIghLg9D\" frameborder=\"0\" marginwidth=\"0\" marginheight=\"0\" scrolling=\"no\" class=\"wp-embedded-content\"><\/iframe><script type=\"text\/javascript\">\n\/* <![CDATA[ *\/\n\/*! This file is auto-generated *\/\n!function(d,l){\"use strict\";l.querySelector&&d.addEventListener&&\"undefined\"!=typeof URL&&(d.wp=d.wp||{},d.wp.receiveEmbedMessage||(d.wp.receiveEmbedMessage=function(e){var t=e.data;if((t||t.secret||t.message||t.value)&&!\/[^a-zA-Z0-9]\/.test(t.secret)){for(var s,r,n,a=l.querySelectorAll('iframe[data-secret=\"'+t.secret+'\"]'),o=l.querySelectorAll('blockquote[data-secret=\"'+t.secret+'\"]'),c=new RegExp(\"^https?:$\",\"i\"),i=0;i<o.length;i++)o[i].style.display=\"none\";for(i=0;i<a.length;i++)s=a[i],e.source===s.contentWindow&&(s.removeAttribute(\"style\"),\"height\"===t.message?(1e3<(r=parseInt(t.value,10))?r=1e3:~~r<200&&(r=200),s.height=r):\"link\"===t.message&&(r=new URL(s.getAttribute(\"src\")),n=new URL(t.value),c.test(n.protocol))&&n.host===r.host&&l.activeElement===s&&(d.top.location.href=t.value))}},d.addEventListener(\"message\",d.wp.receiveEmbedMessage,!1),l.addEventListener(\"DOMContentLoaded\",function(){for(var e,t,s=l.querySelectorAll(\"iframe.wp-embedded-content\"),r=0;r<s.length;r++)(t=(e=s[r]).getAttribute(\"data-secret\"))||(t=Math.random().toString(36).substring(2,12),e.src+=\"#?secret=\"+t,e.setAttribute(\"data-secret\",t)),e.contentWindow.postMessage({message:\"ready\",secret:t},\"*\")},!1)))}(window,document);\n\/* ]]> *\/\n<\/script>\n","description":"T\u00fcrkiye\u2019de b\u00fcy\u00fck bir sorun olan i\u015fsizli\u011fin sembol\u00fc olan, Atamas\u0131 Yap\u0131lamayan \u00d6\u011fretmenler Platformu(AY\u00d6P)\u2019\u00fcn kurucusu, s\u00f6zc\u00fcs\u00fc ve hareketin simgesi olan \u015eafak \u00f6\u011fretmen yakaland\u0131\u011f\u0131 amans\u0131z hastal\u0131\u011fa yenik d\u00fc\u015ft\u00fc. Tedavi g\u00f6rmek i\u00e7in Amerika\u2019ya giden ve bir y\u0131l \u00f6nce tedavisine devam etmek i\u00e7in T\u00fcrkiye\u2019ye d\u00f6nen \u015eafak \u00f6\u011fretmen kararl\u0131 ve azimli tutumuyla herkese \u00f6rnek olmu\u015ftu. Kendisini destekleyen binlerce ki\u015fiyle birlikte Atamas\u0131 [&hellip;]"}