{"version":"1.0","provider_name":"The Epoch Times TR","provider_url":"https:\/\/epochtimestr.com","author_name":"\u00c7.Akdeniz","author_url":"https:\/\/epochtimestr.com\/index.php\/author\/cigdem","title":"Atina\u2019da 48 Saatlik Grev ile Beraber \u00c7at\u0131\u015fmalar Ba\u015flad\u0131 - The Epoch Times TR","type":"rich","width":600,"height":338,"html":"<blockquote class=\"wp-embedded-content\" data-secret=\"xaMjYUFsQh\"><a href=\"https:\/\/epochtimestr.com\/index.php\/atinada-48-saatlik-grev-ile-beraber-catismalar-basladi\">Atina\u2019da 48 Saatlik Grev ile Beraber \u00c7at\u0131\u015fmalar Ba\u015flad\u0131<\/a><\/blockquote><iframe sandbox=\"allow-scripts\" security=\"restricted\" src=\"https:\/\/epochtimestr.com\/index.php\/atinada-48-saatlik-grev-ile-beraber-catismalar-basladi\/embed#?secret=xaMjYUFsQh\" width=\"600\" height=\"338\" title=\"&#8220;Atina\u2019da 48 Saatlik Grev ile Beraber \u00c7at\u0131\u015fmalar Ba\u015flad\u0131&#8221; &#8212; The Epoch Times TR\" data-secret=\"xaMjYUFsQh\" frameborder=\"0\" marginwidth=\"0\" marginheight=\"0\" scrolling=\"no\" class=\"wp-embedded-content\"><\/iframe><script type=\"text\/javascript\">\n\/* <![CDATA[ *\/\n\/*! This file is auto-generated *\/\n!function(d,l){\"use strict\";l.querySelector&&d.addEventListener&&\"undefined\"!=typeof URL&&(d.wp=d.wp||{},d.wp.receiveEmbedMessage||(d.wp.receiveEmbedMessage=function(e){var t=e.data;if((t||t.secret||t.message||t.value)&&!\/[^a-zA-Z0-9]\/.test(t.secret)){for(var s,r,n,a=l.querySelectorAll('iframe[data-secret=\"'+t.secret+'\"]'),o=l.querySelectorAll('blockquote[data-secret=\"'+t.secret+'\"]'),c=new RegExp(\"^https?:$\",\"i\"),i=0;i<o.length;i++)o[i].style.display=\"none\";for(i=0;i<a.length;i++)s=a[i],e.source===s.contentWindow&&(s.removeAttribute(\"style\"),\"height\"===t.message?(1e3<(r=parseInt(t.value,10))?r=1e3:~~r<200&&(r=200),s.height=r):\"link\"===t.message&&(r=new URL(s.getAttribute(\"src\")),n=new URL(t.value),c.test(n.protocol))&&n.host===r.host&&l.activeElement===s&&(d.top.location.href=t.value))}},d.addEventListener(\"message\",d.wp.receiveEmbedMessage,!1),l.addEventListener(\"DOMContentLoaded\",function(){for(var e,t,s=l.querySelectorAll(\"iframe.wp-embedded-content\"),r=0;r<s.length;r++)(t=(e=s[r]).getAttribute(\"data-secret\"))||(t=Math.random().toString(36).substring(2,12),e.src+=\"#?secret=\"+t,e.setAttribute(\"data-secret\",t)),e.contentWindow.postMessage({message:\"ready\",secret:t},\"*\")},!1)))}(window,document);\n\/* ]]> *\/\n<\/script>\n","description":"Yunanistan\u2019da bug\u00fcn kamu ve \u00f6zel sekt\u00f6r \u00e7al\u0131\u015fanlar\u0131 48 saatlik genel greve ba\u015flad\u0131. Grevin nedeni Ba\u015fbakan Yorgo Papandreu&#8217;nun parlamentoyu kemer s\u0131kma \u00f6nlemleri i\u00e7in destek vermeye \u00e7a\u011f\u0131rmas\u0131. Kemer s\u0131kma \u00f6nlemleri olarak, vergilerin artt\u0131r\u0131lmas\u0131, h\u00fck\u00fcmet harcamalar\u0131n\u0131n k\u0131s\u0131lmas\u0131 ve kamu kurulu\u015flar\u0131n\u0131n \u00f6zel sekt\u00f6re sat\u0131lmas\u0131n\u0131 i\u00e7eriyor. Protesto g\u00f6sterileri bug\u00fcn ba\u015fkent Atina\u2019da kalabal\u0131k gruplar halinde ba\u015flad\u0131. Polis ile g\u00f6stericiler aras\u0131nda \u00e7at\u0131\u015fma [&hellip;]","thumbnail_url":"http:\/\/epochtimestr.com\/wp-content\/uploads\/2011y\/yunanistan-%C3%A7at%C4%B1%C5%9Fma.jpg"}