{"version":"1.0","provider_name":"The Epoch Times TR","provider_url":"https:\/\/epochtimestr.com","author_name":"\u00c7.Akdeniz","author_url":"https:\/\/epochtimestr.com\/index.php\/author\/cigdem","title":"Avrupa Genelinde Grev: \u0130ngiltere de Greve Ba\u015flad\u0131 - The Epoch Times TR","type":"rich","width":600,"height":338,"html":"<blockquote class=\"wp-embedded-content\" data-secret=\"rxnvHwlamP\"><a href=\"https:\/\/epochtimestr.com\/index.php\/avrupa-genelinde-grev-ingiltere-de-greve-basladi\">Avrupa Genelinde Grev: \u0130ngiltere de Greve Ba\u015flad\u0131<\/a><\/blockquote><iframe sandbox=\"allow-scripts\" security=\"restricted\" src=\"https:\/\/epochtimestr.com\/index.php\/avrupa-genelinde-grev-ingiltere-de-greve-basladi\/embed#?secret=rxnvHwlamP\" width=\"600\" height=\"338\" title=\"&#8220;Avrupa Genelinde Grev: \u0130ngiltere de Greve Ba\u015flad\u0131&#8221; &#8212; The Epoch Times TR\" data-secret=\"rxnvHwlamP\" frameborder=\"0\" marginwidth=\"0\" marginheight=\"0\" scrolling=\"no\" class=\"wp-embedded-content\"><\/iframe><script type=\"text\/javascript\">\n\/* <![CDATA[ *\/\n\/*! This file is auto-generated *\/\n!function(d,l){\"use strict\";l.querySelector&&d.addEventListener&&\"undefined\"!=typeof URL&&(d.wp=d.wp||{},d.wp.receiveEmbedMessage||(d.wp.receiveEmbedMessage=function(e){var t=e.data;if((t||t.secret||t.message||t.value)&&!\/[^a-zA-Z0-9]\/.test(t.secret)){for(var s,r,n,a=l.querySelectorAll('iframe[data-secret=\"'+t.secret+'\"]'),o=l.querySelectorAll('blockquote[data-secret=\"'+t.secret+'\"]'),c=new RegExp(\"^https?:$\",\"i\"),i=0;i<o.length;i++)o[i].style.display=\"none\";for(i=0;i<a.length;i++)s=a[i],e.source===s.contentWindow&&(s.removeAttribute(\"style\"),\"height\"===t.message?(1e3<(r=parseInt(t.value,10))?r=1e3:~~r<200&&(r=200),s.height=r):\"link\"===t.message&&(r=new URL(s.getAttribute(\"src\")),n=new URL(t.value),c.test(n.protocol))&&n.host===r.host&&l.activeElement===s&&(d.top.location.href=t.value))}},d.addEventListener(\"message\",d.wp.receiveEmbedMessage,!1),l.addEventListener(\"DOMContentLoaded\",function(){for(var e,t,s=l.querySelectorAll(\"iframe.wp-embedded-content\"),r=0;r<s.length;r++)(t=(e=s[r]).getAttribute(\"data-secret\"))||(t=Math.random().toString(36).substring(2,12),e.src+=\"#?secret=\"+t,e.setAttribute(\"data-secret\",t)),e.contentWindow.postMessage({message:\"ready\",secret:t},\"*\")},!1)))}(window,document);\n\/* ]]> *\/\n<\/script>\n","description":"Kemer s\u0131kma paketleri iki g\u00fcnden beri Yunanistan\u2019da bir\u00e7ok zarar verici protesto g\u00f6sterileri ve \u00fclke genelinde t\u00fcm kamu kurulu\u015flar\u0131nda 48 saatlik greve neden oldu. Bug\u00fcn ise benzer bir durum \u0130ngiltere\u2019de ya\u015fan\u0131yor. \u0130ngiltere\u2019de 750 bin kamu sekt\u00f6r\u00fc \u00e7al\u0131\u015fan\u0131 emeklilik ya\u015f\u0131n\u0131n y\u00fckselmesi ve maa\u015f kesintilerini i\u00e7eren yeni \u00f6nlem paketine kar\u015f\u0131 bug\u00fcn greve ba\u015flad\u0131. \u0130ngiltere\u2019nin ba\u015f\u0131nda bulunan gen\u00e7 koalisyon [&hellip;]","thumbnail_url":"http:\/\/www.epochtimestr.com\/wp-content\/uploads\/2011y\/\u0130ngilterede-Grev.jpg"}