{"version":"1.0","provider_name":"The Epoch Times TR","provider_url":"https:\/\/epochtimestr.com","author_name":"Dila \u015eeng\u00fcl","author_url":"https:\/\/epochtimestr.com\/index.php\/author\/dila","title":"Avrupa Parlamentosu\u2019ndan S\u0131n\u0131r Kontrollerinin Uzat\u0131lmas\u0131na Onay - The Epoch Times TR","type":"rich","width":600,"height":338,"html":"<blockquote class=\"wp-embedded-content\" data-secret=\"qPQ7AsaVV3\"><a href=\"https:\/\/epochtimestr.com\/index.php\/avrupa-parlamentosundan-sinir-kontrollerinin-uzatilmasina-onay\">Avrupa Parlamentosu\u2019ndan S\u0131n\u0131r Kontrollerinin Uzat\u0131lmas\u0131na Onay<\/a><\/blockquote><iframe sandbox=\"allow-scripts\" security=\"restricted\" src=\"https:\/\/epochtimestr.com\/index.php\/avrupa-parlamentosundan-sinir-kontrollerinin-uzatilmasina-onay\/embed#?secret=qPQ7AsaVV3\" width=\"600\" height=\"338\" title=\"&#8220;Avrupa Parlamentosu\u2019ndan S\u0131n\u0131r Kontrollerinin Uzat\u0131lmas\u0131na Onay&#8221; &#8212; The Epoch Times TR\" data-secret=\"qPQ7AsaVV3\" frameborder=\"0\" marginwidth=\"0\" marginheight=\"0\" scrolling=\"no\" class=\"wp-embedded-content\"><\/iframe><script type=\"text\/javascript\">\n\/* <![CDATA[ *\/\n\/*! This file is auto-generated *\/\n!function(d,l){\"use strict\";l.querySelector&&d.addEventListener&&\"undefined\"!=typeof URL&&(d.wp=d.wp||{},d.wp.receiveEmbedMessage||(d.wp.receiveEmbedMessage=function(e){var t=e.data;if((t||t.secret||t.message||t.value)&&!\/[^a-zA-Z0-9]\/.test(t.secret)){for(var s,r,n,a=l.querySelectorAll('iframe[data-secret=\"'+t.secret+'\"]'),o=l.querySelectorAll('blockquote[data-secret=\"'+t.secret+'\"]'),c=new RegExp(\"^https?:$\",\"i\"),i=0;i<o.length;i++)o[i].style.display=\"none\";for(i=0;i<a.length;i++)s=a[i],e.source===s.contentWindow&&(s.removeAttribute(\"style\"),\"height\"===t.message?(1e3<(r=parseInt(t.value,10))?r=1e3:~~r<200&&(r=200),s.height=r):\"link\"===t.message&&(r=new URL(s.getAttribute(\"src\")),n=new URL(t.value),c.test(n.protocol))&&n.host===r.host&&l.activeElement===s&&(d.top.location.href=t.value))}},d.addEventListener(\"message\",d.wp.receiveEmbedMessage,!1),l.addEventListener(\"DOMContentLoaded\",function(){for(var e,t,s=l.querySelectorAll(\"iframe.wp-embedded-content\"),r=0;r<s.length;r++)(t=(e=s[r]).getAttribute(\"data-secret\"))||(t=Math.random().toString(36).substring(2,12),e.src+=\"#?secret=\"+t,e.setAttribute(\"data-secret\",t)),e.contentWindow.postMessage({message:\"ready\",secret:t},\"*\")},!1)))}(window,document);\n\/* ]]> *\/\n<\/script>\n","thumbnail_url":"https:\/\/epochtimestr.com\/wp-content\/uploads\/2011y\/1695397-1.jpg","thumbnail_width":664,"thumbnail_height":354,"description":"Avusturya, Almanya, Danimarka, \u0130sve\u00e7 ve Norve\u00e7 i\u00e7 s\u0131n\u0131r kontrollerini 3 ay daha uzatma karar\u0131 ald\u0131. Baz\u0131 AB \u00fcye \u00fclkelerinin protestolar\u0131na ra\u011fmen i\u00e7 s\u0131n\u0131r kontrollerinin May\u0131s ay\u0131 ortalar\u0131nda kadar uzat\u0131lmas\u0131 Avrupa Birli\u011fi Bakanlar\u0131 taraf\u0131ndan onayland\u0131. Yunanistan, Macaristan, Slovenya ve Slovakya s\u0131n\u0131r kontrollerin uzat\u0131lmas\u0131 y\u00f6nelik olumlu oy kullan\u0131rken, Bulgaristan, K\u0131br\u0131s ve Polonya bu konuda hi\u00e7bir pozisyon almak [&hellip;]"}