{"version":"1.0","provider_name":"The Epoch Times TR","provider_url":"https:\/\/epochtimestr.com","author_name":"S. \u00d6zcan","author_url":"https:\/\/epochtimestr.com\/index.php\/author\/n-kaya","title":"Aziz Y\u0131ld\u0131r\u0131m Tekrar Hakim Kar\u015f\u0131s\u0131na \u00c7\u0131kacak - The Epoch Times TR","type":"rich","width":600,"height":338,"html":"<blockquote class=\"wp-embedded-content\" data-secret=\"5Abx94ThvH\"><a href=\"https:\/\/epochtimestr.com\/index.php\/aziz-yildirim-tekrar-hakim-karsisina-cikacak\">Aziz Y\u0131ld\u0131r\u0131m Tekrar Hakim Kar\u015f\u0131s\u0131na \u00c7\u0131kacak<\/a><\/blockquote><iframe sandbox=\"allow-scripts\" security=\"restricted\" src=\"https:\/\/epochtimestr.com\/index.php\/aziz-yildirim-tekrar-hakim-karsisina-cikacak\/embed#?secret=5Abx94ThvH\" width=\"600\" height=\"338\" title=\"&#8220;Aziz Y\u0131ld\u0131r\u0131m Tekrar Hakim Kar\u015f\u0131s\u0131na \u00c7\u0131kacak&#8221; &#8212; The Epoch Times TR\" data-secret=\"5Abx94ThvH\" frameborder=\"0\" marginwidth=\"0\" marginheight=\"0\" scrolling=\"no\" class=\"wp-embedded-content\"><\/iframe><script type=\"text\/javascript\">\n\/* <![CDATA[ *\/\n\/*! This file is auto-generated *\/\n!function(d,l){\"use strict\";l.querySelector&&d.addEventListener&&\"undefined\"!=typeof URL&&(d.wp=d.wp||{},d.wp.receiveEmbedMessage||(d.wp.receiveEmbedMessage=function(e){var t=e.data;if((t||t.secret||t.message||t.value)&&!\/[^a-zA-Z0-9]\/.test(t.secret)){for(var s,r,n,a=l.querySelectorAll('iframe[data-secret=\"'+t.secret+'\"]'),o=l.querySelectorAll('blockquote[data-secret=\"'+t.secret+'\"]'),c=new RegExp(\"^https?:$\",\"i\"),i=0;i<o.length;i++)o[i].style.display=\"none\";for(i=0;i<a.length;i++)s=a[i],e.source===s.contentWindow&&(s.removeAttribute(\"style\"),\"height\"===t.message?(1e3<(r=parseInt(t.value,10))?r=1e3:~~r<200&&(r=200),s.height=r):\"link\"===t.message&&(r=new URL(s.getAttribute(\"src\")),n=new URL(t.value),c.test(n.protocol))&&n.host===r.host&&l.activeElement===s&&(d.top.location.href=t.value))}},d.addEventListener(\"message\",d.wp.receiveEmbedMessage,!1),l.addEventListener(\"DOMContentLoaded\",function(){for(var e,t,s=l.querySelectorAll(\"iframe.wp-embedded-content\"),r=0;r<s.length;r++)(t=(e=s[r]).getAttribute(\"data-secret\"))||(t=Math.random().toString(36).substring(2,12),e.src+=\"#?secret=\"+t,e.setAttribute(\"data-secret\",t)),e.contentWindow.postMessage({message:\"ready\",secret:t},\"*\")},!1)))}(window,document);\n\/* ]]> *\/\n<\/script>\n","thumbnail_url":"https:\/\/epochtimestr.com\/wp-content\/uploads\/2011y\/sike-davasi-yeniden-basliyor-577755-664x354.jpg","thumbnail_width":500,"thumbnail_height":266,"description":"Fenerbah\u00e7e Spor Kul\u00fcb\u00fc Ba\u015fkan\u0131 Aziz Y\u0131ld\u0131r\u0131m\u2019\u0131n da aralar\u0131nda bulundu\u011fu 6 san\u0131k yar\u0131n hakim kar\u015f\u0131s\u0131na \u00e7\u0131kacak. Mahkeme, yar\u0131n g\u00f6r\u00fclecek davada Yarg\u0131tay\u2019\u0131n haklar\u0131nda verilen h\u00fckm\u00fc bozdu\u011fu 31 san\u0131\u011f\u0131n yarg\u0131land\u0131\u011f\u0131 dava dosyas\u0131 ile Aziz Y\u0131ld\u0131r\u0131m\u2019\u0131n yeniden yarg\u0131lanaca\u011f\u0131 dosyan\u0131n birle\u015ftirilme talebini karara ba\u011flayacak. Futbolda \u015fike iddialar\u0131na ili\u015fkin davada &#8220;\u015fike yapmak ve \u00f6rg\u00fct kurmak su\u00e7undan ald\u0131\u011f\u0131 6 y\u0131l 3 ayl\u0131k [&hellip;]"}