{"version":"1.0","provider_name":"The Epoch Times TR","provider_url":"https:\/\/epochtimestr.com","author_name":"Emel AKAN","author_url":"https:\/\/epochtimestr.com\/index.php\/author\/emel","title":"Ba\u011f-Kur\u2019luya Yarg\u0131tay\u2019dan Emsal Karar - The Epoch Times TR","type":"rich","width":600,"height":338,"html":"<blockquote class=\"wp-embedded-content\" data-secret=\"7EuzQH0uj6\"><a href=\"https:\/\/epochtimestr.com\/index.php\/bag-kurluya-yargitaydan-emsal-karar\">Ba\u011f-Kur\u2019luya Yarg\u0131tay\u2019dan Emsal Karar<\/a><\/blockquote><iframe sandbox=\"allow-scripts\" security=\"restricted\" src=\"https:\/\/epochtimestr.com\/index.php\/bag-kurluya-yargitaydan-emsal-karar\/embed#?secret=7EuzQH0uj6\" width=\"600\" height=\"338\" title=\"&#8220;Ba\u011f-Kur\u2019luya Yarg\u0131tay\u2019dan Emsal Karar&#8221; &#8212; The Epoch Times TR\" data-secret=\"7EuzQH0uj6\" frameborder=\"0\" marginwidth=\"0\" marginheight=\"0\" scrolling=\"no\" class=\"wp-embedded-content\"><\/iframe><script type=\"text\/javascript\">\n\/* <![CDATA[ *\/\n\/*! This file is auto-generated *\/\n!function(d,l){\"use strict\";l.querySelector&&d.addEventListener&&\"undefined\"!=typeof URL&&(d.wp=d.wp||{},d.wp.receiveEmbedMessage||(d.wp.receiveEmbedMessage=function(e){var t=e.data;if((t||t.secret||t.message||t.value)&&!\/[^a-zA-Z0-9]\/.test(t.secret)){for(var s,r,n,a=l.querySelectorAll('iframe[data-secret=\"'+t.secret+'\"]'),o=l.querySelectorAll('blockquote[data-secret=\"'+t.secret+'\"]'),c=new RegExp(\"^https?:$\",\"i\"),i=0;i<o.length;i++)o[i].style.display=\"none\";for(i=0;i<a.length;i++)s=a[i],e.source===s.contentWindow&&(s.removeAttribute(\"style\"),\"height\"===t.message?(1e3<(r=parseInt(t.value,10))?r=1e3:~~r<200&&(r=200),s.height=r):\"link\"===t.message&&(r=new URL(s.getAttribute(\"src\")),n=new URL(t.value),c.test(n.protocol))&&n.host===r.host&&l.activeElement===s&&(d.top.location.href=t.value))}},d.addEventListener(\"message\",d.wp.receiveEmbedMessage,!1),l.addEventListener(\"DOMContentLoaded\",function(){for(var e,t,s=l.querySelectorAll(\"iframe.wp-embedded-content\"),r=0;r<s.length;r++)(t=(e=s[r]).getAttribute(\"data-secret\"))||(t=Math.random().toString(36).substring(2,12),e.src+=\"#?secret=\"+t,e.setAttribute(\"data-secret\",t)),e.contentWindow.postMessage({message:\"ready\",secret:t},\"*\")},!1)))}(window,document);\n\/* ]]> *\/\n<\/script>\n","thumbnail_url":"https:\/\/epochtimestr.com\/wp-content\/uploads\/2011y\/bag-kurluya-mujde-836565-664x354.jpg","thumbnail_width":500,"thumbnail_height":266,"description":"Binlerce Ba\u011f-Kur&#8217;lunun, ge\u00e7mi\u015fte \u00e7\u0131kar\u0131lan ve k\u0131sa m\u00fcracaat s\u00fcreleri nedeniyle ka\u00e7\u0131rd\u0131klar\u0131 sigortal\u0131l\u0131k hakk\u0131n\u0131n tekrar kendilerine verilmesiyle ilgili emsal bir karar Yarg\u0131tay\u2019dan geldi. Konu ile ilgili a\u00e7\u0131klama yapan MESOB (Mardin Esnaf ve Sanatkarlar Odalar\u0131 Birli\u011fi) Ba\u015fkan\u0131 Do\u011fan Gazan, bir hukuk devletinde usuls\u00fczl\u00fc\u011fe prim veren, imkan tan\u0131yan bir d\u00fczenlemenin kabul\u00fcn\u00fcn m\u00fcmk\u00fcn olmad\u0131\u011f\u0131n\u0131 s\u00f6yledi. Sosyal g\u00fcvenlik hakk\u0131n\u0131n temel insan [&hellip;]"}