{"version":"1.0","provider_name":"The Epoch Times TR","provider_url":"https:\/\/epochtimestr.com","author_name":"G.Hakan Ko\u00e7man","author_url":"https:\/\/epochtimestr.com\/index.php\/author\/hakan","title":"Ba\u011f\u0131\u015f\u2019a Z\u00fcrih\u2019te \u00f6n soru\u015fturma  - The Epoch Times TR","type":"rich","width":600,"height":338,"html":"<blockquote class=\"wp-embedded-content\" data-secret=\"qqnQvwjTDw\"><a href=\"https:\/\/epochtimestr.com\/index.php\/bagisa-zurihte-on-sorusturma\">Ba\u011f\u0131\u015f\u2019a Z\u00fcrih\u2019te \u00f6n soru\u015fturma<\/a><\/blockquote><iframe sandbox=\"allow-scripts\" security=\"restricted\" src=\"https:\/\/epochtimestr.com\/index.php\/bagisa-zurihte-on-sorusturma\/embed#?secret=qqnQvwjTDw\" width=\"600\" height=\"338\" title=\"&#8220;Ba\u011f\u0131\u015f\u2019a Z\u00fcrih\u2019te \u00f6n soru\u015fturma&#8221; &#8212; The Epoch Times TR\" data-secret=\"qqnQvwjTDw\" frameborder=\"0\" marginwidth=\"0\" marginheight=\"0\" scrolling=\"no\" class=\"wp-embedded-content\"><\/iframe><script type=\"text\/javascript\">\n\/* <![CDATA[ *\/\n\/*! This file is auto-generated *\/\n!function(d,l){\"use strict\";l.querySelector&&d.addEventListener&&\"undefined\"!=typeof URL&&(d.wp=d.wp||{},d.wp.receiveEmbedMessage||(d.wp.receiveEmbedMessage=function(e){var t=e.data;if((t||t.secret||t.message||t.value)&&!\/[^a-zA-Z0-9]\/.test(t.secret)){for(var s,r,n,a=l.querySelectorAll('iframe[data-secret=\"'+t.secret+'\"]'),o=l.querySelectorAll('blockquote[data-secret=\"'+t.secret+'\"]'),c=new RegExp(\"^https?:$\",\"i\"),i=0;i<o.length;i++)o[i].style.display=\"none\";for(i=0;i<a.length;i++)s=a[i],e.source===s.contentWindow&&(s.removeAttribute(\"style\"),\"height\"===t.message?(1e3<(r=parseInt(t.value,10))?r=1e3:~~r<200&&(r=200),s.height=r):\"link\"===t.message&&(r=new URL(s.getAttribute(\"src\")),n=new URL(t.value),c.test(n.protocol))&&n.host===r.host&&l.activeElement===s&&(d.top.location.href=t.value))}},d.addEventListener(\"message\",d.wp.receiveEmbedMessage,!1),l.addEventListener(\"DOMContentLoaded\",function(){for(var e,t,s=l.querySelectorAll(\"iframe.wp-embedded-content\"),r=0;r<s.length;r++)(t=(e=s[r]).getAttribute(\"data-secret\"))||(t=Math.random().toString(36).substring(2,12),e.src+=\"#?secret=\"+t,e.setAttribute(\"data-secret\",t)),e.contentWindow.postMessage({message:\"ready\",secret:t},\"*\")},!1)))}(window,document);\n\/* ]]> *\/\n<\/script>\n","thumbnail_url":"https:\/\/epochtimestr.com\/wp-content\/uploads\/2011y\/\u00df.jpg","thumbnail_width":400,"thumbnail_height":293,"description":"AB Bakan\u0131 ve Ba\u015fm\u00fczakereci Egemen Ba\u011f\u0131\u015f, \u0130svi\u00e7re\u2019nin Davos kasabas\u0131nda d\u00fczenlenen D\u00fcnya Ekonomik Forumu y\u0131ll\u0131k toplant\u0131s\u0131na kat\u0131l\u0131m\u0131n\u0131n ard\u0131ndan 28 Ocak\u2019ta Sezen Aksu\u2019nun konserini izlemek i\u00e7in ge\u00e7mekte oldu\u011fu Z\u00fcrih kentinde\u00a0kendisine Fransa\u2019daki 1915 olaylar\u0131na ili\u015fkin Ermeni iddialar\u0131n\u0131n reddini su\u00e7 sayan yasa teklifiyle ilgili sorulan bir soru \u00fczerine \u201c\u0130svi\u00e7re de bildi\u011fimiz kadar\u0131yla s\u00f6zde soyk\u0131r\u0131m\u0131 reddetmenin su\u00e7 oldu\u011fu bir \u00fclke. [&hellip;]"}