{"version":"1.0","provider_name":"The Epoch Times TR","provider_url":"https:\/\/epochtimestr.com","author_name":"\u00c7.Akdeniz","author_url":"https:\/\/epochtimestr.com\/index.php\/author\/cigdem","title":"Bakan Ayd\u0131n, G\u00fcney Kore'de T\u00fcrk Okulunu Ziyaret Etti    - The Epoch Times TR","type":"rich","width":600,"height":338,"html":"<blockquote class=\"wp-embedded-content\" data-secret=\"7CyiCrz0Ju\"><a href=\"https:\/\/epochtimestr.com\/index.php\/bakan-aydin-guney-korede-turk-okulunu-ziyaret-etti\">Bakan Ayd\u0131n, G\u00fcney Kore&#8217;de T\u00fcrk Okulunu Ziyaret Etti<\/a><\/blockquote><iframe sandbox=\"allow-scripts\" security=\"restricted\" src=\"https:\/\/epochtimestr.com\/index.php\/bakan-aydin-guney-korede-turk-okulunu-ziyaret-etti\/embed#?secret=7CyiCrz0Ju\" width=\"600\" height=\"338\" title=\"&#8220;Bakan Ayd\u0131n, G\u00fcney Kore&#8217;de T\u00fcrk Okulunu Ziyaret Etti&#8221; &#8212; The Epoch Times TR\" data-secret=\"7CyiCrz0Ju\" frameborder=\"0\" marginwidth=\"0\" marginheight=\"0\" scrolling=\"no\" class=\"wp-embedded-content\"><\/iframe><script type=\"text\/javascript\">\n\/* <![CDATA[ *\/\n\/*! This file is auto-generated *\/\n!function(d,l){\"use strict\";l.querySelector&&d.addEventListener&&\"undefined\"!=typeof URL&&(d.wp=d.wp||{},d.wp.receiveEmbedMessage||(d.wp.receiveEmbedMessage=function(e){var t=e.data;if((t||t.secret||t.message||t.value)&&!\/[^a-zA-Z0-9]\/.test(t.secret)){for(var s,r,n,a=l.querySelectorAll('iframe[data-secret=\"'+t.secret+'\"]'),o=l.querySelectorAll('blockquote[data-secret=\"'+t.secret+'\"]'),c=new RegExp(\"^https?:$\",\"i\"),i=0;i<o.length;i++)o[i].style.display=\"none\";for(i=0;i<a.length;i++)s=a[i],e.source===s.contentWindow&&(s.removeAttribute(\"style\"),\"height\"===t.message?(1e3<(r=parseInt(t.value,10))?r=1e3:~~r<200&&(r=200),s.height=r):\"link\"===t.message&&(r=new URL(s.getAttribute(\"src\")),n=new URL(t.value),c.test(n.protocol))&&n.host===r.host&&l.activeElement===s&&(d.top.location.href=t.value))}},d.addEventListener(\"message\",d.wp.receiveEmbedMessage,!1),l.addEventListener(\"DOMContentLoaded\",function(){for(var e,t,s=l.querySelectorAll(\"iframe.wp-embedded-content\"),r=0;r<s.length;r++)(t=(e=s[r]).getAttribute(\"data-secret\"))||(t=Math.random().toString(36).substring(2,12),e.src+=\"#?secret=\"+t,e.setAttribute(\"data-secret\",t)),e.contentWindow.postMessage({message:\"ready\",secret:t},\"*\")},!1)))}(window,document);\n\/* ]]> *\/\n<\/script>\n","description":"SEUL&#8211; Devlet Bakan\u0131 Mehmet Ayd\u0131n, G\u00fcney Kore&#8217;nin ba\u015fkenti Seul&#8217;de T\u00fcrk giri\u015fimciler taraf\u0131ndan a\u00e7\u0131lan Rainbow Uluslararas\u0131 Okulu&#8217;nu ziyaret etti. Ba\u015fbakan Recep Tayyip Erdo\u011fan&#8217;\u0131n T\u00fcrkiye&#8217;yi temsil etti\u011fi ve sanayile\u015fmi\u015f ve geli\u015fmekte olan 20 \u00fclkenin liderlerinin bir araya geldi\u011fi G-20 zirvesi \u00e7er\u00e7evesinde Seul&#8217;e gelen Bakan Ayd\u0131n, okuldaki e\u011fitim faaliyetlerini yerinde g\u00f6rd\u00fc. Seul&#8217;de 2006 y\u0131l\u0131nda e\u011fitim faaliyetlerine ba\u015flayan okulun, [&hellip;]","thumbnail_url":"http:\/\/www.epochtimestr.com\/wp-content\/uploads\/2010\/kasim\/1539501_p-300x225.jpg"}