{"version":"1.0","provider_name":"The Epoch Times TR","provider_url":"https:\/\/epochtimestr.com","author_name":"Haber Merkezi","author_url":"https:\/\/epochtimestr.com\/index.php\/author\/sendag","title":"Bakan \u00c7elik: 'Avusturya Yak\u0131n Tarihten Ders Almal\u0131d\u0131r' - The Epoch Times TR","type":"rich","width":600,"height":338,"html":"<blockquote class=\"wp-embedded-content\" data-secret=\"5d2I95INNR\"><a href=\"https:\/\/epochtimestr.com\/index.php\/bakan-celik-avusturya-yakin-tarihten-ders-almalidir\">Bakan \u00c7elik: &#8216;Avusturya Yak\u0131n Tarihten Ders Almal\u0131d\u0131r&#8217;<\/a><\/blockquote><iframe sandbox=\"allow-scripts\" security=\"restricted\" src=\"https:\/\/epochtimestr.com\/index.php\/bakan-celik-avusturya-yakin-tarihten-ders-almalidir\/embed#?secret=5d2I95INNR\" width=\"600\" height=\"338\" title=\"&#8220;Bakan \u00c7elik: &#8216;Avusturya Yak\u0131n Tarihten Ders Almal\u0131d\u0131r&#8217;&#8221; &#8212; The Epoch Times TR\" data-secret=\"5d2I95INNR\" frameborder=\"0\" marginwidth=\"0\" marginheight=\"0\" scrolling=\"no\" class=\"wp-embedded-content\"><\/iframe><script type=\"text\/javascript\">\n\/* <![CDATA[ *\/\n\/*! This file is auto-generated *\/\n!function(d,l){\"use strict\";l.querySelector&&d.addEventListener&&\"undefined\"!=typeof URL&&(d.wp=d.wp||{},d.wp.receiveEmbedMessage||(d.wp.receiveEmbedMessage=function(e){var t=e.data;if((t||t.secret||t.message||t.value)&&!\/[^a-zA-Z0-9]\/.test(t.secret)){for(var s,r,n,a=l.querySelectorAll('iframe[data-secret=\"'+t.secret+'\"]'),o=l.querySelectorAll('blockquote[data-secret=\"'+t.secret+'\"]'),c=new RegExp(\"^https?:$\",\"i\"),i=0;i<o.length;i++)o[i].style.display=\"none\";for(i=0;i<a.length;i++)s=a[i],e.source===s.contentWindow&&(s.removeAttribute(\"style\"),\"height\"===t.message?(1e3<(r=parseInt(t.value,10))?r=1e3:~~r<200&&(r=200),s.height=r):\"link\"===t.message&&(r=new URL(s.getAttribute(\"src\")),n=new URL(t.value),c.test(n.protocol))&&n.host===r.host&&l.activeElement===s&&(d.top.location.href=t.value))}},d.addEventListener(\"message\",d.wp.receiveEmbedMessage,!1),l.addEventListener(\"DOMContentLoaded\",function(){for(var e,t,s=l.querySelectorAll(\"iframe.wp-embedded-content\"),r=0;r<s.length;r++)(t=(e=s[r]).getAttribute(\"data-secret\"))||(t=Math.random().toString(36).substring(2,12),e.src+=\"#?secret=\"+t,e.setAttribute(\"data-secret\",t)),e.contentWindow.postMessage({message:\"ready\",secret:t},\"*\")},!1)))}(window,document);\n\/* ]]> *\/\n<\/script>\n","thumbnail_url":"https:\/\/epochtimestr.com\/wp-content\/uploads\/2011y\/\u00f6mer-\u00e7elik-2.jpg","thumbnail_width":664,"thumbnail_height":354,"description":"Avrupa Birli\u011fi Bakan\u0131 ve Ba\u015fm\u00fczakereci \u00d6mer \u00c7elik, \u201cAvusturya yak\u0131n tarihten ders almal\u0131d\u0131r. T\u00fcrkiye ile m\u00fczakereleri kesmek i\u00e7in m\u00fcttefik aramak yerine T\u00fcrkiye ile \u00e7ok g\u00fc\u00e7l\u00fc ili\u015fkiler kurmak i\u00e7in m\u00fcttefikler aramal\u0131d\u0131r\u201d dedi. AB Bakan\u0131 \u00d6mer \u00c7elik\u2019ten Avusturya koalisyon h\u00fck\u00fcmet program\u0131na T\u00fcrkiye ile m\u00fczakerelerin kesilmesi ve bunun i\u00e7in m\u00fcttefik arayaca\u011f\u0131 ifadelerinin konulmas\u0131na tepki geldi. Bakan \u00c7elik, Twitter hesab\u0131ndan [&hellip;]"}