{"version":"1.0","provider_name":"The Epoch Times TR","provider_url":"https:\/\/epochtimestr.com","author_name":"Dila \u015eeng\u00fcl","author_url":"https:\/\/epochtimestr.com\/index.php\/author\/dila","title":"Bakan Soylu: \"T\u00fcrkiye Ter\u00f6r Belas\u0131ndan Kurtulman\u0131n Arifesinde\u201d - The Epoch Times TR","type":"rich","width":600,"height":338,"html":"<blockquote class=\"wp-embedded-content\" data-secret=\"JTyprqnY9q\"><a href=\"https:\/\/epochtimestr.com\/index.php\/bakan-soylu-turkiye-teror-belasindan-kurtulmanin-arifesinde\">Bakan Soylu: &#8220;T\u00fcrkiye Ter\u00f6r Belas\u0131ndan Kurtulman\u0131n Arifesinde\u201d<\/a><\/blockquote><iframe sandbox=\"allow-scripts\" security=\"restricted\" src=\"https:\/\/epochtimestr.com\/index.php\/bakan-soylu-turkiye-teror-belasindan-kurtulmanin-arifesinde\/embed#?secret=JTyprqnY9q\" width=\"600\" height=\"338\" title=\"&#8220;Bakan Soylu: &#8220;T\u00fcrkiye Ter\u00f6r Belas\u0131ndan Kurtulman\u0131n Arifesinde\u201d&#8221; &#8212; The Epoch Times TR\" data-secret=\"JTyprqnY9q\" frameborder=\"0\" marginwidth=\"0\" marginheight=\"0\" scrolling=\"no\" class=\"wp-embedded-content\"><\/iframe><script type=\"text\/javascript\">\n\/* <![CDATA[ *\/\n\/*! This file is auto-generated *\/\n!function(d,l){\"use strict\";l.querySelector&&d.addEventListener&&\"undefined\"!=typeof URL&&(d.wp=d.wp||{},d.wp.receiveEmbedMessage||(d.wp.receiveEmbedMessage=function(e){var t=e.data;if((t||t.secret||t.message||t.value)&&!\/[^a-zA-Z0-9]\/.test(t.secret)){for(var s,r,n,a=l.querySelectorAll('iframe[data-secret=\"'+t.secret+'\"]'),o=l.querySelectorAll('blockquote[data-secret=\"'+t.secret+'\"]'),c=new RegExp(\"^https?:$\",\"i\"),i=0;i<o.length;i++)o[i].style.display=\"none\";for(i=0;i<a.length;i++)s=a[i],e.source===s.contentWindow&&(s.removeAttribute(\"style\"),\"height\"===t.message?(1e3<(r=parseInt(t.value,10))?r=1e3:~~r<200&&(r=200),s.height=r):\"link\"===t.message&&(r=new URL(s.getAttribute(\"src\")),n=new URL(t.value),c.test(n.protocol))&&n.host===r.host&&l.activeElement===s&&(d.top.location.href=t.value))}},d.addEventListener(\"message\",d.wp.receiveEmbedMessage,!1),l.addEventListener(\"DOMContentLoaded\",function(){for(var e,t,s=l.querySelectorAll(\"iframe.wp-embedded-content\"),r=0;r<s.length;r++)(t=(e=s[r]).getAttribute(\"data-secret\"))||(t=Math.random().toString(36).substring(2,12),e.src+=\"#?secret=\"+t,e.setAttribute(\"data-secret\",t)),e.contentWindow.postMessage({message:\"ready\",secret:t},\"*\")},!1)))}(window,document);\n\/* ]]> *\/\n<\/script>\n","thumbnail_url":"https:\/\/epochtimestr.com\/wp-content\/uploads\/2011y\/1981825.jpg","thumbnail_width":664,"thumbnail_height":354,"description":"\u0130\u00e7i\u015fleri Bakan\u0131 S\u00fcleyman Soylu, ter\u00f6rle m\u00fccadele hi\u00e7 olmad\u0131\u011f\u0131 kadar kararl\u0131 olan T\u00fcrkiye\u2019nin ter\u00f6r belas\u0131ndan kurtulman\u0131n arifesinde oldu\u011funu belirtti. \u0130\u00e7i\u015fleri Bakan\u0131 S\u00fcleyman Soylu, Diyarbak\u0131r \u0130l Jandarma Komutanl\u0131\u011f\u0131n\u0131n, bin 771 g\u00fcvenlik korucusu i\u00e7in d\u00fczenledi\u011fi yemin t\u00f6renine kat\u0131ld\u0131. T\u00f6rende konu\u015fan Soylu, T\u00fcrkiye\u2019nin uzun y\u0131llard\u0131r ter\u00f6r belas\u0131yla me\u015fgul edildi\u011fini ifade ederek, \u201cKendini etnik k\u00f6ken \u00fczerinden T\u00fcrk-K\u00fcrt ayr\u0131m\u0131 \u00fczerinden tarif [&hellip;]"}