{"version":"1.0","provider_name":"The Epoch Times TR","provider_url":"https:\/\/epochtimestr.com","author_name":"Emel AKAN","author_url":"https:\/\/epochtimestr.com\/index.php\/author\/emel","title":"Bakkala Gidiyorum Diyen \u00c7ocuk I\u015e\u0130D\u2019e Kat\u0131ld\u0131 - The Epoch Times TR","type":"rich","width":600,"height":338,"html":"<blockquote class=\"wp-embedded-content\" data-secret=\"rp8hohQDeB\"><a href=\"https:\/\/epochtimestr.com\/index.php\/bakkala-gidiyorum-diyen-cocuk-iside-katildi\">Bakkala Gidiyorum Diyen \u00c7ocuk I\u015e\u0130D\u2019e Kat\u0131ld\u0131<\/a><\/blockquote><iframe sandbox=\"allow-scripts\" security=\"restricted\" src=\"https:\/\/epochtimestr.com\/index.php\/bakkala-gidiyorum-diyen-cocuk-iside-katildi\/embed#?secret=rp8hohQDeB\" width=\"600\" height=\"338\" title=\"&#8220;Bakkala Gidiyorum Diyen \u00c7ocuk I\u015e\u0130D\u2019e Kat\u0131ld\u0131&#8221; &#8212; The Epoch Times TR\" data-secret=\"rp8hohQDeB\" frameborder=\"0\" marginwidth=\"0\" marginheight=\"0\" scrolling=\"no\" class=\"wp-embedded-content\"><\/iframe><script type=\"text\/javascript\">\n\/* <![CDATA[ *\/\n\/*! This file is auto-generated *\/\n!function(d,l){\"use strict\";l.querySelector&&d.addEventListener&&\"undefined\"!=typeof URL&&(d.wp=d.wp||{},d.wp.receiveEmbedMessage||(d.wp.receiveEmbedMessage=function(e){var t=e.data;if((t||t.secret||t.message||t.value)&&!\/[^a-zA-Z0-9]\/.test(t.secret)){for(var s,r,n,a=l.querySelectorAll('iframe[data-secret=\"'+t.secret+'\"]'),o=l.querySelectorAll('blockquote[data-secret=\"'+t.secret+'\"]'),c=new RegExp(\"^https?:$\",\"i\"),i=0;i<o.length;i++)o[i].style.display=\"none\";for(i=0;i<a.length;i++)s=a[i],e.source===s.contentWindow&&(s.removeAttribute(\"style\"),\"height\"===t.message?(1e3<(r=parseInt(t.value,10))?r=1e3:~~r<200&&(r=200),s.height=r):\"link\"===t.message&&(r=new URL(s.getAttribute(\"src\")),n=new URL(t.value),c.test(n.protocol))&&n.host===r.host&&l.activeElement===s&&(d.top.location.href=t.value))}},d.addEventListener(\"message\",d.wp.receiveEmbedMessage,!1),l.addEventListener(\"DOMContentLoaded\",function(){for(var e,t,s=l.querySelectorAll(\"iframe.wp-embedded-content\"),r=0;r<s.length;r++)(t=(e=s[r]).getAttribute(\"data-secret\"))||(t=Math.random().toString(36).substring(2,12),e.src+=\"#?secret=\"+t,e.setAttribute(\"data-secret\",t)),e.contentWindow.postMessage({message:\"ready\",secret:t},\"*\")},!1)))}(window,document);\n\/* ]]> *\/\n<\/script>\n","thumbnail_url":"https:\/\/epochtimestr.com\/wp-content\/uploads\/2011y\/755130.jpg","thumbnail_width":500,"thumbnail_height":266,"description":"Bah\u00e7elievler\u2019de ya\u015fayan lise 1. s\u0131n\u0131f \u00f6\u011frencisi Yusuf G\u00fcney, 16 Aral\u0131k&#8217;ta evden ka\u00e7t\u0131. Okuldan geldikten sonra &#8216;bakkala \u00e7\u0131k\u0131yorum&#8217; diyerek evden ayr\u0131lan ve bir daha d\u00f6nmeyen Yusuf G\u00fcney\u2019in ailesi, \u00e7ocuklar\u0131n\u0131n hayat\u0131ndan endi\u015fe ediyor. G\u00fcnlerdir \u00e7almad\u0131k kap\u0131 b\u0131rakmayan anne ve baba, sokak sokak gezerek \u00e7ocuklar\u0131n\u0131 ar\u0131yor. Aile, \u00e7ocuklar\u0131n\u0131n sosyal medya \u00fczerinden g\u00f6r\u00fc\u015ft\u00fc\u011f\u00fc ki\u015filerin y\u00f6nlendirmesiyle ter\u00f6r \u00f6rg\u00fct\u00fc I\u015e\u0130D\u2019e kat\u0131larak [&hellip;]"}