{"version":"1.0","provider_name":"The Epoch Times TR","provider_url":"https:\/\/epochtimestr.com","author_name":"Haber Merkezi","author_url":"https:\/\/epochtimestr.com\/index.php\/author\/sendag","title":"Balkanlar'dan Beklenen So\u011fuk Geldi - The Epoch Times TR","type":"rich","width":600,"height":338,"html":"<blockquote class=\"wp-embedded-content\" data-secret=\"LSwh96JUPz\"><a href=\"https:\/\/epochtimestr.com\/index.php\/balkanlardan-beklenen-soguk-geldi\">Balkanlar&#8217;dan Beklenen So\u011fuk Geldi<\/a><\/blockquote><iframe sandbox=\"allow-scripts\" security=\"restricted\" src=\"https:\/\/epochtimestr.com\/index.php\/balkanlardan-beklenen-soguk-geldi\/embed#?secret=LSwh96JUPz\" width=\"600\" height=\"338\" title=\"&#8220;Balkanlar&#8217;dan Beklenen So\u011fuk Geldi&#8221; &#8212; The Epoch Times TR\" data-secret=\"LSwh96JUPz\" frameborder=\"0\" marginwidth=\"0\" marginheight=\"0\" scrolling=\"no\" class=\"wp-embedded-content\"><\/iframe><script type=\"text\/javascript\">\n\/* <![CDATA[ *\/\n\/*! This file is auto-generated *\/\n!function(d,l){\"use strict\";l.querySelector&&d.addEventListener&&\"undefined\"!=typeof URL&&(d.wp=d.wp||{},d.wp.receiveEmbedMessage||(d.wp.receiveEmbedMessage=function(e){var t=e.data;if((t||t.secret||t.message||t.value)&&!\/[^a-zA-Z0-9]\/.test(t.secret)){for(var s,r,n,a=l.querySelectorAll('iframe[data-secret=\"'+t.secret+'\"]'),o=l.querySelectorAll('blockquote[data-secret=\"'+t.secret+'\"]'),c=new RegExp(\"^https?:$\",\"i\"),i=0;i<o.length;i++)o[i].style.display=\"none\";for(i=0;i<a.length;i++)s=a[i],e.source===s.contentWindow&&(s.removeAttribute(\"style\"),\"height\"===t.message?(1e3<(r=parseInt(t.value,10))?r=1e3:~~r<200&&(r=200),s.height=r):\"link\"===t.message&&(r=new URL(s.getAttribute(\"src\")),n=new URL(t.value),c.test(n.protocol))&&n.host===r.host&&l.activeElement===s&&(d.top.location.href=t.value))}},d.addEventListener(\"message\",d.wp.receiveEmbedMessage,!1),l.addEventListener(\"DOMContentLoaded\",function(){for(var e,t,s=l.querySelectorAll(\"iframe.wp-embedded-content\"),r=0;r<s.length;r++)(t=(e=s[r]).getAttribute(\"data-secret\"))||(t=Math.random().toString(36).substring(2,12),e.src+=\"#?secret=\"+t,e.setAttribute(\"data-secret\",t)),e.contentWindow.postMessage({message:\"ready\",secret:t},\"*\")},!1)))}(window,document);\n\/* ]]> *\/\n<\/script>\n","thumbnail_url":"https:\/\/epochtimestr.com\/wp-content\/uploads\/2011y\/\u0130stanbul-kar.png","thumbnail_width":1366,"thumbnail_height":704,"description":"\u00dclke genelinde ba\u015flayan so\u011fuk hava ile birlikte yar\u0131n kar ya\u011f\u0131\u015f\u0131 bekleniyor. Bir s\u00fcredir yurdun b\u00fcy\u00fck b\u00f6l\u00fcm\u00fcnde mevsim normalleri \u00fcst\u00fcnde seyreden s\u0131cakl\u0131klar hissedilir derecede d\u00fc\u015ft\u00fc.\u00a0 Edirne&#8217;de hava s\u0131cakl\u0131\u011f\u0131n\u0131n s\u0131f\u0131r\u0131n alt\u0131nda 4 dereceye kadar d\u00fc\u015fmesiyle, su biriken yollarda ve tarlalarda buzlanma olu\u015ftu. Kentteki baz\u0131 s\u00fcs havuzlar\u0131 da buz tuttu. Polis ekipleri buzlanma olu\u015fan g\u00fczergahlarda \u00f6nlem ald\u0131. So\u011fuk [&hellip;]"}