{"version":"1.0","provider_name":"The Epoch Times TR","provider_url":"https:\/\/epochtimestr.com","author_name":"S. \u00d6zcan","author_url":"https:\/\/epochtimestr.com\/index.php\/author\/n-kaya","title":"Barcelona'ya Transfer Olan Arda Turan'dan \u0130lk A\u00e7\u0131klama - The Epoch Times TR","type":"rich","width":600,"height":338,"html":"<blockquote class=\"wp-embedded-content\" data-secret=\"iYblygO7Vx\"><a href=\"https:\/\/epochtimestr.com\/index.php\/barcelonaya-transfer-olan-arda-turandan-ilk-aciklama\">Barcelona&#8217;ya Transfer Olan Arda Turan&#8217;dan \u0130lk A\u00e7\u0131klama<\/a><\/blockquote><iframe sandbox=\"allow-scripts\" security=\"restricted\" src=\"https:\/\/epochtimestr.com\/index.php\/barcelonaya-transfer-olan-arda-turandan-ilk-aciklama\/embed#?secret=iYblygO7Vx\" width=\"600\" height=\"338\" title=\"&#8220;Barcelona&#8217;ya Transfer Olan Arda Turan&#8217;dan \u0130lk A\u00e7\u0131klama&#8221; &#8212; The Epoch Times TR\" data-secret=\"iYblygO7Vx\" frameborder=\"0\" marginwidth=\"0\" marginheight=\"0\" scrolling=\"no\" class=\"wp-embedded-content\"><\/iframe><script type=\"text\/javascript\">\n\/* <![CDATA[ *\/\n\/*! This file is auto-generated *\/\n!function(d,l){\"use strict\";l.querySelector&&d.addEventListener&&\"undefined\"!=typeof URL&&(d.wp=d.wp||{},d.wp.receiveEmbedMessage||(d.wp.receiveEmbedMessage=function(e){var t=e.data;if((t||t.secret||t.message||t.value)&&!\/[^a-zA-Z0-9]\/.test(t.secret)){for(var s,r,n,a=l.querySelectorAll('iframe[data-secret=\"'+t.secret+'\"]'),o=l.querySelectorAll('blockquote[data-secret=\"'+t.secret+'\"]'),c=new RegExp(\"^https?:$\",\"i\"),i=0;i<o.length;i++)o[i].style.display=\"none\";for(i=0;i<a.length;i++)s=a[i],e.source===s.contentWindow&&(s.removeAttribute(\"style\"),\"height\"===t.message?(1e3<(r=parseInt(t.value,10))?r=1e3:~~r<200&&(r=200),s.height=r):\"link\"===t.message&&(r=new URL(s.getAttribute(\"src\")),n=new URL(t.value),c.test(n.protocol))&&n.host===r.host&&l.activeElement===s&&(d.top.location.href=t.value))}},d.addEventListener(\"message\",d.wp.receiveEmbedMessage,!1),l.addEventListener(\"DOMContentLoaded\",function(){for(var e,t,s=l.querySelectorAll(\"iframe.wp-embedded-content\"),r=0;r<s.length;r++)(t=(e=s[r]).getAttribute(\"data-secret\"))||(t=Math.random().toString(36).substring(2,12),e.src+=\"#?secret=\"+t,e.setAttribute(\"data-secret\",t)),e.contentWindow.postMessage({message:\"ready\",secret:t},\"*\")},!1)))}(window,document);\n\/* ]]> *\/\n<\/script>\n","thumbnail_url":"https:\/\/epochtimestr.com\/wp-content\/uploads\/2011y\/ardadan-ilk-degerlendirme-1098109-664x354.jpg","thumbnail_width":600,"thumbnail_height":319,"description":"Arda Turan, Barcelona\u2019da oynayabilmenin bir d\u00fc\u015f oldu\u011funu belirterek, hayalini ger\u00e7ekle\u015ftirdi\u011fini s\u00f6yledi. La Liga ekiplerinden Barcelona\u2019ya transfer olan milli y\u0131ld\u0131z Arda Turan, \u0130spanyol bas\u0131n\u0131na a\u00e7\u0131klamalarda bulundu. Katalan ekibine transfer olarak hayalini ger\u00e7ekle\u015ftirdi\u011fini dile getiren Turan, &#8220;Barcelona\u2019da oynayabilmek bir d\u00fc\u015f. Her futbolcunun hayali olan bir tak\u0131m. En b\u00fcy\u00fck iste\u011fim Barcelona ile \u015eampiyonlar Ligi \u015fampiyonlu\u011funu ya\u015famak. Kariyerimde tek [&hellip;]"}