{"version":"1.0","provider_name":"The Epoch Times TR","provider_url":"https:\/\/epochtimestr.com","author_name":"G.Hakan Ko\u00e7man","author_url":"https:\/\/epochtimestr.com\/index.php\/author\/hakan","title":"Ba\u015fbakan Erdo\u011fan \u0130spanya Zirvesi \u00d6ncesi Sorular\u0131 Yan\u0131tlad\u0131  - The Epoch Times TR","type":"rich","width":600,"height":338,"html":"<blockquote class=\"wp-embedded-content\" data-secret=\"Dd7Qd4ZVeH\"><a href=\"https:\/\/epochtimestr.com\/index.php\/basbakan-erdogan-ispanya-zirvesi-oncesi-sorulari-yanitladi\">Ba\u015fbakan Erdo\u011fan \u0130spanya Zirvesi \u00d6ncesi Sorular\u0131 Yan\u0131tlad\u0131<\/a><\/blockquote><iframe sandbox=\"allow-scripts\" security=\"restricted\" src=\"https:\/\/epochtimestr.com\/index.php\/basbakan-erdogan-ispanya-zirvesi-oncesi-sorulari-yanitladi\/embed#?secret=Dd7Qd4ZVeH\" width=\"600\" height=\"338\" title=\"&#8220;Ba\u015fbakan Erdo\u011fan \u0130spanya Zirvesi \u00d6ncesi Sorular\u0131 Yan\u0131tlad\u0131&#8221; &#8212; The Epoch Times TR\" data-secret=\"Dd7Qd4ZVeH\" frameborder=\"0\" marginwidth=\"0\" marginheight=\"0\" scrolling=\"no\" class=\"wp-embedded-content\"><\/iframe><script type=\"text\/javascript\">\n\/* <![CDATA[ *\/\n\/*! This file is auto-generated *\/\n!function(d,l){\"use strict\";l.querySelector&&d.addEventListener&&\"undefined\"!=typeof URL&&(d.wp=d.wp||{},d.wp.receiveEmbedMessage||(d.wp.receiveEmbedMessage=function(e){var t=e.data;if((t||t.secret||t.message||t.value)&&!\/[^a-zA-Z0-9]\/.test(t.secret)){for(var s,r,n,a=l.querySelectorAll('iframe[data-secret=\"'+t.secret+'\"]'),o=l.querySelectorAll('blockquote[data-secret=\"'+t.secret+'\"]'),c=new RegExp(\"^https?:$\",\"i\"),i=0;i<o.length;i++)o[i].style.display=\"none\";for(i=0;i<a.length;i++)s=a[i],e.source===s.contentWindow&&(s.removeAttribute(\"style\"),\"height\"===t.message?(1e3<(r=parseInt(t.value,10))?r=1e3:~~r<200&&(r=200),s.height=r):\"link\"===t.message&&(r=new URL(s.getAttribute(\"src\")),n=new URL(t.value),c.test(n.protocol))&&n.host===r.host&&l.activeElement===s&&(d.top.location.href=t.value))}},d.addEventListener(\"message\",d.wp.receiveEmbedMessage,!1),l.addEventListener(\"DOMContentLoaded\",function(){for(var e,t,s=l.querySelectorAll(\"iframe.wp-embedded-content\"),r=0;r<s.length;r++)(t=(e=s[r]).getAttribute(\"data-secret\"))||(t=Math.random().toString(36).substring(2,12),e.src+=\"#?secret=\"+t,e.setAttribute(\"data-secret\",t)),e.contentWindow.postMessage({message:\"ready\",secret:t},\"*\")},!1)))}(window,document);\n\/* ]]> *\/\n<\/script>\n","thumbnail_url":"https:\/\/epochtimestr.com\/wp-content\/uploads\/2011y\/Ba\u015fbakan-Erdo\u011fan1.jpg","thumbnail_width":3454,"thumbnail_height":2307,"description":"T\u00fcrkiye-\u0130spanya H\u00fck\u00fcmetler Aras\u0131 D\u00f6rd\u00fcnc\u00fc Zirvesi\u2019ne kat\u0131lmak i\u00e7in Madrid\u2019e hareket etmeden \u00f6nce Ankara Esenbo\u011fa Havaliman\u0131\u2019nda gazetecilerin sorular\u0131n\u0131 cevaplayan Ba\u015fbakan Recep Tayyip Erdo\u011fan gazetecilere zirve hakk\u0131nda bilgiler vererek gazetecilerin sorular\u0131n\u0131 yan\u0131tlad\u0131. Zirve ile ilgili olarak y\u0131lda 1 kere d\u00f6n\u00fc\u015f\u00fcml\u00fc olarak T\u00fcrkiye ve \u0130spanya ile ilgili bakanlar\u0131n bir araya gelerek yapt\u0131klar\u0131 \u00e7al\u0131\u015fmalar sonucu kar\u015f\u0131l\u0131kl\u0131 sekt\u00f6rel bazda at\u0131lmas\u0131 gereken [&hellip;]"}