{"version":"1.0","provider_name":"The Epoch Times TR","provider_url":"https:\/\/epochtimestr.com","author_name":"G.Hakan Ko\u00e7man","author_url":"https:\/\/epochtimestr.com\/index.php\/author\/hakan","title":"Ba\u015fbakan Erdo\u011fan M\u00dcS\u0130AD genel kurulunda konu\u015ftu  - The Epoch Times TR","type":"rich","width":600,"height":338,"html":"<blockquote class=\"wp-embedded-content\" data-secret=\"phxMerpsWn\"><a href=\"https:\/\/epochtimestr.com\/index.php\/basbakan-erdogan-musiad-genel-kurulunda-konustu\">Ba\u015fbakan Erdo\u011fan M\u00dcS\u0130AD genel kurulunda konu\u015ftu<\/a><\/blockquote><iframe sandbox=\"allow-scripts\" security=\"restricted\" src=\"https:\/\/epochtimestr.com\/index.php\/basbakan-erdogan-musiad-genel-kurulunda-konustu\/embed#?secret=phxMerpsWn\" width=\"600\" height=\"338\" title=\"&#8220;Ba\u015fbakan Erdo\u011fan M\u00dcS\u0130AD genel kurulunda konu\u015ftu&#8221; &#8212; The Epoch Times TR\" data-secret=\"phxMerpsWn\" frameborder=\"0\" marginwidth=\"0\" marginheight=\"0\" scrolling=\"no\" class=\"wp-embedded-content\"><\/iframe><script type=\"text\/javascript\">\n\/* <![CDATA[ *\/\n\/*! This file is auto-generated *\/\n!function(d,l){\"use strict\";l.querySelector&&d.addEventListener&&\"undefined\"!=typeof URL&&(d.wp=d.wp||{},d.wp.receiveEmbedMessage||(d.wp.receiveEmbedMessage=function(e){var t=e.data;if((t||t.secret||t.message||t.value)&&!\/[^a-zA-Z0-9]\/.test(t.secret)){for(var s,r,n,a=l.querySelectorAll('iframe[data-secret=\"'+t.secret+'\"]'),o=l.querySelectorAll('blockquote[data-secret=\"'+t.secret+'\"]'),c=new RegExp(\"^https?:$\",\"i\"),i=0;i<o.length;i++)o[i].style.display=\"none\";for(i=0;i<a.length;i++)s=a[i],e.source===s.contentWindow&&(s.removeAttribute(\"style\"),\"height\"===t.message?(1e3<(r=parseInt(t.value,10))?r=1e3:~~r<200&&(r=200),s.height=r):\"link\"===t.message&&(r=new URL(s.getAttribute(\"src\")),n=new URL(t.value),c.test(n.protocol))&&n.host===r.host&&l.activeElement===s&&(d.top.location.href=t.value))}},d.addEventListener(\"message\",d.wp.receiveEmbedMessage,!1),l.addEventListener(\"DOMContentLoaded\",function(){for(var e,t,s=l.querySelectorAll(\"iframe.wp-embedded-content\"),r=0;r<s.length;r++)(t=(e=s[r]).getAttribute(\"data-secret\"))||(t=Math.random().toString(36).substring(2,12),e.src+=\"#?secret=\"+t,e.setAttribute(\"data-secret\",t)),e.contentWindow.postMessage({message:\"ready\",secret:t},\"*\")},!1)))}(window,document);\n\/* ]]> *\/\n<\/script>\n","thumbnail_url":"https:\/\/epochtimestr.com\/wp-content\/uploads\/2011y\/basbakanerdogan2012genelkurul.jpg","thumbnail_width":480,"thumbnail_height":330,"description":"Ba\u015fbakan Erdo\u011fan M\u00fcstakil Sanayici ve \u0130\u015fadamlar\u0131 Derne\u011fi\u2019nin (M\u00dcS\u0130AD) Hali\u00e7 Kongre Merkezi\u2019nde d\u00fczenlenen\u00a021. Ola\u011fan Genel Kurulu\u2019nda M\u00dcS\u0130AD \u00fcyelerine seslendi. Konu\u015fmas\u0131nda 2011 y\u0131l\u0131nda, T\u00fcrkiye ekonomisinin y\u00fczde 8,5 gibi \u00e7ok y\u00fcksek bir b\u00fcy\u00fcme oran\u0131yla \u00a0T\u00fcrkiye\u2019nin \u00c7in\u2019den sonra d\u00fcnyan\u0131n en h\u0131zl\u0131 b\u00fcy\u00fcyen ekonomisi oldu\u011funu s\u00f6yleyen Erdo\u011fan bu ba\u015far\u0131n\u0131n kazan\u0131lmas\u0131na, T\u00fcrkiye\u2019yi bu seviyelere ula\u015ft\u0131rmas\u0131na, bu y\u00fcksek b\u00fcy\u00fcme oran\u0131na katk\u0131 sa\u011flad\u0131klar\u0131 [&hellip;]"}