{"version":"1.0","provider_name":"The Epoch Times TR","provider_url":"https:\/\/epochtimestr.com","author_name":"Haber Merkezi","author_url":"https:\/\/epochtimestr.com\/index.php\/author\/sendag","title":"Ba\u015fbakan Y\u0131ld\u0131r\u0131m: 'T\u00fcrkiye 5G Teknolojisinin \u00dcreticisi Olacak' - The Epoch Times TR","type":"rich","width":600,"height":338,"html":"<blockquote class=\"wp-embedded-content\" data-secret=\"EUKMeF7F4u\"><a href=\"https:\/\/epochtimestr.com\/index.php\/basbakan-yildirim-turkiye-5g-teknolojisinin-ureticisi-olacak\">Ba\u015fbakan Y\u0131ld\u0131r\u0131m: &#8216;T\u00fcrkiye 5G Teknolojisinin \u00dcreticisi Olacak&#8217;<\/a><\/blockquote><iframe sandbox=\"allow-scripts\" security=\"restricted\" src=\"https:\/\/epochtimestr.com\/index.php\/basbakan-yildirim-turkiye-5g-teknolojisinin-ureticisi-olacak\/embed#?secret=EUKMeF7F4u\" width=\"600\" height=\"338\" title=\"&#8220;Ba\u015fbakan Y\u0131ld\u0131r\u0131m: &#8216;T\u00fcrkiye 5G Teknolojisinin \u00dcreticisi Olacak&#8217;&#8221; &#8212; The Epoch Times TR\" data-secret=\"EUKMeF7F4u\" frameborder=\"0\" marginwidth=\"0\" marginheight=\"0\" scrolling=\"no\" class=\"wp-embedded-content\"><\/iframe><script type=\"text\/javascript\">\n\/* <![CDATA[ *\/\n\/*! This file is auto-generated *\/\n!function(d,l){\"use strict\";l.querySelector&&d.addEventListener&&\"undefined\"!=typeof URL&&(d.wp=d.wp||{},d.wp.receiveEmbedMessage||(d.wp.receiveEmbedMessage=function(e){var t=e.data;if((t||t.secret||t.message||t.value)&&!\/[^a-zA-Z0-9]\/.test(t.secret)){for(var s,r,n,a=l.querySelectorAll('iframe[data-secret=\"'+t.secret+'\"]'),o=l.querySelectorAll('blockquote[data-secret=\"'+t.secret+'\"]'),c=new RegExp(\"^https?:$\",\"i\"),i=0;i<o.length;i++)o[i].style.display=\"none\";for(i=0;i<a.length;i++)s=a[i],e.source===s.contentWindow&&(s.removeAttribute(\"style\"),\"height\"===t.message?(1e3<(r=parseInt(t.value,10))?r=1e3:~~r<200&&(r=200),s.height=r):\"link\"===t.message&&(r=new URL(s.getAttribute(\"src\")),n=new URL(t.value),c.test(n.protocol))&&n.host===r.host&&l.activeElement===s&&(d.top.location.href=t.value))}},d.addEventListener(\"message\",d.wp.receiveEmbedMessage,!1),l.addEventListener(\"DOMContentLoaded\",function(){for(var e,t,s=l.querySelectorAll(\"iframe.wp-embedded-content\"),r=0;r<s.length;r++)(t=(e=s[r]).getAttribute(\"data-secret\"))||(t=Math.random().toString(36).substring(2,12),e.src+=\"#?secret=\"+t,e.setAttribute(\"data-secret\",t)),e.contentWindow.postMessage({message:\"ready\",secret:t},\"*\")},!1)))}(window,document);\n\/* ]]> *\/\n<\/script>\n","thumbnail_url":"https:\/\/epochtimestr.com\/wp-content\/uploads\/2011y\/binali-21.jpg","thumbnail_width":664,"thumbnail_height":354,"description":"Ba\u015fbakan Binali Y\u0131ld\u0131r\u0131m, 5G M\u00fckemmeliyet Merkezinin \u00fcniversite, \u00f6zel sekt\u00f6r ve kamu i\u00e7in laboratuvar g\u00f6revi g\u00f6rece\u011fini belirterek, \u201c\u00dcretilen yerli yaz\u0131l\u0131mlar, a\u011f altyap\u0131lar\u0131, di\u011fer b\u00fct\u00fcn teknolojilerin testleri burada yap\u0131lacak. Ba\u015far\u0131l\u0131 sonu\u00e7lar da uluslararas\u0131 sekt\u00f6rde yerini alm\u0131\u015f olacak. T\u00fcrkiye, 5G&#8217;de sadece uygulay\u0131c\u0131 de\u011fil, ayn\u0131 zamanda 5G teknolojisinin \u00fcreticisi olacak\u201d dedi. Ba\u015fbakan Binali Y\u0131ld\u0131r\u0131m, ODT\u00dc Teknokent\u2019te d\u00fczenlenen \u20185G M\u00fckemmeliyet [&hellip;]"}