{"version":"1.0","provider_name":"The Epoch Times TR","provider_url":"https:\/\/epochtimestr.com","author_name":"D.Alk\u0131n","author_url":"https:\/\/epochtimestr.com\/index.php\/author\/derya","title":"Ba\u015fbakan'dan (Ermeni) Soyk\u0131r\u0131m Karar\u0131na \u0130li\u015fkin \u0130lk A\u00e7\u0131klamalar  - The Epoch Times TR","type":"rich","width":600,"height":338,"html":"<blockquote class=\"wp-embedded-content\" data-secret=\"lKC2YNhVMu\"><a href=\"https:\/\/epochtimestr.com\/index.php\/basbakandan-ermeni-soykirim-kararina-iiskin-ilk-aciklamalar\">Ba\u015fbakan&#8217;dan (Ermeni) Soyk\u0131r\u0131m Karar\u0131na \u0130li\u015fkin \u0130lk A\u00e7\u0131klamalar<\/a><\/blockquote><iframe sandbox=\"allow-scripts\" security=\"restricted\" src=\"https:\/\/epochtimestr.com\/index.php\/basbakandan-ermeni-soykirim-kararina-iiskin-ilk-aciklamalar\/embed#?secret=lKC2YNhVMu\" width=\"600\" height=\"338\" title=\"&#8220;Ba\u015fbakan&#8217;dan (Ermeni) Soyk\u0131r\u0131m Karar\u0131na \u0130li\u015fkin \u0130lk A\u00e7\u0131klamalar&#8221; &#8212; The Epoch Times TR\" data-secret=\"lKC2YNhVMu\" frameborder=\"0\" marginwidth=\"0\" marginheight=\"0\" scrolling=\"no\" class=\"wp-embedded-content\"><\/iframe><script type=\"text\/javascript\">\n\/* <![CDATA[ *\/\n\/*! This file is auto-generated *\/\n!function(d,l){\"use strict\";l.querySelector&&d.addEventListener&&\"undefined\"!=typeof URL&&(d.wp=d.wp||{},d.wp.receiveEmbedMessage||(d.wp.receiveEmbedMessage=function(e){var t=e.data;if((t||t.secret||t.message||t.value)&&!\/[^a-zA-Z0-9]\/.test(t.secret)){for(var s,r,n,a=l.querySelectorAll('iframe[data-secret=\"'+t.secret+'\"]'),o=l.querySelectorAll('blockquote[data-secret=\"'+t.secret+'\"]'),c=new RegExp(\"^https?:$\",\"i\"),i=0;i<o.length;i++)o[i].style.display=\"none\";for(i=0;i<a.length;i++)s=a[i],e.source===s.contentWindow&&(s.removeAttribute(\"style\"),\"height\"===t.message?(1e3<(r=parseInt(t.value,10))?r=1e3:~~r<200&&(r=200),s.height=r):\"link\"===t.message&&(r=new URL(s.getAttribute(\"src\")),n=new URL(t.value),c.test(n.protocol))&&n.host===r.host&&l.activeElement===s&&(d.top.location.href=t.value))}},d.addEventListener(\"message\",d.wp.receiveEmbedMessage,!1),l.addEventListener(\"DOMContentLoaded\",function(){for(var e,t,s=l.querySelectorAll(\"iframe.wp-embedded-content\"),r=0;r<s.length;r++)(t=(e=s[r]).getAttribute(\"data-secret\"))||(t=Math.random().toString(36).substring(2,12),e.src+=\"#?secret=\"+t,e.setAttribute(\"data-secret\",t)),e.contentWindow.postMessage({message:\"ready\",secret:t},\"*\")},!1)))}(window,document);\n\/* ]]> *\/\n<\/script>\n","description":"FRANSIZ PARLEMENTOSUNDA YASANIN \u00c7IKTI\u011eI G\u00dcN \u00c7OK MAN\u0130DAR (S\u00f6zde Ermeni Soyk\u0131r\u0131m\u0131) Fransa parlamentosunda bug\u00fcn kabul edilen \u2018soyk\u0131r\u0131m\u0131n inkar\u0131n\u0131n su\u00e7 say\u0131lmas\u0131\u2019 yasas\u0131n\u0131n kabul edilmesi \u00fczerine T\u00fcrkiye ad\u0131na ilk tepki Ba\u015fbakan Recep Tayyip Erdo\u011fan\u2019dan geldi. Ba\u015fbakan gazetecilere Fransa Ulusal Meclisi\u2019nde kabul etti\u011fi yasa ile ilgili ilk a\u00e7\u0131klamalar\u0131 yapt\u0131. Ba\u015fbakan, Frans\u0131z Meclisi\u2019nde 1915 Ermeni Soyk\u0131r\u0131m\u0131n\u0131 inkar\u0131n su\u00e7 say\u0131lmas\u0131na ili\u015fkin [&hellip;]","thumbnail_url":"http:\/\/epochtimestr.com\/wp-content\/uploads\/2011y\/tayyip-erdo%C4%9Fan-1-300x181.jpg"}