{"version":"1.0","provider_name":"The Epoch Times TR","provider_url":"https:\/\/epochtimestr.com","author_name":"D.Alk\u0131n","author_url":"https:\/\/epochtimestr.com\/index.php\/author\/derya","title":"Ba\u015fbakan\u0131n Konvoyuna Ter\u00f6r Sald\u0131r\u0131s\u0131 - The Epoch Times TR","type":"rich","width":600,"height":338,"html":"<blockquote class=\"wp-embedded-content\" data-secret=\"4q2y7pNTKq\"><a href=\"https:\/\/epochtimestr.com\/index.php\/basbakanin-konvoyuna-teror-saldirisi\">Ba\u015fbakan\u0131n Konvoyuna Ter\u00f6r Sald\u0131r\u0131s\u0131<\/a><\/blockquote><iframe sandbox=\"allow-scripts\" security=\"restricted\" src=\"https:\/\/epochtimestr.com\/index.php\/basbakanin-konvoyuna-teror-saldirisi\/embed#?secret=4q2y7pNTKq\" width=\"600\" height=\"338\" title=\"&#8220;Ba\u015fbakan\u0131n Konvoyuna Ter\u00f6r Sald\u0131r\u0131s\u0131&#8221; &#8212; The Epoch Times TR\" data-secret=\"4q2y7pNTKq\" frameborder=\"0\" marginwidth=\"0\" marginheight=\"0\" scrolling=\"no\" class=\"wp-embedded-content\"><\/iframe><script type=\"text\/javascript\">\n\/* <![CDATA[ *\/\n\/*! This file is auto-generated *\/\n!function(d,l){\"use strict\";l.querySelector&&d.addEventListener&&\"undefined\"!=typeof URL&&(d.wp=d.wp||{},d.wp.receiveEmbedMessage||(d.wp.receiveEmbedMessage=function(e){var t=e.data;if((t||t.secret||t.message||t.value)&&!\/[^a-zA-Z0-9]\/.test(t.secret)){for(var s,r,n,a=l.querySelectorAll('iframe[data-secret=\"'+t.secret+'\"]'),o=l.querySelectorAll('blockquote[data-secret=\"'+t.secret+'\"]'),c=new RegExp(\"^https?:$\",\"i\"),i=0;i<o.length;i++)o[i].style.display=\"none\";for(i=0;i<a.length;i++)s=a[i],e.source===s.contentWindow&&(s.removeAttribute(\"style\"),\"height\"===t.message?(1e3<(r=parseInt(t.value,10))?r=1e3:~~r<200&&(r=200),s.height=r):\"link\"===t.message&&(r=new URL(s.getAttribute(\"src\")),n=new URL(t.value),c.test(n.protocol))&&n.host===r.host&&l.activeElement===s&&(d.top.location.href=t.value))}},d.addEventListener(\"message\",d.wp.receiveEmbedMessage,!1),l.addEventListener(\"DOMContentLoaded\",function(){for(var e,t,s=l.querySelectorAll(\"iframe.wp-embedded-content\"),r=0;r<s.length;r++)(t=(e=s[r]).getAttribute(\"data-secret\"))||(t=Math.random().toString(36).substring(2,12),e.src+=\"#?secret=\"+t,e.setAttribute(\"data-secret\",t)),e.contentWindow.postMessage({message:\"ready\",secret:t},\"*\")},!1)))}(window,document);\n\/* ]]> *\/\n<\/script>\n","description":"Se\u00e7im \u00e7al\u0131\u015fmas\u0131 nedeniyle Kastamonu\u2019ya gelen Ak Parti Genel Ba\u015fkan\u0131 ve Ba\u015fbakan Recep Tayyip Erdo\u011fan Kastamonu mitinginden sonra helikopterle Amasya\u2019ya ge\u00e7ti. Mitingten sonra Ba\u015fbakanl\u0131k ve Ak Parti g\u00f6revlilerinin bulundu\u011fu konvoya Ilgaz Da\u011f\u0131 eteklerinde sald\u0131r\u0131 d\u00fczenlendi. Sald\u0131r\u0131da 1 polis \u015fehit oldu, 1 poliste yaraland\u0131. Kastamonu\u2019daki miting sonras\u0131 Ankara\u2019ya d\u00f6nen Ba\u015fbakanl\u0131k ve Ak Parti g\u00f6revlilerinin bulundu\u011fu konvoya saat [&hellip;]"}