{"version":"1.0","provider_name":"The Epoch Times TR","provider_url":"https:\/\/epochtimestr.com","author_name":"Emel AKAN","author_url":"https:\/\/epochtimestr.com\/index.php\/author\/emel","title":"Bat\u0131 Medyas\u0131 \u00c7in'den Korkuyor mu? - The Epoch Times TR","type":"rich","width":600,"height":338,"html":"<blockquote class=\"wp-embedded-content\" data-secret=\"j9jJJbFm07\"><a href=\"https:\/\/epochtimestr.com\/index.php\/bati-medyasi-cinden-korkuyor-mu\">Bat\u0131 Medyas\u0131 \u00c7in&#8217;den Korkuyor mu?<\/a><\/blockquote><iframe sandbox=\"allow-scripts\" security=\"restricted\" src=\"https:\/\/epochtimestr.com\/index.php\/bati-medyasi-cinden-korkuyor-mu\/embed#?secret=j9jJJbFm07\" width=\"600\" height=\"338\" title=\"&#8220;Bat\u0131 Medyas\u0131 \u00c7in&#8217;den Korkuyor mu?&#8221; &#8212; The Epoch Times TR\" data-secret=\"j9jJJbFm07\" frameborder=\"0\" marginwidth=\"0\" marginheight=\"0\" scrolling=\"no\" class=\"wp-embedded-content\"><\/iframe><script type=\"text\/javascript\">\n\/* <![CDATA[ *\/\n\/*! This file is auto-generated *\/\n!function(d,l){\"use strict\";l.querySelector&&d.addEventListener&&\"undefined\"!=typeof URL&&(d.wp=d.wp||{},d.wp.receiveEmbedMessage||(d.wp.receiveEmbedMessage=function(e){var t=e.data;if((t||t.secret||t.message||t.value)&&!\/[^a-zA-Z0-9]\/.test(t.secret)){for(var s,r,n,a=l.querySelectorAll('iframe[data-secret=\"'+t.secret+'\"]'),o=l.querySelectorAll('blockquote[data-secret=\"'+t.secret+'\"]'),c=new RegExp(\"^https?:$\",\"i\"),i=0;i<o.length;i++)o[i].style.display=\"none\";for(i=0;i<a.length;i++)s=a[i],e.source===s.contentWindow&&(s.removeAttribute(\"style\"),\"height\"===t.message?(1e3<(r=parseInt(t.value,10))?r=1e3:~~r<200&&(r=200),s.height=r):\"link\"===t.message&&(r=new URL(s.getAttribute(\"src\")),n=new URL(t.value),c.test(n.protocol))&&n.host===r.host&&l.activeElement===s&&(d.top.location.href=t.value))}},d.addEventListener(\"message\",d.wp.receiveEmbedMessage,!1),l.addEventListener(\"DOMContentLoaded\",function(){for(var e,t,s=l.querySelectorAll(\"iframe.wp-embedded-content\"),r=0;r<s.length;r++)(t=(e=s[r]).getAttribute(\"data-secret\"))||(t=Math.random().toString(36).substring(2,12),e.src+=\"#?secret=\"+t,e.setAttribute(\"data-secret\",t)),e.contentWindow.postMessage({message:\"ready\",secret:t},\"*\")},!1)))}(window,document);\n\/* ]]> *\/\n<\/script>\n","thumbnail_url":"https:\/\/epochtimestr.com\/wp-content\/uploads\/2011y\/western-media.jpg","thumbnail_width":616,"thumbnail_height":365,"description":"Bloomberg, Michael Forsythe\u2019nin kaleme ald\u0131\u011f\u0131 \u00c7in\u2019in en zengin adamlar\u0131\u00a0ile \u00fcst d\u00fczey siyaset\u00e7ileri aras\u0131ndaki ba\u011flant\u0131lar\u0131 a\u00e7\u0131klayan makaleyi yay\u0131nlamad\u0131\u011f\u0131 i\u00e7in New York Times gazetesi taraf\u0131ndan ele\u015ftirildi. Bloomberg edit\u00f6rleri \u00c7in taraf\u0131ndan s\u0131n\u0131r d\u0131\u015f\u0131 edilmekten korkuyor. Bloomberg iddialar\u0131 reddetti fakat ayn\u0131 zamanda Michael Forsythe\u2019nin i\u015fine son verdi. Bloomberg \u00c7in h\u00fck\u00fcmetini memnun etmek i\u00e7in kendi kendine sans\u00fcr m\u00fc uygulad\u0131? Bat\u0131l\u0131 [&hellip;]"}