{"version":"1.0","provider_name":"The Epoch Times TR","provider_url":"https:\/\/epochtimestr.com","author_name":"D.Alk\u0131n","author_url":"https:\/\/epochtimestr.com\/index.php\/author\/derya","title":"Ba\u015fbakan'dan Beklenen Bedelli A\u00e7\u0131klamas\u0131 Geldi - The Epoch Times TR","type":"rich","width":600,"height":338,"html":"<blockquote class=\"wp-embedded-content\" data-secret=\"at7gX1XnVD\"><a href=\"https:\/\/epochtimestr.com\/index.php\/bedelli-askerlilkle-ilgili-aciklama-yapildi\">Ba\u015fbakan&#8217;dan Beklenen Bedelli A\u00e7\u0131klamas\u0131 Geldi<\/a><\/blockquote><iframe sandbox=\"allow-scripts\" security=\"restricted\" src=\"https:\/\/epochtimestr.com\/index.php\/bedelli-askerlilkle-ilgili-aciklama-yapildi\/embed#?secret=at7gX1XnVD\" width=\"600\" height=\"338\" title=\"&#8220;Ba\u015fbakan&#8217;dan Beklenen Bedelli A\u00e7\u0131klamas\u0131 Geldi&#8221; &#8212; The Epoch Times TR\" data-secret=\"at7gX1XnVD\" frameborder=\"0\" marginwidth=\"0\" marginheight=\"0\" scrolling=\"no\" class=\"wp-embedded-content\"><\/iframe><script type=\"text\/javascript\">\n\/* <![CDATA[ *\/\n\/*! This file is auto-generated *\/\n!function(d,l){\"use strict\";l.querySelector&&d.addEventListener&&\"undefined\"!=typeof URL&&(d.wp=d.wp||{},d.wp.receiveEmbedMessage||(d.wp.receiveEmbedMessage=function(e){var t=e.data;if((t||t.secret||t.message||t.value)&&!\/[^a-zA-Z0-9]\/.test(t.secret)){for(var s,r,n,a=l.querySelectorAll('iframe[data-secret=\"'+t.secret+'\"]'),o=l.querySelectorAll('blockquote[data-secret=\"'+t.secret+'\"]'),c=new RegExp(\"^https?:$\",\"i\"),i=0;i<o.length;i++)o[i].style.display=\"none\";for(i=0;i<a.length;i++)s=a[i],e.source===s.contentWindow&&(s.removeAttribute(\"style\"),\"height\"===t.message?(1e3<(r=parseInt(t.value,10))?r=1e3:~~r<200&&(r=200),s.height=r):\"link\"===t.message&&(r=new URL(s.getAttribute(\"src\")),n=new URL(t.value),c.test(n.protocol))&&n.host===r.host&&l.activeElement===s&&(d.top.location.href=t.value))}},d.addEventListener(\"message\",d.wp.receiveEmbedMessage,!1),l.addEventListener(\"DOMContentLoaded\",function(){for(var e,t,s=l.querySelectorAll(\"iframe.wp-embedded-content\"),r=0;r<s.length;r++)(t=(e=s[r]).getAttribute(\"data-secret\"))||(t=Math.random().toString(36).substring(2,12),e.src+=\"#?secret=\"+t,e.setAttribute(\"data-secret\",t)),e.contentWindow.postMessage({message:\"ready\",secret:t},\"*\")},!1)))}(window,document);\n\/* ]]> *\/\n<\/script>\n","thumbnail_url":"https:\/\/epochtimestr.com\/wp-content\/uploads\/2011y\/tayyip-erdogan1.jpg","thumbnail_width":392,"thumbnail_height":256,"description":"\u00a0 Ba\u015fbakan Recep Tayyip Erdo\u011fan\u2019\u0131n Meclis\u2019te yapt\u0131\u011f\u0131 grup toplant\u0131s\u0131nda bedelli askerlikle ilgili beklenen a\u00e7\u0131klamalar\u0131n\u0131 yapt\u0131. G\u00fcnlerdir beklenen detaylar bu g\u00fcn bizzat Ba\u015fbakan Erdo\u011fan taraf\u0131ndan tek tek a\u00e7\u0131kland\u0131. Bedelli askerlikten 30 ya\u015f\u0131ndan g\u00fcn alanlar\u0131n yararlanaca\u011f\u0131 ve\u00a0 \u00fccretinin de 30 bin TL olaca\u011f\u0131 belli oldu. \u00a0Bedelli askerlikten yararlanacaklar 21 g\u00fcnl\u00fck temel askerlik e\u011fitimini ise yapmayacaklar. Bedelli ve [&hellip;]"}