{"version":"1.0","provider_name":"The Epoch Times TR","provider_url":"https:\/\/epochtimestr.com","author_name":"A. Aida","author_url":"https:\/\/epochtimestr.com\/index.php\/author\/a-aydana","title":"Bel\u00e7ikal\u0131 \u00d6\u011frenci \u0130spanya'ya Ka\u00e7ak Seyahat Etti - The Epoch Times TR","type":"rich","width":600,"height":338,"html":"<blockquote class=\"wp-embedded-content\" data-secret=\"07w9nisqAe\"><a href=\"https:\/\/epochtimestr.com\/index.php\/belcikali-ogrenci-ispanyaya-kacak-seyahat-etti\">Bel\u00e7ikal\u0131 \u00d6\u011frenci \u0130spanya&#8217;ya Ka\u00e7ak Seyahat Etti<\/a><\/blockquote><iframe sandbox=\"allow-scripts\" security=\"restricted\" src=\"https:\/\/epochtimestr.com\/index.php\/belcikali-ogrenci-ispanyaya-kacak-seyahat-etti\/embed#?secret=07w9nisqAe\" width=\"600\" height=\"338\" title=\"&#8220;Bel\u00e7ikal\u0131 \u00d6\u011frenci \u0130spanya&#8217;ya Ka\u00e7ak Seyahat Etti&#8221; &#8212; The Epoch Times TR\" data-secret=\"07w9nisqAe\" frameborder=\"0\" marginwidth=\"0\" marginheight=\"0\" scrolling=\"no\" class=\"wp-embedded-content\"><\/iframe><script type=\"text\/javascript\">\n\/* <![CDATA[ *\/\n\/*! This file is auto-generated *\/\n!function(d,l){\"use strict\";l.querySelector&&d.addEventListener&&\"undefined\"!=typeof URL&&(d.wp=d.wp||{},d.wp.receiveEmbedMessage||(d.wp.receiveEmbedMessage=function(e){var t=e.data;if((t||t.secret||t.message||t.value)&&!\/[^a-zA-Z0-9]\/.test(t.secret)){for(var s,r,n,a=l.querySelectorAll('iframe[data-secret=\"'+t.secret+'\"]'),o=l.querySelectorAll('blockquote[data-secret=\"'+t.secret+'\"]'),c=new RegExp(\"^https?:$\",\"i\"),i=0;i<o.length;i++)o[i].style.display=\"none\";for(i=0;i<a.length;i++)s=a[i],e.source===s.contentWindow&&(s.removeAttribute(\"style\"),\"height\"===t.message?(1e3<(r=parseInt(t.value,10))?r=1e3:~~r<200&&(r=200),s.height=r):\"link\"===t.message&&(r=new URL(s.getAttribute(\"src\")),n=new URL(t.value),c.test(n.protocol))&&n.host===r.host&&l.activeElement===s&&(d.top.location.href=t.value))}},d.addEventListener(\"message\",d.wp.receiveEmbedMessage,!1),l.addEventListener(\"DOMContentLoaded\",function(){for(var e,t,s=l.querySelectorAll(\"iframe.wp-embedded-content\"),r=0;r<s.length;r++)(t=(e=s[r]).getAttribute(\"data-secret\"))||(t=Math.random().toString(36).substring(2,12),e.src+=\"#?secret=\"+t,e.setAttribute(\"data-secret\",t)),e.contentWindow.postMessage({message:\"ready\",secret:t},\"*\")},!1)))}(window,document);\n\/* ]]> *\/\n<\/script>\n","thumbnail_url":"https:\/\/epochtimestr.com\/wp-content\/uploads\/2011y\/U\u00e7akta-ka\u00e7ak-yolcu.png","thumbnail_width":524,"thumbnail_height":350,"description":"Medya haberlerine g\u00f6re, Bel\u00e7ikal\u0131 bir okul \u00f6\u011frencisi paras\u0131z, kimliksiz, pasaportsuz ve u\u00e7ak bileti olmadan Br\u00fcksel\u2019den Malaga \u2019ya giden bir u\u00e7ak ile ka\u00e7ak seyahat etmi\u015f ve sonras\u0131nda \u0130spanya&#8217;da Malaga havaliman\u0131n da bulunmu\u015f Bel\u00e7ikal\u0131 12 ya\u015f\u0131ndaki okul \u00f6\u011frencisi \u00f6\u011fretmeninin ebeveynlerine yazd\u0131\u011f\u0131 mektup y\u00fcz\u00fcnden okul sonras\u0131 eve d\u00f6nmek istemedi. Evdeki ebeveynleriyle beklenen tats\u0131z olaydan ka\u00e7mak i\u00e7in ilgin\u00e7 bir [&hellip;]"}