{"version":"1.0","provider_name":"The Epoch Times TR","provider_url":"https:\/\/epochtimestr.com","author_name":"Ipek K\u00f6kl\u00fc","author_url":"https:\/\/epochtimestr.com\/index.php\/author\/ipek","title":"Belediye Ba\u015fkan\u0131'n\u0131n Objektifinden \"Yery\u00fcz\u00fcnden Portreler\" - The Epoch Times TR","type":"rich","width":600,"height":338,"html":"<blockquote class=\"wp-embedded-content\" data-secret=\"OMCa3pKeMZ\"><a href=\"https:\/\/epochtimestr.com\/index.php\/belediye-baskaninin-objektifinden-yeryuzunden-portreler\">Belediye Ba\u015fkan\u0131&#8217;n\u0131n Objektifinden &#8220;Yery\u00fcz\u00fcnden Portreler&#8221;<\/a><\/blockquote><iframe sandbox=\"allow-scripts\" security=\"restricted\" src=\"https:\/\/epochtimestr.com\/index.php\/belediye-baskaninin-objektifinden-yeryuzunden-portreler\/embed#?secret=OMCa3pKeMZ\" width=\"600\" height=\"338\" title=\"&#8220;Belediye Ba\u015fkan\u0131&#8217;n\u0131n Objektifinden &#8220;Yery\u00fcz\u00fcnden Portreler&#8221;&#8221; &#8212; The Epoch Times TR\" data-secret=\"OMCa3pKeMZ\" frameborder=\"0\" marginwidth=\"0\" marginheight=\"0\" scrolling=\"no\" class=\"wp-embedded-content\"><\/iframe><script type=\"text\/javascript\">\n\/* <![CDATA[ *\/\n\/*! This file is auto-generated *\/\n!function(d,l){\"use strict\";l.querySelector&&d.addEventListener&&\"undefined\"!=typeof URL&&(d.wp=d.wp||{},d.wp.receiveEmbedMessage||(d.wp.receiveEmbedMessage=function(e){var t=e.data;if((t||t.secret||t.message||t.value)&&!\/[^a-zA-Z0-9]\/.test(t.secret)){for(var s,r,n,a=l.querySelectorAll('iframe[data-secret=\"'+t.secret+'\"]'),o=l.querySelectorAll('blockquote[data-secret=\"'+t.secret+'\"]'),c=new RegExp(\"^https?:$\",\"i\"),i=0;i<o.length;i++)o[i].style.display=\"none\";for(i=0;i<a.length;i++)s=a[i],e.source===s.contentWindow&&(s.removeAttribute(\"style\"),\"height\"===t.message?(1e3<(r=parseInt(t.value,10))?r=1e3:~~r<200&&(r=200),s.height=r):\"link\"===t.message&&(r=new URL(s.getAttribute(\"src\")),n=new URL(t.value),c.test(n.protocol))&&n.host===r.host&&l.activeElement===s&&(d.top.location.href=t.value))}},d.addEventListener(\"message\",d.wp.receiveEmbedMessage,!1),l.addEventListener(\"DOMContentLoaded\",function(){for(var e,t,s=l.querySelectorAll(\"iframe.wp-embedded-content\"),r=0;r<s.length;r++)(t=(e=s[r]).getAttribute(\"data-secret\"))||(t=Math.random().toString(36).substring(2,12),e.src+=\"#?secret=\"+t,e.setAttribute(\"data-secret\",t)),e.contentWindow.postMessage({message:\"ready\",secret:t},\"*\")},!1)))}(window,document);\n\/* ]]> *\/\n<\/script>\n","description":"Zeytinburnu Belediye Ba\u015fkan\u0131 Murat Ayd\u0131n\u2019\u0131n, \u201cYery\u00fcz\u00fcnden Portreler\u201d isimli ilk ki\u015fisel foto\u011fraf sergisi a\u00e7\u0131ld\u0131. A\u00e7\u0131l\u0131\u015fa, Devlet Bakan\u0131 ve Ba\u015fm\u00fczakereci Egemen Ba\u011f\u0131\u015f, TBMM Anayasa Komisyonu Ba\u015fkan\u0131 Burhan Kuzu, Adalet ve Kalk\u0131nma Partisi (AK Parti) \u0130stanbul \u0130l Ba\u015fkan\u0131 Aziz Babu\u015f\u00e7u ve \u00e7ok say\u0131da sanatsever kat\u0131ld\u0131. Taksim\u2019deki Beyo\u011flu Belediyesi Sanat Galerisi\u2019nde a\u00e7\u0131l\u0131\u015f\u0131 ger\u00e7ekle\u015ftirilen sergi vatanda\u015flar\u0131n da yo\u011fun ilgisiyle kar\u015f\u0131land\u0131. [&hellip;]","thumbnail_url":"http:\/\/www.epochtimestr.com\/wp-content\/uploads\/2011\/ocak 2011\/MjY4OTMw.jpg"}