{"version":"1.0","provider_name":"The Epoch Times TR","provider_url":"https:\/\/epochtimestr.com","author_name":"Demet G.","author_url":"https:\/\/epochtimestr.com\/index.php\/author\/d-gokoglu","title":"Belgesel: \u201cBe\u015fikta\u015f\u2019ta Bir Tayyare Fabrikas\u0131\u201d - The Epoch Times TR","type":"rich","width":600,"height":338,"html":"<blockquote class=\"wp-embedded-content\" data-secret=\"UVy2KoBwqq\"><a href=\"https:\/\/epochtimestr.com\/index.php\/besiktasta-bir-tayyare-fabrikasi\">Belgesel: \u201cBe\u015fikta\u015f\u2019ta Bir Tayyare Fabrikas\u0131\u201d<\/a><\/blockquote><iframe sandbox=\"allow-scripts\" security=\"restricted\" src=\"https:\/\/epochtimestr.com\/index.php\/besiktasta-bir-tayyare-fabrikasi\/embed#?secret=UVy2KoBwqq\" width=\"600\" height=\"338\" title=\"&#8220;Belgesel: \u201cBe\u015fikta\u015f\u2019ta Bir Tayyare Fabrikas\u0131\u201d&#8221; &#8212; The Epoch Times TR\" data-secret=\"UVy2KoBwqq\" frameborder=\"0\" marginwidth=\"0\" marginheight=\"0\" scrolling=\"no\" class=\"wp-embedded-content\"><\/iframe><script type=\"text\/javascript\">\n\/* <![CDATA[ *\/\n\/*! This file is auto-generated *\/\n!function(d,l){\"use strict\";l.querySelector&&d.addEventListener&&\"undefined\"!=typeof URL&&(d.wp=d.wp||{},d.wp.receiveEmbedMessage||(d.wp.receiveEmbedMessage=function(e){var t=e.data;if((t||t.secret||t.message||t.value)&&!\/[^a-zA-Z0-9]\/.test(t.secret)){for(var s,r,n,a=l.querySelectorAll('iframe[data-secret=\"'+t.secret+'\"]'),o=l.querySelectorAll('blockquote[data-secret=\"'+t.secret+'\"]'),c=new RegExp(\"^https?:$\",\"i\"),i=0;i<o.length;i++)o[i].style.display=\"none\";for(i=0;i<a.length;i++)s=a[i],e.source===s.contentWindow&&(s.removeAttribute(\"style\"),\"height\"===t.message?(1e3<(r=parseInt(t.value,10))?r=1e3:~~r<200&&(r=200),s.height=r):\"link\"===t.message&&(r=new URL(s.getAttribute(\"src\")),n=new URL(t.value),c.test(n.protocol))&&n.host===r.host&&l.activeElement===s&&(d.top.location.href=t.value))}},d.addEventListener(\"message\",d.wp.receiveEmbedMessage,!1),l.addEventListener(\"DOMContentLoaded\",function(){for(var e,t,s=l.querySelectorAll(\"iframe.wp-embedded-content\"),r=0;r<s.length;r++)(t=(e=s[r]).getAttribute(\"data-secret\"))||(t=Math.random().toString(36).substring(2,12),e.src+=\"#?secret=\"+t,e.setAttribute(\"data-secret\",t)),e.contentWindow.postMessage({message:\"ready\",secret:t},\"*\")},!1)))}(window,document);\n\/* ]]> *\/\n<\/script>\n","thumbnail_url":"https:\/\/epochtimestr.com\/wp-content\/uploads\/2011y\/Mehmet_Kum.jpg","thumbnail_width":2362,"thumbnail_height":1459,"description":"Be\u015fikta\u015f\u2019ta bulunan Deniz M\u00fczesinin yerinde eskiden Tayyare Fabrikas\u0131 oldu\u011funu biliyor muydunuz? Muhtemelen \u00e7o\u011funuz bilmiyordunuz, 25 Temmuz\u2019da \u2018\u2019Be\u015fikta\u015f\u2019ta bir Tayyare Fabrikas\u0131\u2019\u2019 adl\u0131 belgesel filmi ile bamba\u015fka bir yolculu\u011fa \u00e7\u0131kt\u0131k. Be\u015fikta\u015f Belediyesine ba\u011fl\u0131 Karao\u011flan Gen\u00e7lik Merkezinde 25 Temmuz 2019\u2019da \u2018\u2019Be\u015fikta\u015f\u2019ta bir Tayyare Fabrikas\u0131 \u2019\u2019 adl\u0131 belgesel g\u00f6sterimi yap\u0131ld\u0131. Belgesel: \u201cBe\u015fikta\u015f\u2019ta Bir Tayyare Fabrikas\u0131\u201d Cumhuriyet&#8217;in ilk y\u0131llar\u0131nda soyad\u0131 [&hellip;]"}