{"version":"1.0","provider_name":"The Epoch Times TR","provider_url":"https:\/\/epochtimestr.com","author_name":"Haber Merkezi","author_url":"https:\/\/epochtimestr.com\/index.php\/author\/sendag","title":"Beyaz Saray'dan, Kuzey Kore'ye WannaCry Su\u00e7lamas\u0131 - The Epoch Times TR","type":"rich","width":600,"height":338,"html":"<blockquote class=\"wp-embedded-content\" data-secret=\"pwzMg6G0Vu\"><a href=\"https:\/\/epochtimestr.com\/index.php\/beyaz-saraydan-kuzey-koreye-wannacry-suclamasi\">Beyaz Saray&#8217;dan, Kuzey Kore&#8217;ye WannaCry Su\u00e7lamas\u0131<\/a><\/blockquote><iframe sandbox=\"allow-scripts\" security=\"restricted\" src=\"https:\/\/epochtimestr.com\/index.php\/beyaz-saraydan-kuzey-koreye-wannacry-suclamasi\/embed#?secret=pwzMg6G0Vu\" width=\"600\" height=\"338\" title=\"&#8220;Beyaz Saray&#8217;dan, Kuzey Kore&#8217;ye WannaCry Su\u00e7lamas\u0131&#8221; &#8212; The Epoch Times TR\" data-secret=\"pwzMg6G0Vu\" frameborder=\"0\" marginwidth=\"0\" marginheight=\"0\" scrolling=\"no\" class=\"wp-embedded-content\"><\/iframe><script type=\"text\/javascript\">\n\/* <![CDATA[ *\/\n\/*! This file is auto-generated *\/\n!function(d,l){\"use strict\";l.querySelector&&d.addEventListener&&\"undefined\"!=typeof URL&&(d.wp=d.wp||{},d.wp.receiveEmbedMessage||(d.wp.receiveEmbedMessage=function(e){var t=e.data;if((t||t.secret||t.message||t.value)&&!\/[^a-zA-Z0-9]\/.test(t.secret)){for(var s,r,n,a=l.querySelectorAll('iframe[data-secret=\"'+t.secret+'\"]'),o=l.querySelectorAll('blockquote[data-secret=\"'+t.secret+'\"]'),c=new RegExp(\"^https?:$\",\"i\"),i=0;i<o.length;i++)o[i].style.display=\"none\";for(i=0;i<a.length;i++)s=a[i],e.source===s.contentWindow&&(s.removeAttribute(\"style\"),\"height\"===t.message?(1e3<(r=parseInt(t.value,10))?r=1e3:~~r<200&&(r=200),s.height=r):\"link\"===t.message&&(r=new URL(s.getAttribute(\"src\")),n=new URL(t.value),c.test(n.protocol))&&n.host===r.host&&l.activeElement===s&&(d.top.location.href=t.value))}},d.addEventListener(\"message\",d.wp.receiveEmbedMessage,!1),l.addEventListener(\"DOMContentLoaded\",function(){for(var e,t,s=l.querySelectorAll(\"iframe.wp-embedded-content\"),r=0;r<s.length;r++)(t=(e=s[r]).getAttribute(\"data-secret\"))||(t=Math.random().toString(36).substring(2,12),e.src+=\"#?secret=\"+t,e.setAttribute(\"data-secret\",t)),e.contentWindow.postMessage({message:\"ready\",secret:t},\"*\")},!1)))}(window,document);\n\/* ]]> *\/\n<\/script>\n","thumbnail_url":"https:\/\/epochtimestr.com\/wp-content\/uploads\/2011y\/beyaz-saray-5.jpg","thumbnail_width":664,"thumbnail_height":354,"description":"Beyaz Saray taraf\u0131ndan yay\u0131nlanan bildiride, WannaCry siber sald\u0131r\u0131s\u0131n\u0131n geni\u015f \u00e7apta oldu\u011fu, milyonlarca dolara mal oldu\u011fu ve Kuzey Kore\u2019nin bundan direk sorumlu oldu\u011fu belirtildi. Beyaz Saray Ulusal G\u00fcvenlik ve Ter\u00f6rle M\u00fccadele Dan\u0131\u015fman\u0131 Tom Bosset taraf\u0131ndan yay\u0131nlanan resmi bildiride, &#8221; Siber sald\u0131r\u0131 geni\u015f \u00e7aptayd\u0131 ve milyonlarca dolara mal oldu ve Kuzey Kore bundan direk sorumludur&#8221; belirtildi. Bildiride, [&hellip;]"}