{"version":"1.0","provider_name":"The Epoch Times TR","provider_url":"https:\/\/epochtimestr.com","author_name":"Haber Merkezi","author_url":"https:\/\/epochtimestr.com\/index.php\/author\/sendag","title":"Beyaz Saray'dan Trump-Erdo\u011fan A\u00e7\u0131klamas\u0131 - The Epoch Times TR","type":"rich","width":600,"height":338,"html":"<blockquote class=\"wp-embedded-content\" data-secret=\"ivOiVqfoTa\"><a href=\"https:\/\/epochtimestr.com\/index.php\/beyaz-saraydan-trump-erdogan-aciklamasi\">Beyaz Saray&#8217;dan Trump-Erdo\u011fan A\u00e7\u0131klamas\u0131<\/a><\/blockquote><iframe sandbox=\"allow-scripts\" security=\"restricted\" src=\"https:\/\/epochtimestr.com\/index.php\/beyaz-saraydan-trump-erdogan-aciklamasi\/embed#?secret=ivOiVqfoTa\" width=\"600\" height=\"338\" title=\"&#8220;Beyaz Saray&#8217;dan Trump-Erdo\u011fan A\u00e7\u0131klamas\u0131&#8221; &#8212; The Epoch Times TR\" data-secret=\"ivOiVqfoTa\" frameborder=\"0\" marginwidth=\"0\" marginheight=\"0\" scrolling=\"no\" class=\"wp-embedded-content\"><\/iframe><script type=\"text\/javascript\">\n\/* <![CDATA[ *\/\n\/*! This file is auto-generated *\/\n!function(d,l){\"use strict\";l.querySelector&&d.addEventListener&&\"undefined\"!=typeof URL&&(d.wp=d.wp||{},d.wp.receiveEmbedMessage||(d.wp.receiveEmbedMessage=function(e){var t=e.data;if((t||t.secret||t.message||t.value)&&!\/[^a-zA-Z0-9]\/.test(t.secret)){for(var s,r,n,a=l.querySelectorAll('iframe[data-secret=\"'+t.secret+'\"]'),o=l.querySelectorAll('blockquote[data-secret=\"'+t.secret+'\"]'),c=new RegExp(\"^https?:$\",\"i\"),i=0;i<o.length;i++)o[i].style.display=\"none\";for(i=0;i<a.length;i++)s=a[i],e.source===s.contentWindow&&(s.removeAttribute(\"style\"),\"height\"===t.message?(1e3<(r=parseInt(t.value,10))?r=1e3:~~r<200&&(r=200),s.height=r):\"link\"===t.message&&(r=new URL(s.getAttribute(\"src\")),n=new URL(t.value),c.test(n.protocol))&&n.host===r.host&&l.activeElement===s&&(d.top.location.href=t.value))}},d.addEventListener(\"message\",d.wp.receiveEmbedMessage,!1),l.addEventListener(\"DOMContentLoaded\",function(){for(var e,t,s=l.querySelectorAll(\"iframe.wp-embedded-content\"),r=0;r<s.length;r++)(t=(e=s[r]).getAttribute(\"data-secret\"))||(t=Math.random().toString(36).substring(2,12),e.src+=\"#?secret=\"+t,e.setAttribute(\"data-secret\",t)),e.contentWindow.postMessage({message:\"ready\",secret:t},\"*\")},!1)))}(window,document);\n\/* ]]> *\/\n<\/script>\n","thumbnail_url":"https:\/\/epochtimestr.com\/wp-content\/uploads\/2011y\/1807233_620x410.jpg","thumbnail_width":620,"thumbnail_height":410,"description":"Cumhurba\u015fkan\u0131 Recep Tayyip Erdo\u011fan ile ABD Ba\u015fkan\u0131 Donald Trump aras\u0131ndaki telefon g\u00f6r\u00fc\u015fmesinde, iki liderin, NATO m\u00fcttefiki olarak ortak \u00e7\u0131karlar\u0131n geli\u015fimi ve ikili ili\u015fkileri etkileyen konular\u0131n \u00e7\u00f6z\u00fcm\u00fc ad\u0131na \u00fclkeler aras\u0131ndaki i\u015f birli\u011fini art\u0131rma noktas\u0131nda desteklerini belirtti\u011fi a\u00e7\u0131kland\u0131."}