{"version":"1.0","provider_name":"The Epoch Times TR","provider_url":"https:\/\/epochtimestr.com","author_name":"Haber Merkezi","author_url":"https:\/\/epochtimestr.com\/index.php\/author\/sendag","title":"Biden M\u00fclteci Say\u0131s\u0131n\u0131 Art\u0131racaklar\u0131n\u0131 S\u00f6yledi - The Epoch Times TR","type":"rich","width":600,"height":338,"html":"<blockquote class=\"wp-embedded-content\" data-secret=\"Gt4RIDmp3h\"><a href=\"https:\/\/epochtimestr.com\/index.php\/biden-multeci-sayisini-artiracaklarini-soyledi\">Biden M\u00fclteci Say\u0131s\u0131n\u0131 Art\u0131racaklar\u0131n\u0131 S\u00f6yledi<\/a><\/blockquote><iframe sandbox=\"allow-scripts\" security=\"restricted\" src=\"https:\/\/epochtimestr.com\/index.php\/biden-multeci-sayisini-artiracaklarini-soyledi\/embed#?secret=Gt4RIDmp3h\" width=\"600\" height=\"338\" title=\"&#8220;Biden M\u00fclteci Say\u0131s\u0131n\u0131 Art\u0131racaklar\u0131n\u0131 S\u00f6yledi&#8221; &#8212; The Epoch Times TR\" data-secret=\"Gt4RIDmp3h\" frameborder=\"0\" marginwidth=\"0\" marginheight=\"0\" scrolling=\"no\" class=\"wp-embedded-content\"><\/iframe><script type=\"text\/javascript\">\n\/* <![CDATA[ *\/\n\/*! This file is auto-generated *\/\n!function(d,l){\"use strict\";l.querySelector&&d.addEventListener&&\"undefined\"!=typeof URL&&(d.wp=d.wp||{},d.wp.receiveEmbedMessage||(d.wp.receiveEmbedMessage=function(e){var t=e.data;if((t||t.secret||t.message||t.value)&&!\/[^a-zA-Z0-9]\/.test(t.secret)){for(var s,r,n,a=l.querySelectorAll('iframe[data-secret=\"'+t.secret+'\"]'),o=l.querySelectorAll('blockquote[data-secret=\"'+t.secret+'\"]'),c=new RegExp(\"^https?:$\",\"i\"),i=0;i<o.length;i++)o[i].style.display=\"none\";for(i=0;i<a.length;i++)s=a[i],e.source===s.contentWindow&&(s.removeAttribute(\"style\"),\"height\"===t.message?(1e3<(r=parseInt(t.value,10))?r=1e3:~~r<200&&(r=200),s.height=r):\"link\"===t.message&&(r=new URL(s.getAttribute(\"src\")),n=new URL(t.value),c.test(n.protocol))&&n.host===r.host&&l.activeElement===s&&(d.top.location.href=t.value))}},d.addEventListener(\"message\",d.wp.receiveEmbedMessage,!1),l.addEventListener(\"DOMContentLoaded\",function(){for(var e,t,s=l.querySelectorAll(\"iframe.wp-embedded-content\"),r=0;r<s.length;r++)(t=(e=s[r]).getAttribute(\"data-secret\"))||(t=Math.random().toString(36).substring(2,12),e.src+=\"#?secret=\"+t,e.setAttribute(\"data-secret\",t)),e.contentWindow.postMessage({message:\"ready\",secret:t},\"*\")},!1)))}(window,document);\n\/* ]]> *\/\n<\/script>\n","thumbnail_url":"https:\/\/epochtimestr.com\/wp-content\/uploads\/2011y\/Joe-Biden-NTDNewsvideoscreenshot.png","thumbnail_width":948,"thumbnail_height":540,"description":"ABD Ba\u015fkan\u0131 Joe Biden, kamuoyundan gelen ele\u015ftirilerin ard\u0131ndan, cuma g\u00fcn\u00fc 2021 i\u00e7in 15 bin olarak a\u00e7\u0131klanan m\u00fclteci kabul s\u0131n\u0131r\u0131n\u0131 y\u00fckseltece\u011fini bildirdi. ABD Ba\u015fkan\u0131 Biden, hafta sonu tatilini ge\u00e7irdi\u011fi Delaware eyaletinde bas\u0131n mensuplar\u0131na m\u00fclteci s\u0131n\u0131r\u0131 konusunda a\u00e7\u0131klama yapt\u0131. Biden, bir soru \u00fczerine, bu y\u0131l kabul edecekleri m\u00fclteci say\u0131s\u0131na atfen, &#8220;Bu say\u0131y\u0131 art\u0131raca\u011f\u0131z. Sorun, g\u00fcney s\u0131n\u0131r\u0131ndaki gen\u00e7lerle [&hellip;]"}