{"version":"1.0","provider_name":"The Epoch Times TR","provider_url":"https:\/\/epochtimestr.com","author_name":"\u00c7.Akdeniz","author_url":"https:\/\/epochtimestr.com\/index.php\/author\/cigdem","title":"Bing\u00f6l'deki Tecav\u00fcz Davas\u0131na Kapal\u0131 Celse Karar\u0131 - The Epoch Times TR","type":"rich","width":600,"height":338,"html":"<blockquote class=\"wp-embedded-content\" data-secret=\"NU0ZpPy6aX\"><a href=\"https:\/\/epochtimestr.com\/index.php\/bingoldeki-tecavuz-davasina-kapali-celse-karari\">Bing\u00f6l&#8217;deki Tecav\u00fcz Davas\u0131na Kapal\u0131 Celse Karar\u0131<\/a><\/blockquote><iframe sandbox=\"allow-scripts\" security=\"restricted\" src=\"https:\/\/epochtimestr.com\/index.php\/bingoldeki-tecavuz-davasina-kapali-celse-karari\/embed#?secret=NU0ZpPy6aX\" width=\"600\" height=\"338\" title=\"&#8220;Bing\u00f6l&#8217;deki Tecav\u00fcz Davas\u0131na Kapal\u0131 Celse Karar\u0131&#8221; &#8212; The Epoch Times TR\" data-secret=\"NU0ZpPy6aX\" frameborder=\"0\" marginwidth=\"0\" marginheight=\"0\" scrolling=\"no\" class=\"wp-embedded-content\"><\/iframe><script type=\"text\/javascript\">\n\/* <![CDATA[ *\/\n\/*! This file is auto-generated *\/\n!function(d,l){\"use strict\";l.querySelector&&d.addEventListener&&\"undefined\"!=typeof URL&&(d.wp=d.wp||{},d.wp.receiveEmbedMessage||(d.wp.receiveEmbedMessage=function(e){var t=e.data;if((t||t.secret||t.message||t.value)&&!\/[^a-zA-Z0-9]\/.test(t.secret)){for(var s,r,n,a=l.querySelectorAll('iframe[data-secret=\"'+t.secret+'\"]'),o=l.querySelectorAll('blockquote[data-secret=\"'+t.secret+'\"]'),c=new RegExp(\"^https?:$\",\"i\"),i=0;i<o.length;i++)o[i].style.display=\"none\";for(i=0;i<a.length;i++)s=a[i],e.source===s.contentWindow&&(s.removeAttribute(\"style\"),\"height\"===t.message?(1e3<(r=parseInt(t.value,10))?r=1e3:~~r<200&&(r=200),s.height=r):\"link\"===t.message&&(r=new URL(s.getAttribute(\"src\")),n=new URL(t.value),c.test(n.protocol))&&n.host===r.host&&l.activeElement===s&&(d.top.location.href=t.value))}},d.addEventListener(\"message\",d.wp.receiveEmbedMessage,!1),l.addEventListener(\"DOMContentLoaded\",function(){for(var e,t,s=l.querySelectorAll(\"iframe.wp-embedded-content\"),r=0;r<s.length;r++)(t=(e=s[r]).getAttribute(\"data-secret\"))||(t=Math.random().toString(36).substring(2,12),e.src+=\"#?secret=\"+t,e.setAttribute(\"data-secret\",t)),e.contentWindow.postMessage({message:\"ready\",secret:t},\"*\")},!1)))}(window,document);\n\/* ]]> *\/\n<\/script>\n","thumbnail_url":"https:\/\/epochtimestr.com\/wp-content\/uploads\/2011y\/Bing\u00f6ldeki-tecav\u00fcz-olay\u0131nda-serbet-b\u0131rak\u0131lan-san\u0131klar-i\u00e7in-yap\u0131lan-protesto.jpg","thumbnail_width":367,"thumbnail_height":230,"description":"Bing\u00f6l\u2019de 2 y\u0131l \u00f6nce 8 uzman \u00e7avu\u015f taraf\u0131ndan cinsel istismar ve tecav\u00fcze u\u011frayan E.A.&#8217;n\u0131n mahkemesinin kapal\u0131 celse yap\u0131lmas\u0131 karar\u0131 al\u0131nd\u0131. Bing\u00f6l A\u011f\u0131r Ceza mahkemesinde yarg\u0131lanmas\u0131 ba\u015flanan \u00e7avu\u015flar\u0131n davas\u0131na Aile ve Sosyal politikalar Bakanl\u0131\u011f\u0131 da dahil oldu. Aile ve Sosyal politikalar Bakanl\u0131\u011f\u0131\u2019n\u0131n ve E.A\u2019n\u0131n avukat\u0131 \u00e7ocu\u011fun ya\u015f\u0131n\u0131n k\u00fc\u00e7\u00fck olmas\u0131 ve can g\u00fcvenli\u011finin tehdit alt\u0131nda olmas\u0131n\u0131 gerek\u00e7e [&hellip;]"}