{"version":"1.0","provider_name":"The Epoch Times TR","provider_url":"https:\/\/epochtimestr.com","author_name":"S. \u00d6zcan","author_url":"https:\/\/epochtimestr.com\/index.php\/author\/n-kaya","title":"Bir\u00e7ok Deniz Seferi \u0130ptal - The Epoch Times TR","type":"rich","width":600,"height":338,"html":"<blockquote class=\"wp-embedded-content\" data-secret=\"yocYQHqtBR\"><a href=\"https:\/\/epochtimestr.com\/index.php\/bircok-deniz-seferi-iptal\">Bir\u00e7ok Deniz Seferi \u0130ptal<\/a><\/blockquote><iframe sandbox=\"allow-scripts\" security=\"restricted\" src=\"https:\/\/epochtimestr.com\/index.php\/bircok-deniz-seferi-iptal\/embed#?secret=yocYQHqtBR\" width=\"600\" height=\"338\" title=\"&#8220;Bir\u00e7ok Deniz Seferi \u0130ptal&#8221; &#8212; The Epoch Times TR\" data-secret=\"yocYQHqtBR\" frameborder=\"0\" marginwidth=\"0\" marginheight=\"0\" scrolling=\"no\" class=\"wp-embedded-content\"><\/iframe><script type=\"text\/javascript\">\n\/* <![CDATA[ *\/\n\/*! This file is auto-generated *\/\n!function(d,l){\"use strict\";l.querySelector&&d.addEventListener&&\"undefined\"!=typeof URL&&(d.wp=d.wp||{},d.wp.receiveEmbedMessage||(d.wp.receiveEmbedMessage=function(e){var t=e.data;if((t||t.secret||t.message||t.value)&&!\/[^a-zA-Z0-9]\/.test(t.secret)){for(var s,r,n,a=l.querySelectorAll('iframe[data-secret=\"'+t.secret+'\"]'),o=l.querySelectorAll('blockquote[data-secret=\"'+t.secret+'\"]'),c=new RegExp(\"^https?:$\",\"i\"),i=0;i<o.length;i++)o[i].style.display=\"none\";for(i=0;i<a.length;i++)s=a[i],e.source===s.contentWindow&&(s.removeAttribute(\"style\"),\"height\"===t.message?(1e3<(r=parseInt(t.value,10))?r=1e3:~~r<200&&(r=200),s.height=r):\"link\"===t.message&&(r=new URL(s.getAttribute(\"src\")),n=new URL(t.value),c.test(n.protocol))&&n.host===r.host&&l.activeElement===s&&(d.top.location.href=t.value))}},d.addEventListener(\"message\",d.wp.receiveEmbedMessage,!1),l.addEventListener(\"DOMContentLoaded\",function(){for(var e,t,s=l.querySelectorAll(\"iframe.wp-embedded-content\"),r=0;r<s.length;r++)(t=(e=s[r]).getAttribute(\"data-secret\"))||(t=Math.random().toString(36).substring(2,12),e.src+=\"#?secret=\"+t,e.setAttribute(\"data-secret\",t)),e.contentWindow.postMessage({message:\"ready\",secret:t},\"*\")},!1)))}(window,document);\n\/* ]]> *\/\n<\/script>\n","thumbnail_url":"https:\/\/epochtimestr.com\/wp-content\/uploads\/2011y\/ido-ve-budo-seferleri-iptal-602260-664x3541.jpg","thumbnail_width":500,"thumbnail_height":266,"description":"\u0130stanbul\u2019da etkili olan sa\u011fanak ya\u011f\u0131\u015f ve f\u0131rt\u0131na nedeniyle\u00a0\u0130DO ve BUDO bir\u00e7ok seferini iptal etti. \u0130stanbul\u2019da ya\u015fanan olumsuz hava \u015fartlar\u0131 nedeniyle deniz ula\u015f\u0131m\u0131nda aksamalar ger\u00e7ekle\u015fti. \u0130DO ve BUDO baz\u0131 seferlerinin iptal edildi\u011fini a\u00e7\u0131klad\u0131. Olumsuz hava ko\u015fullar\u0131 nedeniyle \u0130DO t\u00fcm i\u00e7hat seferlerini ge\u00e7ici s\u00fcre ile iptal etti. D\u0131\u015f hatlarda ise iptal edilen seferler \u015f\u00f6yle: 07.30 Bandirma &#8211; [&hellip;]"}