{"version":"1.0","provider_name":"The Epoch Times TR","provider_url":"https:\/\/epochtimestr.com","author_name":"Evren Durmaz","author_url":"https:\/\/epochtimestr.com\/index.php\/author\/evren-durmaz","title":"BMW \u00c7in'de Rekor Tazminat \u00d6deyecek  - The Epoch Times TR","type":"rich","width":600,"height":338,"html":"<blockquote class=\"wp-embedded-content\" data-secret=\"4Cpm8iaSo1\"><a href=\"https:\/\/epochtimestr.com\/index.php\/bmw-cinde-rekor-tazminat-odeyecek\">BMW \u00c7in&#8217;de Rekor Tazminat \u00d6deyecek<\/a><\/blockquote><iframe sandbox=\"allow-scripts\" security=\"restricted\" src=\"https:\/\/epochtimestr.com\/index.php\/bmw-cinde-rekor-tazminat-odeyecek\/embed#?secret=4Cpm8iaSo1\" width=\"600\" height=\"338\" title=\"&#8220;BMW \u00c7in&#8217;de Rekor Tazminat \u00d6deyecek&#8221; &#8212; The Epoch Times TR\" data-secret=\"4Cpm8iaSo1\" frameborder=\"0\" marginwidth=\"0\" marginheight=\"0\" scrolling=\"no\" class=\"wp-embedded-content\"><\/iframe><script type=\"text\/javascript\">\n\/* <![CDATA[ *\/\n\/*! This file is auto-generated *\/\n!function(d,l){\"use strict\";l.querySelector&&d.addEventListener&&\"undefined\"!=typeof URL&&(d.wp=d.wp||{},d.wp.receiveEmbedMessage||(d.wp.receiveEmbedMessage=function(e){var t=e.data;if((t||t.secret||t.message||t.value)&&!\/[^a-zA-Z0-9]\/.test(t.secret)){for(var s,r,n,a=l.querySelectorAll('iframe[data-secret=\"'+t.secret+'\"]'),o=l.querySelectorAll('blockquote[data-secret=\"'+t.secret+'\"]'),c=new RegExp(\"^https?:$\",\"i\"),i=0;i<o.length;i++)o[i].style.display=\"none\";for(i=0;i<a.length;i++)s=a[i],e.source===s.contentWindow&&(s.removeAttribute(\"style\"),\"height\"===t.message?(1e3<(r=parseInt(t.value,10))?r=1e3:~~r<200&&(r=200),s.height=r):\"link\"===t.message&&(r=new URL(s.getAttribute(\"src\")),n=new URL(t.value),c.test(n.protocol))&&n.host===r.host&&l.activeElement===s&&(d.top.location.href=t.value))}},d.addEventListener(\"message\",d.wp.receiveEmbedMessage,!1),l.addEventListener(\"DOMContentLoaded\",function(){for(var e,t,s=l.querySelectorAll(\"iframe.wp-embedded-content\"),r=0;r<s.length;r++)(t=(e=s[r]).getAttribute(\"data-secret\"))||(t=Math.random().toString(36).substring(2,12),e.src+=\"#?secret=\"+t,e.setAttribute(\"data-secret\",t)),e.contentWindow.postMessage({message:\"ready\",secret:t},\"*\")},!1)))}(window,document);\n\/* ]]> *\/\n<\/script>\n","thumbnail_url":"https:\/\/epochtimestr.com\/wp-content\/uploads\/2011y\/BMW1.jpg","thumbnail_width":500,"thumbnail_height":340,"description":"5 Ocak tarihinde, Pekin\u2019de, \u00c7in&#8217;in Otomobil Sat\u0131c\u0131lar\u0131 Derne\u011fi (CADC) Alman otomobil \u00fcreticisi BMW\u2019nin \u00c7in\u2019deki bayilerine 5,1 milyar Yuan (689 milyon Euro)\u00a0tazminat \u00f6deyece\u011fini duyurdu. Bayiler, BMW\u2019yi sat\u0131\u015f hedefini \u00e7ok y\u00fcksek tutmakla su\u00e7lad\u0131lar ve bu y\u00fczden zarara u\u011frad\u0131klar\u0131n\u0131 iddia ettiler. Zararlar\u0131n\u0131n giderilmemesi durumunda bir daha BMW ile \u00e7al\u0131\u015fmayacaklar\u0131n\u0131 s\u00f6yleyerek tehdit ettiler. CADC\u2019e g\u00f6re bu tazminat \u015eubat 2015 [&hellip;]"}