{"version":"1.0","provider_name":"The Epoch Times TR","provider_url":"https:\/\/epochtimestr.com","author_name":"Epoch Times Yay\u0131n Kurulu","author_url":"https:\/\/epochtimestr.com\/index.php\/author\/epochtimes","title":"Kom\u00fcnist Partisi \u00dczerine Dokuz Yorum - 3. B\u00f6l\u00fcm - The Epoch Times TR","type":"rich","width":600,"height":338,"html":"<blockquote class=\"wp-embedded-content\" data-secret=\"uuj2ydaccu\"><a href=\"https:\/\/epochtimestr.com\/index.php\/bolum-3-cin-komunist-partisinin-zalimce-yonetimine-dair\">Kom\u00fcnist Partisi \u00dczerine Dokuz Yorum &#8211; 3. B\u00f6l\u00fcm<\/a><\/blockquote><iframe sandbox=\"allow-scripts\" security=\"restricted\" src=\"https:\/\/epochtimestr.com\/index.php\/bolum-3-cin-komunist-partisinin-zalimce-yonetimine-dair\/embed#?secret=uuj2ydaccu\" width=\"600\" height=\"338\" title=\"&#8220;Kom\u00fcnist Partisi \u00dczerine Dokuz Yorum &#8211; 3. B\u00f6l\u00fcm&#8221; &#8212; The Epoch Times TR\" data-secret=\"uuj2ydaccu\" frameborder=\"0\" marginwidth=\"0\" marginheight=\"0\" scrolling=\"no\" class=\"wp-embedded-content\"><\/iframe><script type=\"text\/javascript\">\n\/* <![CDATA[ *\/\n\/*! This file is auto-generated *\/\n!function(d,l){\"use strict\";l.querySelector&&d.addEventListener&&\"undefined\"!=typeof URL&&(d.wp=d.wp||{},d.wp.receiveEmbedMessage||(d.wp.receiveEmbedMessage=function(e){var t=e.data;if((t||t.secret||t.message||t.value)&&!\/[^a-zA-Z0-9]\/.test(t.secret)){for(var s,r,n,a=l.querySelectorAll('iframe[data-secret=\"'+t.secret+'\"]'),o=l.querySelectorAll('blockquote[data-secret=\"'+t.secret+'\"]'),c=new RegExp(\"^https?:$\",\"i\"),i=0;i<o.length;i++)o[i].style.display=\"none\";for(i=0;i<a.length;i++)s=a[i],e.source===s.contentWindow&&(s.removeAttribute(\"style\"),\"height\"===t.message?(1e3<(r=parseInt(t.value,10))?r=1e3:~~r<200&&(r=200),s.height=r):\"link\"===t.message&&(r=new URL(s.getAttribute(\"src\")),n=new URL(t.value),c.test(n.protocol))&&n.host===r.host&&l.activeElement===s&&(d.top.location.href=t.value))}},d.addEventListener(\"message\",d.wp.receiveEmbedMessage,!1),l.addEventListener(\"DOMContentLoaded\",function(){for(var e,t,s=l.querySelectorAll(\"iframe.wp-embedded-content\"),r=0;r<s.length;r++)(t=(e=s[r]).getAttribute(\"data-secret\"))||(t=Math.random().toString(36).substring(2,12),e.src+=\"#?secret=\"+t,e.setAttribute(\"data-secret\",t)),e.contentWindow.postMessage({message:\"ready\",secret:t},\"*\")},!1)))}(window,document);\n\/* ]]> *\/\n<\/script>\n","thumbnail_url":"https:\/\/epochtimestr.com\/wp-content\/uploads\/2011y\/9com_3rd-674x420-1.jpg","thumbnail_width":674,"thumbnail_height":420,"description":"Giri\u015f Zalimlik ve zul\u00fcmden bahsedildi\u011finde \u00c7inlilerin \u00e7o\u011funun akl\u0131na ilk olarak felsefe kitaplar\u0131n\u0131 yakan ve Konf\u00fc\u00e7y\u00fcs\u00e7\u00fc bilim adamlar\u0131n\u0131 canl\u0131 canl\u0131 yakan Qin Hanedanl\u0131\u011f\u0131n\u0131n ilk imparatoru zalim Qin Shi Huang ve onu bask\u0131c\u0131 maiyeti gelmektedir (259 \u2013 210 M.\u00d6). &nbsp;Qin Shi Huang\u2019\u0131n insanlara k\u00f6t\u00fc muamele etmesi \u201cg\u00f6ky\u00fcz\u00fcn\u00fcn alt\u0131ndaki t\u00fcm kaynaklar ile iktidar\u0131n\u0131 desteklemek\u201d politikas\u0131ndan gelmektedir.[1] &nbsp;Bu politikan\u0131n [&hellip;]"}