{"version":"1.0","provider_name":"The Epoch Times TR","provider_url":"https:\/\/epochtimestr.com","author_name":"S. \u00d6zcan","author_url":"https:\/\/epochtimestr.com\/index.php\/author\/n-kaya","title":"Bor Madeni \u00d6zelle\u015fecek mi? - The Epoch Times TR","type":"rich","width":600,"height":338,"html":"<blockquote class=\"wp-embedded-content\" data-secret=\"6R4UDCKeEn\"><a href=\"https:\/\/epochtimestr.com\/index.php\/bor-madeni-ozellesecek-mi\">Bor Madeni \u00d6zelle\u015fecek mi?<\/a><\/blockquote><iframe sandbox=\"allow-scripts\" security=\"restricted\" src=\"https:\/\/epochtimestr.com\/index.php\/bor-madeni-ozellesecek-mi\/embed#?secret=6R4UDCKeEn\" width=\"600\" height=\"338\" title=\"&#8220;Bor Madeni \u00d6zelle\u015fecek mi?&#8221; &#8212; The Epoch Times TR\" data-secret=\"6R4UDCKeEn\" frameborder=\"0\" marginwidth=\"0\" marginheight=\"0\" scrolling=\"no\" class=\"wp-embedded-content\"><\/iframe><script type=\"text\/javascript\">\n\/* <![CDATA[ *\/\n\/*! This file is auto-generated *\/\n!function(d,l){\"use strict\";l.querySelector&&d.addEventListener&&\"undefined\"!=typeof URL&&(d.wp=d.wp||{},d.wp.receiveEmbedMessage||(d.wp.receiveEmbedMessage=function(e){var t=e.data;if((t||t.secret||t.message||t.value)&&!\/[^a-zA-Z0-9]\/.test(t.secret)){for(var s,r,n,a=l.querySelectorAll('iframe[data-secret=\"'+t.secret+'\"]'),o=l.querySelectorAll('blockquote[data-secret=\"'+t.secret+'\"]'),c=new RegExp(\"^https?:$\",\"i\"),i=0;i<o.length;i++)o[i].style.display=\"none\";for(i=0;i<a.length;i++)s=a[i],e.source===s.contentWindow&&(s.removeAttribute(\"style\"),\"height\"===t.message?(1e3<(r=parseInt(t.value,10))?r=1e3:~~r<200&&(r=200),s.height=r):\"link\"===t.message&&(r=new URL(s.getAttribute(\"src\")),n=new URL(t.value),c.test(n.protocol))&&n.host===r.host&&l.activeElement===s&&(d.top.location.href=t.value))}},d.addEventListener(\"message\",d.wp.receiveEmbedMessage,!1),l.addEventListener(\"DOMContentLoaded\",function(){for(var e,t,s=l.querySelectorAll(\"iframe.wp-embedded-content\"),r=0;r<s.length;r++)(t=(e=s[r]).getAttribute(\"data-secret\"))||(t=Math.random().toString(36).substring(2,12),e.src+=\"#?secret=\"+t,e.setAttribute(\"data-secret\",t)),e.contentWindow.postMessage({message:\"ready\",secret:t},\"*\")},!1)))}(window,document);\n\/* ]]> *\/\n<\/script>\n","thumbnail_url":"https:\/\/epochtimestr.com\/wp-content\/uploads\/2011y\/bor-madeni-ozellesecek-mi-615946-664x354.jpg","thumbnail_width":500,"thumbnail_height":266,"description":"Enerji ve Tabii Kaynaklar Bakan\u0131 Taner Y\u0131ld\u0131z, bor madenini \u00f6zelle\u015ftirmek gibi niyetleri ve \u00e7abalar\u0131 olmad\u0131\u011f\u0131n\u0131 s\u00f6yledi. TBMM Genel Kurulunda milletvekillerinin s\u00f6zl\u00fc sorular\u0131na cevap veren Enerji ve Tabi Kaynaklar Bakan\u0131 Taner Y\u0131ld\u0131z, bor madeninin \u00f6zelle\u015ftirilece\u011fi y\u00f6n\u00fcndeki iddialara son noktay\u0131 koydu. \u201cBor madeni bu \u00fclkede AK Parti h\u00fck\u00fcmetleri zaman\u0131nda \u00f6zelle\u015fmeyecek\u201d ifadelerini kullanan Bakan Y\u0131ld\u0131z, b\u00f6yle bir hedeflerinin [&hellip;]"}