{"version":"1.0","provider_name":"The Epoch Times TR","provider_url":"https:\/\/epochtimestr.com","author_name":"S. \u00d6zcan","author_url":"https:\/\/epochtimestr.com\/index.php\/author\/n-kaya","title":"Bu Gece G\u00f6ky\u00fcz\u00fcnde 'Mavi Ay' G\u00f6r\u00fclecek - The Epoch Times TR","type":"rich","width":600,"height":338,"html":"<blockquote class=\"wp-embedded-content\" data-secret=\"dpLM557vu6\"><a href=\"https:\/\/epochtimestr.com\/index.php\/bu-gece-gokyuzunde-mavi-ay-gorulecek\">Bu Gece G\u00f6ky\u00fcz\u00fcnde &#8216;Mavi Ay&#8217; G\u00f6r\u00fclecek<\/a><\/blockquote><iframe sandbox=\"allow-scripts\" security=\"restricted\" src=\"https:\/\/epochtimestr.com\/index.php\/bu-gece-gokyuzunde-mavi-ay-gorulecek\/embed#?secret=dpLM557vu6\" width=\"600\" height=\"338\" title=\"&#8220;Bu Gece G\u00f6ky\u00fcz\u00fcnde &#8216;Mavi Ay&#8217; G\u00f6r\u00fclecek&#8221; &#8212; The Epoch Times TR\" data-secret=\"dpLM557vu6\" frameborder=\"0\" marginwidth=\"0\" marginheight=\"0\" scrolling=\"no\" class=\"wp-embedded-content\"><\/iframe><script type=\"text\/javascript\">\n\/* <![CDATA[ *\/\n\/*! This file is auto-generated *\/\n!function(d,l){\"use strict\";l.querySelector&&d.addEventListener&&\"undefined\"!=typeof URL&&(d.wp=d.wp||{},d.wp.receiveEmbedMessage||(d.wp.receiveEmbedMessage=function(e){var t=e.data;if((t||t.secret||t.message||t.value)&&!\/[^a-zA-Z0-9]\/.test(t.secret)){for(var s,r,n,a=l.querySelectorAll('iframe[data-secret=\"'+t.secret+'\"]'),o=l.querySelectorAll('blockquote[data-secret=\"'+t.secret+'\"]'),c=new RegExp(\"^https?:$\",\"i\"),i=0;i<o.length;i++)o[i].style.display=\"none\";for(i=0;i<a.length;i++)s=a[i],e.source===s.contentWindow&&(s.removeAttribute(\"style\"),\"height\"===t.message?(1e3<(r=parseInt(t.value,10))?r=1e3:~~r<200&&(r=200),s.height=r):\"link\"===t.message&&(r=new URL(s.getAttribute(\"src\")),n=new URL(t.value),c.test(n.protocol))&&n.host===r.host&&l.activeElement===s&&(d.top.location.href=t.value))}},d.addEventListener(\"message\",d.wp.receiveEmbedMessage,!1),l.addEventListener(\"DOMContentLoaded\",function(){for(var e,t,s=l.querySelectorAll(\"iframe.wp-embedded-content\"),r=0;r<s.length;r++)(t=(e=s[r]).getAttribute(\"data-secret\"))||(t=Math.random().toString(36).substring(2,12),e.src+=\"#?secret=\"+t,e.setAttribute(\"data-secret\",t)),e.contentWindow.postMessage({message:\"ready\",secret:t},\"*\")},!1)))}(window,document);\n\/* ]]> *\/\n<\/script>\n","thumbnail_url":"https:\/\/epochtimestr.com\/wp-content\/uploads\/2011y\/bu-gece-mavi-ay-gorunecek-1146145-664x354.jpg","thumbnail_width":600,"thumbnail_height":319,"description":"En son 2012 y\u0131l\u0131n\u0131n A\u011fustos ay\u0131nda g\u00f6r\u00fclen \u2019mavi ay\u2019, 3 y\u0131l aradan sonra bu gece tekrar g\u00f6r\u00fcnecek. D\u00fcnya\u2019da meydana gelen volkanik patlama ve orman yang\u0131nlar\u0131n\u0131n neden oldu\u011fu toz bulutlar\u0131n\u0131n hareketi s\u0131ras\u0131nda mavi tonlar\u0131nda g\u00f6r\u00fcnen dolunay, ilk kez 1883 y\u0131l\u0131nda belirgin \u015fekilde fark edildi. Asl\u0131nda Ay\u2019\u0131n renginin de\u011fi\u015fmedi\u011fini, toz bulutlar\u0131 sebebiyle \u00f6yle g\u00f6r\u00fcnd\u00fc\u011f\u00fcn\u00fc bildiren g\u00f6kbilimciler, mavi [&hellip;]"}