{"version":"1.0","provider_name":"The Epoch Times TR","provider_url":"https:\/\/epochtimestr.com","author_name":"S. \u00d6zcan","author_url":"https:\/\/epochtimestr.com\/index.php\/author\/n-kaya","title":"Burak Y\u0131lmaz \u0130\u00e7in Seferberlik \u0130lan Edildi - The Epoch Times TR","type":"rich","width":600,"height":338,"html":"<blockquote class=\"wp-embedded-content\" data-secret=\"MoeX5DxLRK\"><a href=\"https:\/\/epochtimestr.com\/index.php\/burak-yilmaz-icin-seferberlik-ilan-edildi\">Burak Y\u0131lmaz \u0130\u00e7in Seferberlik \u0130lan Edildi<\/a><\/blockquote><iframe sandbox=\"allow-scripts\" security=\"restricted\" src=\"https:\/\/epochtimestr.com\/index.php\/burak-yilmaz-icin-seferberlik-ilan-edildi\/embed#?secret=MoeX5DxLRK\" width=\"600\" height=\"338\" title=\"&#8220;Burak Y\u0131lmaz \u0130\u00e7in Seferberlik \u0130lan Edildi&#8221; &#8212; The Epoch Times TR\" data-secret=\"MoeX5DxLRK\" frameborder=\"0\" marginwidth=\"0\" marginheight=\"0\" scrolling=\"no\" class=\"wp-embedded-content\"><\/iframe><script type=\"text\/javascript\">\n\/* <![CDATA[ *\/\n\/*! This file is auto-generated *\/\n!function(d,l){\"use strict\";l.querySelector&&d.addEventListener&&\"undefined\"!=typeof URL&&(d.wp=d.wp||{},d.wp.receiveEmbedMessage||(d.wp.receiveEmbedMessage=function(e){var t=e.data;if((t||t.secret||t.message||t.value)&&!\/[^a-zA-Z0-9]\/.test(t.secret)){for(var s,r,n,a=l.querySelectorAll('iframe[data-secret=\"'+t.secret+'\"]'),o=l.querySelectorAll('blockquote[data-secret=\"'+t.secret+'\"]'),c=new RegExp(\"^https?:$\",\"i\"),i=0;i<o.length;i++)o[i].style.display=\"none\";for(i=0;i<a.length;i++)s=a[i],e.source===s.contentWindow&&(s.removeAttribute(\"style\"),\"height\"===t.message?(1e3<(r=parseInt(t.value,10))?r=1e3:~~r<200&&(r=200),s.height=r):\"link\"===t.message&&(r=new URL(s.getAttribute(\"src\")),n=new URL(t.value),c.test(n.protocol))&&n.host===r.host&&l.activeElement===s&&(d.top.location.href=t.value))}},d.addEventListener(\"message\",d.wp.receiveEmbedMessage,!1),l.addEventListener(\"DOMContentLoaded\",function(){for(var e,t,s=l.querySelectorAll(\"iframe.wp-embedded-content\"),r=0;r<s.length;r++)(t=(e=s[r]).getAttribute(\"data-secret\"))||(t=Math.random().toString(36).substring(2,12),e.src+=\"#?secret=\"+t,e.setAttribute(\"data-secret\",t)),e.contentWindow.postMessage({message:\"ready\",secret:t},\"*\")},!1)))}(window,document);\n\/* ]]> *\/\n<\/script>\n","thumbnail_url":"https:\/\/epochtimestr.com\/wp-content\/uploads\/2011y\/galatasarayda-burak-yilmaz-seferberligi-746244-664x354.jpg","thumbnail_width":500,"thumbnail_height":266,"description":"A Milli Tak\u0131m\u0131\u2019n\u0131n Hollanda ile oynad\u0131\u011f\u0131 ma\u00e7ta sakatl\u0131k ge\u00e7iren Galatasaray\u2019\u0131n golc\u00fc oyuncusu Burak Y\u0131lmaz\u2019\u0131n Karab\u00fckspor ma\u00e7\u0131na yeti\u015ftirilmesi i\u00e7in adeta seferberlik ilan edildi\u011fi \u00f6\u011frenildi. 2016 Avrupa Futbol \u015eampiyonas\u0131 Elemeleri 5. hafta kar\u015f\u0131la\u015fmas\u0131nda deplasmanda kar\u015f\u0131la\u015ft\u0131\u011f\u0131 Hollanda ile 1-1 berabere kalan ay-y\u0131ld\u0131zl\u0131 ekipte golc\u00fc oyuncu Burak Y\u0131lmaz, ge\u00e7irdi\u011fi sakatl\u0131k sebebiyle oyundan \u00e7\u0131kmak zorunda kalm\u0131\u015ft\u0131. KARAB\u00dcKSPOR MA\u00c7INA YET\u0130\u015eT\u0130R\u0130LMEYE \u00c7ALI\u015eILIYOR [&hellip;]"}