{"version":"1.0","provider_name":"The Epoch Times TR","provider_url":"https:\/\/epochtimestr.com","author_name":"Nesrin Se\u00e7er","author_url":"https:\/\/epochtimestr.com\/index.php\/author\/nesrin","title":"Bursa Muradiye K\u00fclliyesi'nde 550 Y\u0131ll\u0131k Tarih Sakl\u0131 - The Epoch Times TR","type":"rich","width":600,"height":338,"html":"<blockquote class=\"wp-embedded-content\" data-secret=\"kGIukYrw6R\"><a href=\"https:\/\/epochtimestr.com\/index.php\/bursa-muradiye-kulliyesinde-550-yillik-tarih-sakli\">Bursa Muradiye K\u00fclliyesi&#8217;nde 550 Y\u0131ll\u0131k Tarih Sakl\u0131<\/a><\/blockquote><iframe sandbox=\"allow-scripts\" security=\"restricted\" src=\"https:\/\/epochtimestr.com\/index.php\/bursa-muradiye-kulliyesinde-550-yillik-tarih-sakli\/embed#?secret=kGIukYrw6R\" width=\"600\" height=\"338\" title=\"&#8220;Bursa Muradiye K\u00fclliyesi&#8217;nde 550 Y\u0131ll\u0131k Tarih Sakl\u0131&#8221; &#8212; The Epoch Times TR\" data-secret=\"kGIukYrw6R\" frameborder=\"0\" marginwidth=\"0\" marginheight=\"0\" scrolling=\"no\" class=\"wp-embedded-content\"><\/iframe><script type=\"text\/javascript\">\n\/* <![CDATA[ *\/\n\/*! This file is auto-generated *\/\n!function(d,l){\"use strict\";l.querySelector&&d.addEventListener&&\"undefined\"!=typeof URL&&(d.wp=d.wp||{},d.wp.receiveEmbedMessage||(d.wp.receiveEmbedMessage=function(e){var t=e.data;if((t||t.secret||t.message||t.value)&&!\/[^a-zA-Z0-9]\/.test(t.secret)){for(var s,r,n,a=l.querySelectorAll('iframe[data-secret=\"'+t.secret+'\"]'),o=l.querySelectorAll('blockquote[data-secret=\"'+t.secret+'\"]'),c=new RegExp(\"^https?:$\",\"i\"),i=0;i<o.length;i++)o[i].style.display=\"none\";for(i=0;i<a.length;i++)s=a[i],e.source===s.contentWindow&&(s.removeAttribute(\"style\"),\"height\"===t.message?(1e3<(r=parseInt(t.value,10))?r=1e3:~~r<200&&(r=200),s.height=r):\"link\"===t.message&&(r=new URL(s.getAttribute(\"src\")),n=new URL(t.value),c.test(n.protocol))&&n.host===r.host&&l.activeElement===s&&(d.top.location.href=t.value))}},d.addEventListener(\"message\",d.wp.receiveEmbedMessage,!1),l.addEventListener(\"DOMContentLoaded\",function(){for(var e,t,s=l.querySelectorAll(\"iframe.wp-embedded-content\"),r=0;r<s.length;r++)(t=(e=s[r]).getAttribute(\"data-secret\"))||(t=Math.random().toString(36).substring(2,12),e.src+=\"#?secret=\"+t,e.setAttribute(\"data-secret\",t)),e.contentWindow.postMessage({message:\"ready\",secret:t},\"*\")},!1)))}(window,document);\n\/* ]]> *\/\n<\/script>\n","thumbnail_url":"https:\/\/epochtimestr.com\/wp-content\/uploads\/2011y\/muradiye.png","thumbnail_width":495,"thumbnail_height":330,"description":"Bursa B\u00fcy\u00fck\u015fehir Belediyesi taraf\u0131ndan ba\u015flat\u0131lan Muradiye k\u00fclliyesi restorasyon \u00e7al\u0131\u015fmalar\u0131nda, t\u00fcrbelerin kubbesinde yer alan orijinal Osmanl\u0131 motiflerinin, 19. y\u00fczy\u0131l sonlar\u0131nda yap\u0131lan bir tadilatla s\u0131va ile kapat\u0131ld\u0131\u011f\u0131 ve \u00fczerine barok desenler i\u015flendi\u011fi ortaya \u00e7\u0131kt\u0131. Restorasyon uzmanlar\u0131 taraf\u0131ndan bisturi ile titizlikle yap\u0131lan \u00e7al\u0131\u015fmalar sonras\u0131 ortaya \u00e7\u0131kan orijinal desenlerin 550 y\u0131l ge\u00e7mesine ra\u011fmen ilk g\u00fcnk\u00fc canl\u0131l\u0131\u011f\u0131n\u0131 korumas\u0131 dikkat \u00e7ekti. [&hellip;]"}