{"version":"1.0","provider_name":"The Epoch Times TR","provider_url":"https:\/\/epochtimestr.com","author_name":"Dila \u015eeng\u00fcl","author_url":"https:\/\/epochtimestr.com\/index.php\/author\/dila","title":"'B\u00fcy\u00fckanne Projesi' Sona Yakla\u015f\u0131yor - The Epoch Times TR","type":"rich","width":600,"height":338,"html":"<blockquote class=\"wp-embedded-content\" data-secret=\"tNpufNk6UC\"><a href=\"https:\/\/epochtimestr.com\/index.php\/buyukanne-projesi-sona-yaklasiyor\">&#8216;B\u00fcy\u00fckanne Projesi&#8217; Sona Yakla\u015f\u0131yor<\/a><\/blockquote><iframe sandbox=\"allow-scripts\" security=\"restricted\" src=\"https:\/\/epochtimestr.com\/index.php\/buyukanne-projesi-sona-yaklasiyor\/embed#?secret=tNpufNk6UC\" width=\"600\" height=\"338\" title=\"&#8220;&#8216;B\u00fcy\u00fckanne Projesi&#8217; Sona Yakla\u015f\u0131yor&#8221; &#8212; The Epoch Times TR\" data-secret=\"tNpufNk6UC\" frameborder=\"0\" marginwidth=\"0\" marginheight=\"0\" scrolling=\"no\" class=\"wp-embedded-content\"><\/iframe><script type=\"text\/javascript\">\n\/* <![CDATA[ *\/\n\/*! This file is auto-generated *\/\n!function(d,l){\"use strict\";l.querySelector&&d.addEventListener&&\"undefined\"!=typeof URL&&(d.wp=d.wp||{},d.wp.receiveEmbedMessage||(d.wp.receiveEmbedMessage=function(e){var t=e.data;if((t||t.secret||t.message||t.value)&&!\/[^a-zA-Z0-9]\/.test(t.secret)){for(var s,r,n,a=l.querySelectorAll('iframe[data-secret=\"'+t.secret+'\"]'),o=l.querySelectorAll('blockquote[data-secret=\"'+t.secret+'\"]'),c=new RegExp(\"^https?:$\",\"i\"),i=0;i<o.length;i++)o[i].style.display=\"none\";for(i=0;i<a.length;i++)s=a[i],e.source===s.contentWindow&&(s.removeAttribute(\"style\"),\"height\"===t.message?(1e3<(r=parseInt(t.value,10))?r=1e3:~~r<200&&(r=200),s.height=r):\"link\"===t.message&&(r=new URL(s.getAttribute(\"src\")),n=new URL(t.value),c.test(n.protocol))&&n.host===r.host&&l.activeElement===s&&(d.top.location.href=t.value))}},d.addEventListener(\"message\",d.wp.receiveEmbedMessage,!1),l.addEventListener(\"DOMContentLoaded\",function(){for(var e,t,s=l.querySelectorAll(\"iframe.wp-embedded-content\"),r=0;r<s.length;r++)(t=(e=s[r]).getAttribute(\"data-secret\"))||(t=Math.random().toString(36).substring(2,12),e.src+=\"#?secret=\"+t,e.setAttribute(\"data-secret\",t)),e.contentWindow.postMessage({message:\"ready\",secret:t},\"*\")},!1)))}(window,document);\n\/* ]]> *\/\n<\/script>\n","thumbnail_url":"https:\/\/epochtimestr.com\/wp-content\/uploads\/2011y\/1852290.jpg","thumbnail_width":664,"thumbnail_height":354,"description":"\u00c7al\u0131\u015fma ve Sosyal G\u00fcvenlik Bakan\u0131 Mehmet M\u00fcezzino\u011flu, \u2019B\u00fcy\u00fckanne Projesi\u2019 \u00e7al\u0131\u015fmalar\u0131n\u0131 \u00f6n\u00fcm\u00fczdeki hafta sonland\u0131r\u0131p kamuoyuna deklare edeceklerini bildirdi. \u00c7al\u0131\u015fma ve Sosyal G\u00fcvenlik Bakan\u0131 Mehmet M\u00fcezzino\u011flu, AB T\u00fcrkiye Delegasyonu Ba\u015fkan\u0131 B\u00fcy\u00fckel\u00e7i Christian Berger ve \u00c7al\u0131\u015fma ve Sosyal Bakanl\u0131\u011f\u0131 \u00c7al\u0131\u015fma Genel M\u00fcd\u00fcr\u00fc Nurcan \u00d6nder, Avrupa Birli\u011fi ve T\u00fcrkiye taraf\u0131ndan finanse edilen \u00c7al\u0131\u015fma ve Sosyal G\u00fcvenlik Bakanl\u0131\u011f\u0131n\u0131n y\u00fcr\u00fctt\u00fc\u011f\u00fc dezavantajl\u0131 [&hellip;]"}