{"version":"1.0","provider_name":"The Epoch Times TR","provider_url":"https:\/\/epochtimestr.com","author_name":"A. Aida","author_url":"https:\/\/epochtimestr.com\/index.php\/author\/a-aydana","title":"Cao Cao: Kaos D\u00f6neminin Yetenekli ama Tart\u0131\u015f\u0131lan Bakan\u0131 - The Epoch Times TR","type":"rich","width":600,"height":338,"html":"<blockquote class=\"wp-embedded-content\" data-secret=\"NYUNH9ZFH2\"><a href=\"https:\/\/epochtimestr.com\/index.php\/cao-cao-kaos-doneminin-yetenekli-ama-tartisilan-bakani\">Cao Cao: Kaos D\u00f6neminin Yetenekli ama Tart\u0131\u015f\u0131lan Bakan\u0131<\/a><\/blockquote><iframe sandbox=\"allow-scripts\" security=\"restricted\" src=\"https:\/\/epochtimestr.com\/index.php\/cao-cao-kaos-doneminin-yetenekli-ama-tartisilan-bakani\/embed#?secret=NYUNH9ZFH2\" width=\"600\" height=\"338\" title=\"&#8220;Cao Cao: Kaos D\u00f6neminin Yetenekli ama Tart\u0131\u015f\u0131lan Bakan\u0131&#8221; &#8212; The Epoch Times TR\" data-secret=\"NYUNH9ZFH2\" frameborder=\"0\" marginwidth=\"0\" marginheight=\"0\" scrolling=\"no\" class=\"wp-embedded-content\"><\/iframe><script type=\"text\/javascript\">\n\/* <![CDATA[ *\/\n\/*! This file is auto-generated *\/\n!function(d,l){\"use strict\";l.querySelector&&d.addEventListener&&\"undefined\"!=typeof URL&&(d.wp=d.wp||{},d.wp.receiveEmbedMessage||(d.wp.receiveEmbedMessage=function(e){var t=e.data;if((t||t.secret||t.message||t.value)&&!\/[^a-zA-Z0-9]\/.test(t.secret)){for(var s,r,n,a=l.querySelectorAll('iframe[data-secret=\"'+t.secret+'\"]'),o=l.querySelectorAll('blockquote[data-secret=\"'+t.secret+'\"]'),c=new RegExp(\"^https?:$\",\"i\"),i=0;i<o.length;i++)o[i].style.display=\"none\";for(i=0;i<a.length;i++)s=a[i],e.source===s.contentWindow&&(s.removeAttribute(\"style\"),\"height\"===t.message?(1e3<(r=parseInt(t.value,10))?r=1e3:~~r<200&&(r=200),s.height=r):\"link\"===t.message&&(r=new URL(s.getAttribute(\"src\")),n=new URL(t.value),c.test(n.protocol))&&n.host===r.host&&l.activeElement===s&&(d.top.location.href=t.value))}},d.addEventListener(\"message\",d.wp.receiveEmbedMessage,!1),l.addEventListener(\"DOMContentLoaded\",function(){for(var e,t,s=l.querySelectorAll(\"iframe.wp-embedded-content\"),r=0;r<s.length;r++)(t=(e=s[r]).getAttribute(\"data-secret\"))||(t=Math.random().toString(36).substring(2,12),e.src+=\"#?secret=\"+t,e.setAttribute(\"data-secret\",t)),e.contentWindow.postMessage({message:\"ready\",secret:t},\"*\")},!1)))}(window,document);\n\/* ]]> *\/\n<\/script>\n","thumbnail_url":"https:\/\/epochtimestr.com\/wp-content\/uploads\/2011y\/CaoCao_ZhichingChen_ET.jpg","thumbnail_width":500,"thumbnail_height":667,"description":"WY Li, Epoch Times M.S.189 y\u0131l\u0131nda saray a\u011falar\u0131 ve devlet yetkilileri aras\u0131ndaki \u00e7at\u0131\u015fmalar ve kraliyet mahkemesinde kan d\u00f6k\u00fclmesi ile doruk noktas\u0131na ula\u015fan kraliyet saray\u0131ndaki \u015fiddet birle\u015fik Do\u011fu Han \u0130mparatorlu\u011funun \u00e7\u00f6k\u00fc\u015f\u00fcne neden oldu. Sonraki otuz y\u0131l boyunca s\u00fcren i\u00e7 sava\u015f \u00c7in tarihinde yeni bir siyasi sahneye ve me\u015fru \u0130mparatoru kuklas\u0131 gibi kullanarak h\u00fck\u00fcmeti y\u00f6netmeye \u00e7al\u0131\u015fan bir [&hellip;]"}