{"version":"1.0","provider_name":"The Epoch Times TR","provider_url":"https:\/\/epochtimestr.com","author_name":"Emel AKAN","author_url":"https:\/\/epochtimestr.com\/index.php\/author\/emel","title":"\u00c7at\u0131 Aday: Ekmeleddin \u0130hsano\u011flu - The Epoch Times TR","type":"rich","width":600,"height":338,"html":"<blockquote class=\"wp-embedded-content\" data-secret=\"KkCgh3QcLN\"><a href=\"https:\/\/epochtimestr.com\/index.php\/cati-aday-ekmeleddin-ihsanoglu\">\u00c7at\u0131 Aday: Ekmeleddin \u0130hsano\u011flu<\/a><\/blockquote><iframe sandbox=\"allow-scripts\" security=\"restricted\" src=\"https:\/\/epochtimestr.com\/index.php\/cati-aday-ekmeleddin-ihsanoglu\/embed#?secret=KkCgh3QcLN\" width=\"600\" height=\"338\" title=\"&#8220;\u00c7at\u0131 Aday: Ekmeleddin \u0130hsano\u011flu&#8221; &#8212; The Epoch Times TR\" data-secret=\"KkCgh3QcLN\" frameborder=\"0\" marginwidth=\"0\" marginheight=\"0\" scrolling=\"no\" class=\"wp-embedded-content\"><\/iframe><script type=\"text\/javascript\">\n\/* <![CDATA[ *\/\n\/*! This file is auto-generated *\/\n!function(d,l){\"use strict\";l.querySelector&&d.addEventListener&&\"undefined\"!=typeof URL&&(d.wp=d.wp||{},d.wp.receiveEmbedMessage||(d.wp.receiveEmbedMessage=function(e){var t=e.data;if((t||t.secret||t.message||t.value)&&!\/[^a-zA-Z0-9]\/.test(t.secret)){for(var s,r,n,a=l.querySelectorAll('iframe[data-secret=\"'+t.secret+'\"]'),o=l.querySelectorAll('blockquote[data-secret=\"'+t.secret+'\"]'),c=new RegExp(\"^https?:$\",\"i\"),i=0;i<o.length;i++)o[i].style.display=\"none\";for(i=0;i<a.length;i++)s=a[i],e.source===s.contentWindow&&(s.removeAttribute(\"style\"),\"height\"===t.message?(1e3<(r=parseInt(t.value,10))?r=1e3:~~r<200&&(r=200),s.height=r):\"link\"===t.message&&(r=new URL(s.getAttribute(\"src\")),n=new URL(t.value),c.test(n.protocol))&&n.host===r.host&&l.activeElement===s&&(d.top.location.href=t.value))}},d.addEventListener(\"message\",d.wp.receiveEmbedMessage,!1),l.addEventListener(\"DOMContentLoaded\",function(){for(var e,t,s=l.querySelectorAll(\"iframe.wp-embedded-content\"),r=0;r<s.length;r++)(t=(e=s[r]).getAttribute(\"data-secret\"))||(t=Math.random().toString(36).substring(2,12),e.src+=\"#?secret=\"+t,e.setAttribute(\"data-secret\",t)),e.contentWindow.postMessage({message:\"ready\",secret:t},\"*\")},!1)))}(window,document);\n\/* ]]> *\/\n<\/script>\n","thumbnail_url":"https:\/\/epochtimestr.com\/wp-content\/uploads\/2011y\/ihsanoglu.jpg","thumbnail_width":446,"thumbnail_height":336,"description":"Uzun s\u00fcredir merak edilen muhalefetin \u00e7at\u0131 aday\u0131 bug\u00fcn a\u00e7\u0131kland\u0131. CHP lideri Kemal K\u0131l\u0131\u00e7daro\u011flu ve MHP lideri Devlet Bah\u00e7eli bug\u00fcn biraraya geldi. \u0130ki lider yap\u0131lan g\u00f6r\u00fc\u015fmenin ard\u0131ndan ortak bir bas\u0131n a\u00e7\u0131klamas\u0131 d\u00fczenledi ve Cumhurba\u015fkanl\u0131\u011f\u0131 i\u00e7in belirledikleri aday\u0131n \u0130slam \u0130\u015fbirli\u011fi Te\u015fkilat\u0131 eski Ba\u015fkan\u0131 Prof. Ekmeleddin \u0130hsano\u011flu oldu\u011funu bildirdi. CHP Lideri K\u0131l\u0131\u00e7daro\u011flu MHP Lideri Bah\u00e7eli\u2019yi TBMM\u2019deki makam\u0131nda ziyaret [&hellip;]"}