{"version":"1.0","provider_name":"The Epoch Times TR","provider_url":"https:\/\/epochtimestr.com","author_name":"Haber Merkezi","author_url":"https:\/\/epochtimestr.com\/index.php\/author\/sendag","title":"Caz Sanat\u00e7\u0131s\u0131 Ahmet Muvaffak Falay Ya\u015fam\u0131n\u0131 Yitirdi - The Epoch Times TR","type":"rich","width":600,"height":338,"html":"<blockquote class=\"wp-embedded-content\" data-secret=\"olMk9cwyrC\"><a href=\"https:\/\/epochtimestr.com\/index.php\/caz-sanatcisi-ahmet-muvaffak-falay-yasamini-yitirdi\">Caz Sanat\u00e7\u0131s\u0131 Ahmet Muvaffak Falay Ya\u015fam\u0131n\u0131 Yitirdi<\/a><\/blockquote><iframe sandbox=\"allow-scripts\" security=\"restricted\" src=\"https:\/\/epochtimestr.com\/index.php\/caz-sanatcisi-ahmet-muvaffak-falay-yasamini-yitirdi\/embed#?secret=olMk9cwyrC\" width=\"600\" height=\"338\" title=\"&#8220;Caz Sanat\u00e7\u0131s\u0131 Ahmet Muvaffak Falay Ya\u015fam\u0131n\u0131 Yitirdi&#8221; &#8212; The Epoch Times TR\" data-secret=\"olMk9cwyrC\" frameborder=\"0\" marginwidth=\"0\" marginheight=\"0\" scrolling=\"no\" class=\"wp-embedded-content\"><\/iframe><script type=\"text\/javascript\">\n\/* <![CDATA[ *\/\n\/*! This file is auto-generated *\/\n!function(d,l){\"use strict\";l.querySelector&&d.addEventListener&&\"undefined\"!=typeof URL&&(d.wp=d.wp||{},d.wp.receiveEmbedMessage||(d.wp.receiveEmbedMessage=function(e){var t=e.data;if((t||t.secret||t.message||t.value)&&!\/[^a-zA-Z0-9]\/.test(t.secret)){for(var s,r,n,a=l.querySelectorAll('iframe[data-secret=\"'+t.secret+'\"]'),o=l.querySelectorAll('blockquote[data-secret=\"'+t.secret+'\"]'),c=new RegExp(\"^https?:$\",\"i\"),i=0;i<o.length;i++)o[i].style.display=\"none\";for(i=0;i<a.length;i++)s=a[i],e.source===s.contentWindow&&(s.removeAttribute(\"style\"),\"height\"===t.message?(1e3<(r=parseInt(t.value,10))?r=1e3:~~r<200&&(r=200),s.height=r):\"link\"===t.message&&(r=new URL(s.getAttribute(\"src\")),n=new URL(t.value),c.test(n.protocol))&&n.host===r.host&&l.activeElement===s&&(d.top.location.href=t.value))}},d.addEventListener(\"message\",d.wp.receiveEmbedMessage,!1),l.addEventListener(\"DOMContentLoaded\",function(){for(var e,t,s=l.querySelectorAll(\"iframe.wp-embedded-content\"),r=0;r<s.length;r++)(t=(e=s[r]).getAttribute(\"data-secret\"))||(t=Math.random().toString(36).substring(2,12),e.src+=\"#?secret=\"+t,e.setAttribute(\"data-secret\",t)),e.contentWindow.postMessage({message:\"ready\",secret:t},\"*\")},!1)))}(window,document);\n\/* ]]> *\/\n<\/script>\n","thumbnail_url":"https:\/\/epochtimestr.com\/wp-content\/uploads\/2011y\/Muvaffak-falay-youtubekusadasi.png","thumbnail_width":1359,"thumbnail_height":687,"description":"T\u00fcrkiye\u2019de Mafi, Avrupa ve ABD\u2019de Maffy olarak adland\u0131r\u0131lan Ahmet Muvaffak Falay bu sabah 92 ya\u015f\u0131nda \u0130stanbul\u2019da vefat etti. 1930 do\u011fumlu \u00a01980\u2019lerin \u00fcnl\u00fc caz sanat\u00e7\u0131s\u0131 Ahmet Muvaffak Falay bu sabah 92 ya\u015f\u0131nda \u0130stanbul\u2019da hayat\u0131n\u0131 kaybetti. Falay, son 2 y\u0131ld\u0131r \u0130stanbul B\u00fcy\u00fck\u015fehir Belediyesi Dar\u00fclaceze M\u00fcd\u00fcrl\u00fc\u011f\u00fc Kay\u0131\u015fda\u011f\u0131 yerle\u015fkesinde hayat\u0131n\u0131 s\u00fcrd\u00fcr\u00fcyordu. Ahmet Muvaffak Falay\u2019\u0131n cenazesi, 23 \u015eubat g\u00fcn\u00fc memleketi [&hellip;]"}