{"version":"1.0","provider_name":"The Epoch Times TR","provider_url":"https:\/\/epochtimestr.com","author_name":"Nesrin Se\u00e7er","author_url":"https:\/\/epochtimestr.com\/index.php\/author\/nesrin","title":"\u00c7e\u00e7enistan Parlamentosuna Kanl\u0131 Bask\u0131n: 6 \u00f6l\u00fc, 17 Yaral\u0131 - The Epoch Times TR","type":"rich","width":600,"height":338,"html":"<blockquote class=\"wp-embedded-content\" data-secret=\"YdJFM0CCG9\"><a href=\"https:\/\/epochtimestr.com\/index.php\/cecenistan-parlamentosuna-kanli-baskin-6-olu-17-yarali\">\u00c7e\u00e7enistan Parlamentosuna Kanl\u0131 Bask\u0131n: 6 \u00f6l\u00fc, 17 Yaral\u0131<\/a><\/blockquote><iframe sandbox=\"allow-scripts\" security=\"restricted\" src=\"https:\/\/epochtimestr.com\/index.php\/cecenistan-parlamentosuna-kanli-baskin-6-olu-17-yarali\/embed#?secret=YdJFM0CCG9\" width=\"600\" height=\"338\" title=\"&#8220;\u00c7e\u00e7enistan Parlamentosuna Kanl\u0131 Bask\u0131n: 6 \u00f6l\u00fc, 17 Yaral\u0131&#8221; &#8212; The Epoch Times TR\" data-secret=\"YdJFM0CCG9\" frameborder=\"0\" marginwidth=\"0\" marginheight=\"0\" scrolling=\"no\" class=\"wp-embedded-content\"><\/iframe><script type=\"text\/javascript\">\n\/* <![CDATA[ *\/\n\/*! This file is auto-generated *\/\n!function(d,l){\"use strict\";l.querySelector&&d.addEventListener&&\"undefined\"!=typeof URL&&(d.wp=d.wp||{},d.wp.receiveEmbedMessage||(d.wp.receiveEmbedMessage=function(e){var t=e.data;if((t||t.secret||t.message||t.value)&&!\/[^a-zA-Z0-9]\/.test(t.secret)){for(var s,r,n,a=l.querySelectorAll('iframe[data-secret=\"'+t.secret+'\"]'),o=l.querySelectorAll('blockquote[data-secret=\"'+t.secret+'\"]'),c=new RegExp(\"^https?:$\",\"i\"),i=0;i<o.length;i++)o[i].style.display=\"none\";for(i=0;i<a.length;i++)s=a[i],e.source===s.contentWindow&&(s.removeAttribute(\"style\"),\"height\"===t.message?(1e3<(r=parseInt(t.value,10))?r=1e3:~~r<200&&(r=200),s.height=r):\"link\"===t.message&&(r=new URL(s.getAttribute(\"src\")),n=new URL(t.value),c.test(n.protocol))&&n.host===r.host&&l.activeElement===s&&(d.top.location.href=t.value))}},d.addEventListener(\"message\",d.wp.receiveEmbedMessage,!1),l.addEventListener(\"DOMContentLoaded\",function(){for(var e,t,s=l.querySelectorAll(\"iframe.wp-embedded-content\"),r=0;r<s.length;r++)(t=(e=s[r]).getAttribute(\"data-secret\"))||(t=Math.random().toString(36).substring(2,12),e.src+=\"#?secret=\"+t,e.setAttribute(\"data-secret\",t)),e.contentWindow.postMessage({message:\"ready\",secret:t},\"*\")},!1)))}(window,document);\n\/* ]]> *\/\n<\/script>\n","description":"MOSKOVA&#8211; Rusya&#8217;n\u0131n Kuzey Kafkasya Cumhuriyetlerinden \u00c7e\u00e7enistan parlamentosuna ger\u00e7ekle\u015ftirilen intihar sald\u0131r\u0131s\u0131nda iki polis g\u00f6revlisi, yerel parlamento idari i\u015fler sorumlusu ya\u015fam\u0131n\u0131 yitirdi. \u00d6zel polis birliklerinin m\u00fcdahalesi sonras\u0131 \u00fc\u00e7 eylemci tamam\u0131 ile etkisiz hale getirilirken 6&#8217;s\u0131 polis olmak \u00fczere 17 ki\u015fi de yaraland\u0131. Parlamento binas\u0131na giren eylemcilerin baz\u0131 g\u00fcvenlik g\u00f6revlilerini rehin ald\u0131klar\u0131 iddias\u0131 daha sonra yalanland\u0131. Olayla ilgili [&hellip;]","thumbnail_url":"http:\/\/www.epochtimestr.com\/wp-content\/uploads\/2010\/agustos\/cecenistan-300x179.jpg"}