{"version":"1.0","provider_name":"The Epoch Times TR","provider_url":"https:\/\/epochtimestr.com","author_name":"Haber Merkezi","author_url":"https:\/\/epochtimestr.com\/index.php\/author\/sendag","title":"Cemal Re\u015fit Rey \u00d6l\u00fcm\u00fcn\u00fcn 33. Y\u0131l\u0131nda An\u0131l\u0131yor - The Epoch Times TR","type":"rich","width":600,"height":338,"html":"<blockquote class=\"wp-embedded-content\" data-secret=\"OKF5jB6XNF\"><a href=\"https:\/\/epochtimestr.com\/index.php\/cemal-resit-rey-olumunun-33-yilinda-aniliyor\">Cemal Re\u015fit Rey \u00d6l\u00fcm\u00fcn\u00fcn 33. Y\u0131l\u0131nda An\u0131l\u0131yor<\/a><\/blockquote><iframe sandbox=\"allow-scripts\" security=\"restricted\" src=\"https:\/\/epochtimestr.com\/index.php\/cemal-resit-rey-olumunun-33-yilinda-aniliyor\/embed#?secret=OKF5jB6XNF\" width=\"600\" height=\"338\" title=\"&#8220;Cemal Re\u015fit Rey \u00d6l\u00fcm\u00fcn\u00fcn 33. Y\u0131l\u0131nda An\u0131l\u0131yor&#8221; &#8212; The Epoch Times TR\" data-secret=\"OKF5jB6XNF\" frameborder=\"0\" marginwidth=\"0\" marginheight=\"0\" scrolling=\"no\" class=\"wp-embedded-content\"><\/iframe><script type=\"text\/javascript\">\n\/* <![CDATA[ *\/\n\/*! This file is auto-generated *\/\n!function(d,l){\"use strict\";l.querySelector&&d.addEventListener&&\"undefined\"!=typeof URL&&(d.wp=d.wp||{},d.wp.receiveEmbedMessage||(d.wp.receiveEmbedMessage=function(e){var t=e.data;if((t||t.secret||t.message||t.value)&&!\/[^a-zA-Z0-9]\/.test(t.secret)){for(var s,r,n,a=l.querySelectorAll('iframe[data-secret=\"'+t.secret+'\"]'),o=l.querySelectorAll('blockquote[data-secret=\"'+t.secret+'\"]'),c=new RegExp(\"^https?:$\",\"i\"),i=0;i<o.length;i++)o[i].style.display=\"none\";for(i=0;i<a.length;i++)s=a[i],e.source===s.contentWindow&&(s.removeAttribute(\"style\"),\"height\"===t.message?(1e3<(r=parseInt(t.value,10))?r=1e3:~~r<200&&(r=200),s.height=r):\"link\"===t.message&&(r=new URL(s.getAttribute(\"src\")),n=new URL(t.value),c.test(n.protocol))&&n.host===r.host&&l.activeElement===s&&(d.top.location.href=t.value))}},d.addEventListener(\"message\",d.wp.receiveEmbedMessage,!1),l.addEventListener(\"DOMContentLoaded\",function(){for(var e,t,s=l.querySelectorAll(\"iframe.wp-embedded-content\"),r=0;r<s.length;r++)(t=(e=s[r]).getAttribute(\"data-secret\"))||(t=Math.random().toString(36).substring(2,12),e.src+=\"#?secret=\"+t,e.setAttribute(\"data-secret\",t)),e.contentWindow.postMessage({message:\"ready\",secret:t},\"*\")},!1)))}(window,document);\n\/* ]]> *\/\n<\/script>\n","thumbnail_url":"https:\/\/epochtimestr.com\/wp-content\/uploads\/2011y\/Cemal-Re\u015fit-Rey.png","thumbnail_width":1366,"thumbnail_height":768,"description":"25 Eyl\u00fcl 1904&#8217;te Kud\u00fcs&#8217;te do\u011fan Cemal Re\u015fit Rey, sarayla yak\u0131n ba\u011f\u0131 olan, son Osmanl\u0131 ailelerinden birinin o\u011fluydu. Babas\u0131, Servet-i F\u00fcnun dergisinde H.Naz\u0131m takma ad\u0131yla, Edebiyat-\u0131 Cedide&#8217;nin tan\u0131nm\u0131\u015f bir yazar\u0131 olan Ahmet Re\u015fit Rey, o\u011flunun do\u011fum d\u00f6neminde Kud\u00fcs&#8217;e mutasarr\u0131f olarak atanm\u0131\u015ft\u0131. Cemal Re\u015fit Rey be\u015f ya\u015f\u0131ndayken ailece \u0130stanbul&#8217;a gelmi\u015f, bir yandan okula giderken bir yandan da [&hellip;]"}