{"version":"1.0","provider_name":"The Epoch Times TR","provider_url":"https:\/\/epochtimestr.com","author_name":"Bora Akdeniz","author_url":"https:\/\/epochtimestr.com\/index.php\/author\/bora","title":"CHP, Bakan Eker Hakk\u0131nda Gensoru \u00d6nergesi Verdi - The Epoch Times TR","type":"rich","width":600,"height":338,"html":"<blockquote class=\"wp-embedded-content\" data-secret=\"nNGm1s0Tn4\"><a href=\"https:\/\/epochtimestr.com\/index.php\/chp-bakan-eker-hakkinda-gensoru-onergesi-verdi\">CHP, Bakan Eker Hakk\u0131nda Gensoru \u00d6nergesi Verdi<\/a><\/blockquote><iframe sandbox=\"allow-scripts\" security=\"restricted\" src=\"https:\/\/epochtimestr.com\/index.php\/chp-bakan-eker-hakkinda-gensoru-onergesi-verdi\/embed#?secret=nNGm1s0Tn4\" width=\"600\" height=\"338\" title=\"&#8220;CHP, Bakan Eker Hakk\u0131nda Gensoru \u00d6nergesi Verdi&#8221; &#8212; The Epoch Times TR\" data-secret=\"nNGm1s0Tn4\" frameborder=\"0\" marginwidth=\"0\" marginheight=\"0\" scrolling=\"no\" class=\"wp-embedded-content\"><\/iframe><script type=\"text\/javascript\">\n\/* <![CDATA[ *\/\n\/*! This file is auto-generated *\/\n!function(d,l){\"use strict\";l.querySelector&&d.addEventListener&&\"undefined\"!=typeof URL&&(d.wp=d.wp||{},d.wp.receiveEmbedMessage||(d.wp.receiveEmbedMessage=function(e){var t=e.data;if((t||t.secret||t.message||t.value)&&!\/[^a-zA-Z0-9]\/.test(t.secret)){for(var s,r,n,a=l.querySelectorAll('iframe[data-secret=\"'+t.secret+'\"]'),o=l.querySelectorAll('blockquote[data-secret=\"'+t.secret+'\"]'),c=new RegExp(\"^https?:$\",\"i\"),i=0;i<o.length;i++)o[i].style.display=\"none\";for(i=0;i<a.length;i++)s=a[i],e.source===s.contentWindow&&(s.removeAttribute(\"style\"),\"height\"===t.message?(1e3<(r=parseInt(t.value,10))?r=1e3:~~r<200&&(r=200),s.height=r):\"link\"===t.message&&(r=new URL(s.getAttribute(\"src\")),n=new URL(t.value),c.test(n.protocol))&&n.host===r.host&&l.activeElement===s&&(d.top.location.href=t.value))}},d.addEventListener(\"message\",d.wp.receiveEmbedMessage,!1),l.addEventListener(\"DOMContentLoaded\",function(){for(var e,t,s=l.querySelectorAll(\"iframe.wp-embedded-content\"),r=0;r<s.length;r++)(t=(e=s[r]).getAttribute(\"data-secret\"))||(t=Math.random().toString(36).substring(2,12),e.src+=\"#?secret=\"+t,e.setAttribute(\"data-secret\",t)),e.contentWindow.postMessage({message:\"ready\",secret:t},\"*\")},!1)))}(window,document);\n\/* ]]> *\/\n<\/script>\n","thumbnail_url":"https:\/\/epochtimestr.com\/wp-content\/uploads\/2011y\/chp.jpg","thumbnail_width":400,"thumbnail_height":473,"description":"Cumhuriyet Halk Partisi (CHP), Tar\u0131m ve K\u00f6yi\u015fleri Bakan\u0131 Mehdi Eker hakk\u0131nda, \u00e7ift\u00e7ileri i\u015fsizli\u011fe ve yoksullu\u011fa sevk etti\u011fi gerek\u00e7esiyle gensoru \u00f6nergesi verdi. CHP Grup ba\u015fkanvekilleri Kemal Anadol, Akif Hamza\u00e7ebi ve Muharrem \u0130nce imzas\u0131 ile TBMM Ba\u015fkanl\u0131\u011f\u0131\u2019na verilen gensoru \u00f6nergesinde, AK Parti d\u00f6neminde uygulanan tar\u0131m politikalar\u0131 y\u00fcz\u00fcnden, \u00fcreticilerin b\u00fcy\u00fck sorunlarla kar\u015f\u0131la\u015ft\u0131\u011f\u0131 iddia edildi. AK Parti iktidar\u0131nda, 3 [&hellip;]"}