{"version":"1.0","provider_name":"The Epoch Times TR","provider_url":"https:\/\/epochtimestr.com","author_name":"D.Alk\u0131n","author_url":"https:\/\/epochtimestr.com\/index.php\/author\/derya","title":"CHP Cihaner'i Denizli'den Kontenjan Aday\u0131 Olarak G\u00f6sterdi - The Epoch Times TR","type":"rich","width":600,"height":338,"html":"<blockquote class=\"wp-embedded-content\" data-secret=\"kdSaNh2MJb\"><a href=\"https:\/\/epochtimestr.com\/index.php\/chp-cihaneri-denizliden-kontenjan-adayi-olarak-gosterdi\">CHP Cihaner&#8217;i Denizli&#8217;den Kontenjan Aday\u0131 Olarak G\u00f6sterdi<\/a><\/blockquote><iframe sandbox=\"allow-scripts\" security=\"restricted\" src=\"https:\/\/epochtimestr.com\/index.php\/chp-cihaneri-denizliden-kontenjan-adayi-olarak-gosterdi\/embed#?secret=kdSaNh2MJb\" width=\"600\" height=\"338\" title=\"&#8220;CHP Cihaner&#8217;i Denizli&#8217;den Kontenjan Aday\u0131 Olarak G\u00f6sterdi&#8221; &#8212; The Epoch Times TR\" data-secret=\"kdSaNh2MJb\" frameborder=\"0\" marginwidth=\"0\" marginheight=\"0\" scrolling=\"no\" class=\"wp-embedded-content\"><\/iframe><script type=\"text\/javascript\">\n\/* <![CDATA[ *\/\n\/*! This file is auto-generated *\/\n!function(d,l){\"use strict\";l.querySelector&&d.addEventListener&&\"undefined\"!=typeof URL&&(d.wp=d.wp||{},d.wp.receiveEmbedMessage||(d.wp.receiveEmbedMessage=function(e){var t=e.data;if((t||t.secret||t.message||t.value)&&!\/[^a-zA-Z0-9]\/.test(t.secret)){for(var s,r,n,a=l.querySelectorAll('iframe[data-secret=\"'+t.secret+'\"]'),o=l.querySelectorAll('blockquote[data-secret=\"'+t.secret+'\"]'),c=new RegExp(\"^https?:$\",\"i\"),i=0;i<o.length;i++)o[i].style.display=\"none\";for(i=0;i<a.length;i++)s=a[i],e.source===s.contentWindow&&(s.removeAttribute(\"style\"),\"height\"===t.message?(1e3<(r=parseInt(t.value,10))?r=1e3:~~r<200&&(r=200),s.height=r):\"link\"===t.message&&(r=new URL(s.getAttribute(\"src\")),n=new URL(t.value),c.test(n.protocol))&&n.host===r.host&&l.activeElement===s&&(d.top.location.href=t.value))}},d.addEventListener(\"message\",d.wp.receiveEmbedMessage,!1),l.addEventListener(\"DOMContentLoaded\",function(){for(var e,t,s=l.querySelectorAll(\"iframe.wp-embedded-content\"),r=0;r<s.length;r++)(t=(e=s[r]).getAttribute(\"data-secret\"))||(t=Math.random().toString(36).substring(2,12),e.src+=\"#?secret=\"+t,e.setAttribute(\"data-secret\",t)),e.contentWindow.postMessage({message:\"ready\",secret:t},\"*\")},!1)))}(window,document);\n\/* ]]> *\/\n<\/script>\n","description":"CHP \u0130lhan Cihaner\u2019in adayl\u0131\u011f\u0131n\u0131 y\u00fcksek se\u00e7im kuruluna bildirdi. YSK\u2019nun Denizli\u2019de kontenjan aday\u0131 kullanmas\u0131 gerekti\u011fi y\u00f6n\u00fcnde karar almas\u0131 \u00fczerine CHP, Erzincan eski Cumhuriyet Ba\u015fsavc\u0131s\u0131 \u0130lhan Cihaner\u2019i kontenjan aday\u0131 olarak ikinci s\u0131raya konul\u015fmas\u0131n\u0131 kararla\u015ft\u0131rd\u0131. DHA haberine g\u00f6re, Denizli\u2019de CHP ikinci s\u0131ra aday\u0131n\u0131 kontenjan g\u00f6sterece\u011fini belirtmesine ra\u011fmen hakk\u0131n\u0131 kullanmayarak \u00f6n se\u00e7im sonu\u00e7lar\u0131na g\u00f6re s\u0131ralama yapmay\u0131 tercih eden CHP\u2019nin [&hellip;]"}