{"version":"1.0","provider_name":"The Epoch Times TR","provider_url":"https:\/\/epochtimestr.com","author_name":"Emel AKAN","author_url":"https:\/\/epochtimestr.com\/index.php\/author\/emel","title":"CHP Kurultay\u0131 5-6 Eyl\u00fcl Tarihlerinde Toplanacak - The Epoch Times TR","type":"rich","width":600,"height":338,"html":"<blockquote class=\"wp-embedded-content\" data-secret=\"Ww5vHz0eiy\"><a href=\"https:\/\/epochtimestr.com\/index.php\/chp-kurultayi-5-6-eylul-tarihlerinde-toplanacak\">CHP Kurultay\u0131 5-6 Eyl\u00fcl Tarihlerinde Toplanacak<\/a><\/blockquote><iframe sandbox=\"allow-scripts\" security=\"restricted\" src=\"https:\/\/epochtimestr.com\/index.php\/chp-kurultayi-5-6-eylul-tarihlerinde-toplanacak\/embed#?secret=Ww5vHz0eiy\" width=\"600\" height=\"338\" title=\"&#8220;CHP Kurultay\u0131 5-6 Eyl\u00fcl Tarihlerinde Toplanacak&#8221; &#8212; The Epoch Times TR\" data-secret=\"Ww5vHz0eiy\" frameborder=\"0\" marginwidth=\"0\" marginheight=\"0\" scrolling=\"no\" class=\"wp-embedded-content\"><\/iframe><script type=\"text\/javascript\">\n\/* <![CDATA[ *\/\n\/*! This file is auto-generated *\/\n!function(d,l){\"use strict\";l.querySelector&&d.addEventListener&&\"undefined\"!=typeof URL&&(d.wp=d.wp||{},d.wp.receiveEmbedMessage||(d.wp.receiveEmbedMessage=function(e){var t=e.data;if((t||t.secret||t.message||t.value)&&!\/[^a-zA-Z0-9]\/.test(t.secret)){for(var s,r,n,a=l.querySelectorAll('iframe[data-secret=\"'+t.secret+'\"]'),o=l.querySelectorAll('blockquote[data-secret=\"'+t.secret+'\"]'),c=new RegExp(\"^https?:$\",\"i\"),i=0;i<o.length;i++)o[i].style.display=\"none\";for(i=0;i<a.length;i++)s=a[i],e.source===s.contentWindow&&(s.removeAttribute(\"style\"),\"height\"===t.message?(1e3<(r=parseInt(t.value,10))?r=1e3:~~r<200&&(r=200),s.height=r):\"link\"===t.message&&(r=new URL(s.getAttribute(\"src\")),n=new URL(t.value),c.test(n.protocol))&&n.host===r.host&&l.activeElement===s&&(d.top.location.href=t.value))}},d.addEventListener(\"message\",d.wp.receiveEmbedMessage,!1),l.addEventListener(\"DOMContentLoaded\",function(){for(var e,t,s=l.querySelectorAll(\"iframe.wp-embedded-content\"),r=0;r<s.length;r++)(t=(e=s[r]).getAttribute(\"data-secret\"))||(t=Math.random().toString(36).substring(2,12),e.src+=\"#?secret=\"+t,e.setAttribute(\"data-secret\",t)),e.contentWindow.postMessage({message:\"ready\",secret:t},\"*\")},!1)))}(window,document);\n\/* ]]> *\/\n<\/script>\n","thumbnail_url":"https:\/\/epochtimestr.com\/wp-content\/uploads\/2011y\/muharrem-ince1.jpg","thumbnail_width":386,"thumbnail_height":252,"description":"CHP\u2019den yap\u0131lan a\u00e7\u0131klamaya g\u00f6re, CHP Ola\u011fan\u00fcst\u00fc Kurultay\u0131 5-6 Eyl\u00fcl Cuma-Cumartesi g\u00fcnleri ATO Kongre Merkezi\u2019nde toplanacak. CHP Yalova Milletvekili Muharrem \u0130nce grup ba\u015fkanvekilli\u011finden istifa ederek, ola\u011fan\u00fcst\u00fc kurultayda genel ba\u015fkanl\u0131\u011fa aday olaca\u011f\u0131n\u0131 a\u00e7\u0131klad\u0131. Genel Ba\u015fkan adayl\u0131\u011f\u0131 i\u00e7in ayr\u0131ca Emine \u00dclker Tarhan ve Metin Feyzio\u011flu&#8217;nun isimleri ge\u00e7erken, il ba\u015fkanlar\u0131n\u0131n deste\u011fini ald\u0131\u011f\u0131 belirtilen K\u0131l\u0131\u00e7daro\u011flu&#8217;nun kongreden g\u00fc\u00e7lenerek \u00e7\u0131kaca\u011f\u0131 tahmin ediliyor."}