{"version":"1.0","provider_name":"The Epoch Times TR","provider_url":"https:\/\/epochtimestr.com","author_name":"Haber Merkezi","author_url":"https:\/\/epochtimestr.com\/index.php\/author\/sendag","title":"CHP'li B\u00f6ke'den, Akademisyenlerin KHK \u0130le \u0130hra\u00e7 Edilmesine Tepki - The Epoch Times TR","type":"rich","width":600,"height":338,"html":"<blockquote class=\"wp-embedded-content\" data-secret=\"VTtjKkhpZh\"><a href=\"https:\/\/epochtimestr.com\/index.php\/chpli-bokeden-akademisyenlerin-khk-ile-ihrac-edilmesine-tepki\">CHP&#8217;li B\u00f6ke&#8217;den, Akademisyenlerin KHK \u0130le \u0130hra\u00e7 Edilmesine Tepki<\/a><\/blockquote><iframe sandbox=\"allow-scripts\" security=\"restricted\" src=\"https:\/\/epochtimestr.com\/index.php\/chpli-bokeden-akademisyenlerin-khk-ile-ihrac-edilmesine-tepki\/embed#?secret=VTtjKkhpZh\" width=\"600\" height=\"338\" title=\"&#8220;CHP&#8217;li B\u00f6ke&#8217;den, Akademisyenlerin KHK \u0130le \u0130hra\u00e7 Edilmesine Tepki&#8221; &#8212; The Epoch Times TR\" data-secret=\"VTtjKkhpZh\" frameborder=\"0\" marginwidth=\"0\" marginheight=\"0\" scrolling=\"no\" class=\"wp-embedded-content\"><\/iframe><script type=\"text\/javascript\">\n\/* <![CDATA[ *\/\n\/*! This file is auto-generated *\/\n!function(d,l){\"use strict\";l.querySelector&&d.addEventListener&&\"undefined\"!=typeof URL&&(d.wp=d.wp||{},d.wp.receiveEmbedMessage||(d.wp.receiveEmbedMessage=function(e){var t=e.data;if((t||t.secret||t.message||t.value)&&!\/[^a-zA-Z0-9]\/.test(t.secret)){for(var s,r,n,a=l.querySelectorAll('iframe[data-secret=\"'+t.secret+'\"]'),o=l.querySelectorAll('blockquote[data-secret=\"'+t.secret+'\"]'),c=new RegExp(\"^https?:$\",\"i\"),i=0;i<o.length;i++)o[i].style.display=\"none\";for(i=0;i<a.length;i++)s=a[i],e.source===s.contentWindow&&(s.removeAttribute(\"style\"),\"height\"===t.message?(1e3<(r=parseInt(t.value,10))?r=1e3:~~r<200&&(r=200),s.height=r):\"link\"===t.message&&(r=new URL(s.getAttribute(\"src\")),n=new URL(t.value),c.test(n.protocol))&&n.host===r.host&&l.activeElement===s&&(d.top.location.href=t.value))}},d.addEventListener(\"message\",d.wp.receiveEmbedMessage,!1),l.addEventListener(\"DOMContentLoaded\",function(){for(var e,t,s=l.querySelectorAll(\"iframe.wp-embedded-content\"),r=0;r<s.length;r++)(t=(e=s[r]).getAttribute(\"data-secret\"))||(t=Math.random().toString(36).substring(2,12),e.src+=\"#?secret=\"+t,e.setAttribute(\"data-secret\",t)),e.contentWindow.postMessage({message:\"ready\",secret:t},\"*\")},!1)))}(window,document);\n\/* ]]> *\/\n<\/script>\n","thumbnail_url":"https:\/\/epochtimestr.com\/wp-content\/uploads\/2011y\/selin-sayek-b\u00f6ke.jpg","thumbnail_width":664,"thumbnail_height":354,"description":"CHP Merkez Y\u00f6netim Kurulu (MYK), Genel Ba\u015fkan Kemal K\u0131l\u0131\u00e7daro\u011flu ba\u015fkanl\u0131\u011f\u0131nda topland\u0131. Toplant\u0131n\u0131n g\u00fcndemini ise CHP Genel Ba\u015fkan Yard\u0131mc\u0131s\u0131 ve Parti S\u00f6zc\u00fcs\u00fc Selin Sayek B\u00f6ke, d\u00fczenledi\u011fi bas\u0131n toplant\u0131s\u0131yla payla\u015ft\u0131. Zor g\u00fcnlerin \u00fcst \u00fcste geldi\u011fini s\u00f6yleyen B\u00f6ke, \u201cD\u00fcn bir sinsi gece yar\u0131s\u0131 kararnamesiyle T\u00fcrkiye\u2019nin pek \u00e7ok de\u011ferli akademisyeni k\u0131y\u0131ma u\u011frad\u0131. Ben bug\u00fcn sadece bu konuyla ilgili konu\u015faca\u011f\u0131m. [&hellip;]"}