{"version":"1.0","provider_name":"The Epoch Times TR","provider_url":"https:\/\/epochtimestr.com","author_name":"D.Alk\u0131n","author_url":"https:\/\/epochtimestr.com\/index.php\/author\/derya","title":"\u00c7\u0131lg\u0131n Projenin Ad\u0131 ''Kanal \u0130stanbul'' - The Epoch Times TR","type":"rich","width":600,"height":338,"html":"<blockquote class=\"wp-embedded-content\" data-secret=\"UOpHsn08wr\"><a href=\"https:\/\/epochtimestr.com\/index.php\/cilgin-projenin-adi-kanal-istanbul\">\u00c7\u0131lg\u0131n Projenin Ad\u0131 &#8221;Kanal \u0130stanbul&#8221;<\/a><\/blockquote><iframe sandbox=\"allow-scripts\" security=\"restricted\" src=\"https:\/\/epochtimestr.com\/index.php\/cilgin-projenin-adi-kanal-istanbul\/embed#?secret=UOpHsn08wr\" width=\"600\" height=\"338\" title=\"&#8220;\u00c7\u0131lg\u0131n Projenin Ad\u0131 &#8221;Kanal \u0130stanbul&#8221;&#8221; &#8212; The Epoch Times TR\" data-secret=\"UOpHsn08wr\" frameborder=\"0\" marginwidth=\"0\" marginheight=\"0\" scrolling=\"no\" class=\"wp-embedded-content\"><\/iframe><script type=\"text\/javascript\">\n\/* <![CDATA[ *\/\n\/*! This file is auto-generated *\/\n!function(d,l){\"use strict\";l.querySelector&&d.addEventListener&&\"undefined\"!=typeof URL&&(d.wp=d.wp||{},d.wp.receiveEmbedMessage||(d.wp.receiveEmbedMessage=function(e){var t=e.data;if((t||t.secret||t.message||t.value)&&!\/[^a-zA-Z0-9]\/.test(t.secret)){for(var s,r,n,a=l.querySelectorAll('iframe[data-secret=\"'+t.secret+'\"]'),o=l.querySelectorAll('blockquote[data-secret=\"'+t.secret+'\"]'),c=new RegExp(\"^https?:$\",\"i\"),i=0;i<o.length;i++)o[i].style.display=\"none\";for(i=0;i<a.length;i++)s=a[i],e.source===s.contentWindow&&(s.removeAttribute(\"style\"),\"height\"===t.message?(1e3<(r=parseInt(t.value,10))?r=1e3:~~r<200&&(r=200),s.height=r):\"link\"===t.message&&(r=new URL(s.getAttribute(\"src\")),n=new URL(t.value),c.test(n.protocol))&&n.host===r.host&&l.activeElement===s&&(d.top.location.href=t.value))}},d.addEventListener(\"message\",d.wp.receiveEmbedMessage,!1),l.addEventListener(\"DOMContentLoaded\",function(){for(var e,t,s=l.querySelectorAll(\"iframe.wp-embedded-content\"),r=0;r<s.length;r++)(t=(e=s[r]).getAttribute(\"data-secret\"))||(t=Math.random().toString(36).substring(2,12),e.src+=\"#?secret=\"+t,e.setAttribute(\"data-secret\",t)),e.contentWindow.postMessage({message:\"ready\",secret:t},\"*\")},!1)))}(window,document);\n\/* ]]> *\/\n<\/script>\n","description":"Ba\u015fbakan Recep Tayyip Erdo\u015fan g\u00fcnlerdir beklenen \u00e7\u0131lg\u0131n projeyi bu g\u00fcn \u0130stanbul Kongre Merkezi\u2019nde \u2018\u2019T\u00fcrkiye Haz\u0131r Hedef 2023\u2019\u2019 proje tan\u0131t\u0131m toplant\u0131s\u0131nda a\u00e7\u0131klad\u0131. Erdo\u011fan \u00e7\u0131lg\u0131n projesini \u2018\u2019\u0130stanbul, art\u0131k i\u00e7inden iki deniz ge\u00e7en bir \u015fehre d\u00f6n\u00fc\u015fecek\u2019\u2019 diye a\u00e7\u0131klad\u0131. Ba\u015fbakan, \u0130stanbul\u2019un T\u00fcrkiye\u2019nin de\u011fil d\u00fcnyan\u0131n da gururu olan\u00a0bir medeniyet \u015fehri oldu\u011funu\u00a0 ve b\u00f6yle bir eseri kazand\u0131rman\u0131n heyecan\u0131n\u0131 ya\u015fad\u0131klar\u0131n\u0131 s\u00f6yledi. \u00c7ok [&hellip;]","thumbnail_url":"http:\/\/www.epochtimestr.com\/wp-content\/uploads\/2011y\/100_1353.jpg"}