{"version":"1.0","provider_name":"The Epoch Times TR","provider_url":"https:\/\/epochtimestr.com","author_name":"Yasemin Erdem","author_url":"https:\/\/epochtimestr.com\/index.php\/author\/yasemin","title":"\u00c7in\u2019de Demokrasi Aktivistleri, Bro\u015f\u00fcr Da\u011f\u0131tmalar\u0131n\u0131 Engelleyen Polise Direniyor - The Epoch Times TR","type":"rich","width":600,"height":338,"html":"<blockquote class=\"wp-embedded-content\" data-secret=\"Nowkr0xsvE\"><a href=\"https:\/\/epochtimestr.com\/index.php\/cin-de-demokrasi-aktivistleri\">\u00c7in\u2019de Demokrasi Aktivistleri, Bro\u015f\u00fcr Da\u011f\u0131tmalar\u0131n\u0131 Engelleyen Polise Direniyor<\/a><\/blockquote><iframe sandbox=\"allow-scripts\" security=\"restricted\" src=\"https:\/\/epochtimestr.com\/index.php\/cin-de-demokrasi-aktivistleri\/embed#?secret=Nowkr0xsvE\" width=\"600\" height=\"338\" title=\"&#8220;\u00c7in\u2019de Demokrasi Aktivistleri, Bro\u015f\u00fcr Da\u011f\u0131tmalar\u0131n\u0131 Engelleyen Polise Direniyor&#8221; &#8212; The Epoch Times TR\" data-secret=\"Nowkr0xsvE\" frameborder=\"0\" marginwidth=\"0\" marginheight=\"0\" scrolling=\"no\" class=\"wp-embedded-content\"><\/iframe><script type=\"text\/javascript\">\n\/* <![CDATA[ *\/\n\/*! This file is auto-generated *\/\n!function(d,l){\"use strict\";l.querySelector&&d.addEventListener&&\"undefined\"!=typeof URL&&(d.wp=d.wp||{},d.wp.receiveEmbedMessage||(d.wp.receiveEmbedMessage=function(e){var t=e.data;if((t||t.secret||t.message||t.value)&&!\/[^a-zA-Z0-9]\/.test(t.secret)){for(var s,r,n,a=l.querySelectorAll('iframe[data-secret=\"'+t.secret+'\"]'),o=l.querySelectorAll('blockquote[data-secret=\"'+t.secret+'\"]'),c=new RegExp(\"^https?:$\",\"i\"),i=0;i<o.length;i++)o[i].style.display=\"none\";for(i=0;i<a.length;i++)s=a[i],e.source===s.contentWindow&&(s.removeAttribute(\"style\"),\"height\"===t.message?(1e3<(r=parseInt(t.value,10))?r=1e3:~~r<200&&(r=200),s.height=r):\"link\"===t.message&&(r=new URL(s.getAttribute(\"src\")),n=new URL(t.value),c.test(n.protocol))&&n.host===r.host&&l.activeElement===s&&(d.top.location.href=t.value))}},d.addEventListener(\"message\",d.wp.receiveEmbedMessage,!1),l.addEventListener(\"DOMContentLoaded\",function(){for(var e,t,s=l.querySelectorAll(\"iframe.wp-embedded-content\"),r=0;r<s.length;r++)(t=(e=s[r]).getAttribute(\"data-secret\"))||(t=Math.random().toString(36).substring(2,12),e.src+=\"#?secret=\"+t,e.setAttribute(\"data-secret\",t)),e.contentWindow.postMessage({message:\"ready\",secret:t},\"*\")},!1)))}(window,document);\n\/* ]]> *\/\n<\/script>\n","description":"\u015eubat ba\u015f\u0131nda, \u00c7in\u2019in g\u00fcneybat\u0131s\u0131ndaki Guizhou b\u00f6lgesinde yerel bir park olan Qianling Park\u0131\u2019nda ve Halk Meydan\u0131\u2019nda ger\u00e7ekle\u015fen, \u201c\u0130nsan Haklar\u0131na Pencere\u201d ad\u0131 verilen ve insan haklar\u0131n\u0131 te\u015fvik eden organizasyonda, aktivistler yerel polis taraf\u0131ndan engellendi. 7 \u015eubat\u2019ta, Guiyang Meydan\u0131\u2019nda, Tian Zuxiang, Liao Shuangyuan, Mi Congbiao, Chen Xi, Yong Zhiming ve Xiao Wang isimli aktivistler, Tunus ve M\u0131s\u0131r\u2019daki demokratik [&hellip;]","thumbnail_url":"http:\/\/www.epochtimestr.com\/wp-content\/uploads\/2011y\/cindemokrasi1.jpg"}