{"version":"1.0","provider_name":"The Epoch Times TR","provider_url":"https:\/\/epochtimestr.com","author_name":"O.Bugdayci","author_url":"https:\/\/epochtimestr.com\/index.php\/author\/ozan","title":"\u00c7in \u0130le Tayvan Aras\u0131nda Tarihi G\u00f6r\u00fc\u015fme - The Epoch Times TR","type":"rich","width":600,"height":338,"html":"<blockquote class=\"wp-embedded-content\" data-secret=\"7dvQatKhzH\"><a href=\"https:\/\/epochtimestr.com\/index.php\/cin-ile-tayvan-arasinda-tarihi-gorusme\">\u00c7in \u0130le Tayvan Aras\u0131nda Tarihi G\u00f6r\u00fc\u015fme<\/a><\/blockquote><iframe sandbox=\"allow-scripts\" security=\"restricted\" src=\"https:\/\/epochtimestr.com\/index.php\/cin-ile-tayvan-arasinda-tarihi-gorusme\/embed#?secret=7dvQatKhzH\" width=\"600\" height=\"338\" title=\"&#8220;\u00c7in \u0130le Tayvan Aras\u0131nda Tarihi G\u00f6r\u00fc\u015fme&#8221; &#8212; The Epoch Times TR\" data-secret=\"7dvQatKhzH\" frameborder=\"0\" marginwidth=\"0\" marginheight=\"0\" scrolling=\"no\" class=\"wp-embedded-content\"><\/iframe><script type=\"text\/javascript\">\n\/* <![CDATA[ *\/\n\/*! This file is auto-generated *\/\n!function(d,l){\"use strict\";l.querySelector&&d.addEventListener&&\"undefined\"!=typeof URL&&(d.wp=d.wp||{},d.wp.receiveEmbedMessage||(d.wp.receiveEmbedMessage=function(e){var t=e.data;if((t||t.secret||t.message||t.value)&&!\/[^a-zA-Z0-9]\/.test(t.secret)){for(var s,r,n,a=l.querySelectorAll('iframe[data-secret=\"'+t.secret+'\"]'),o=l.querySelectorAll('blockquote[data-secret=\"'+t.secret+'\"]'),c=new RegExp(\"^https?:$\",\"i\"),i=0;i<o.length;i++)o[i].style.display=\"none\";for(i=0;i<a.length;i++)s=a[i],e.source===s.contentWindow&&(s.removeAttribute(\"style\"),\"height\"===t.message?(1e3<(r=parseInt(t.value,10))?r=1e3:~~r<200&&(r=200),s.height=r):\"link\"===t.message&&(r=new URL(s.getAttribute(\"src\")),n=new URL(t.value),c.test(n.protocol))&&n.host===r.host&&l.activeElement===s&&(d.top.location.href=t.value))}},d.addEventListener(\"message\",d.wp.receiveEmbedMessage,!1),l.addEventListener(\"DOMContentLoaded\",function(){for(var e,t,s=l.querySelectorAll(\"iframe.wp-embedded-content\"),r=0;r<s.length;r++)(t=(e=s[r]).getAttribute(\"data-secret\"))||(t=Math.random().toString(36).substring(2,12),e.src+=\"#?secret=\"+t,e.setAttribute(\"data-secret\",t)),e.contentWindow.postMessage({message:\"ready\",secret:t},\"*\")},!1)))}(window,document);\n\/* ]]> *\/\n<\/script>\n","description":"\u00c7in ve Tayvan 1949\u2019dan bu yana ilk defa resmi temaslara ba\u015flad\u0131. Tayvan uzun bir s\u00fcredir \u00c7in ile so\u011fuk ili\u015fkilere sahipti ve bu iki toprak par\u00e7as\u0131 ayr\u0131 h\u00fck\u00fcmetlerce y\u00f6netiliyorlard\u0131. Taraflar 11 Haziran`dan itibaren \u00c7in`in ba\u015fkenti Pekin`de turizm ve do\u011frudan u\u00e7u\u015flar konusunda g\u00f6r\u00fc\u015fmelere ba\u015flayacaklar. \u00a0\u00c7in Devlet Ba\u015fkan\u0131 Hu Jintao ile Tayvan iktidar partisi Komintang`\u0131n Genel Sekreteri Wu [&hellip;]","thumbnail_url":"http:\/\/www.epochtimestr.com\/wp-content\/uploads\/2011y\/110754802.jpg"}