{"version":"1.0","provider_name":"The Epoch Times TR","provider_url":"https:\/\/epochtimestr.com","author_name":"G.Hakan Ko\u00e7man","author_url":"https:\/\/epochtimestr.com\/index.php\/author\/hakan","title":"\u00c7in Kom\u00fcnist Partisi'nin 18. Kongresi Ertelenebilir  - The Epoch Times TR","type":"rich","width":600,"height":338,"html":"<blockquote class=\"wp-embedded-content\" data-secret=\"hh1TIo9ZI1\"><a href=\"https:\/\/epochtimestr.com\/index.php\/cin-komunist-partisinin-18-kongresi-ertelenebilir\">\u00c7in Kom\u00fcnist Partisi&#8217;nin 18. Kongresi Ertelenebilir<\/a><\/blockquote><iframe sandbox=\"allow-scripts\" security=\"restricted\" src=\"https:\/\/epochtimestr.com\/index.php\/cin-komunist-partisinin-18-kongresi-ertelenebilir\/embed#?secret=hh1TIo9ZI1\" width=\"600\" height=\"338\" title=\"&#8220;\u00c7in Kom\u00fcnist Partisi&#8217;nin 18. Kongresi Ertelenebilir&#8221; &#8212; The Epoch Times TR\" data-secret=\"hh1TIo9ZI1\" frameborder=\"0\" marginwidth=\"0\" marginheight=\"0\" scrolling=\"no\" class=\"wp-embedded-content\"><\/iframe><script type=\"text\/javascript\">\n\/* <![CDATA[ *\/\n\/*! This file is auto-generated *\/\n!function(d,l){\"use strict\";l.querySelector&&d.addEventListener&&\"undefined\"!=typeof URL&&(d.wp=d.wp||{},d.wp.receiveEmbedMessage||(d.wp.receiveEmbedMessage=function(e){var t=e.data;if((t||t.secret||t.message||t.value)&&!\/[^a-zA-Z0-9]\/.test(t.secret)){for(var s,r,n,a=l.querySelectorAll('iframe[data-secret=\"'+t.secret+'\"]'),o=l.querySelectorAll('blockquote[data-secret=\"'+t.secret+'\"]'),c=new RegExp(\"^https?:$\",\"i\"),i=0;i<o.length;i++)o[i].style.display=\"none\";for(i=0;i<a.length;i++)s=a[i],e.source===s.contentWindow&&(s.removeAttribute(\"style\"),\"height\"===t.message?(1e3<(r=parseInt(t.value,10))?r=1e3:~~r<200&&(r=200),s.height=r):\"link\"===t.message&&(r=new URL(s.getAttribute(\"src\")),n=new URL(t.value),c.test(n.protocol))&&n.host===r.host&&l.activeElement===s&&(d.top.location.href=t.value))}},d.addEventListener(\"message\",d.wp.receiveEmbedMessage,!1),l.addEventListener(\"DOMContentLoaded\",function(){for(var e,t,s=l.querySelectorAll(\"iframe.wp-embedded-content\"),r=0;r<s.length;r++)(t=(e=s[r]).getAttribute(\"data-secret\"))||(t=Math.random().toString(36).substring(2,12),e.src+=\"#?secret=\"+t,e.setAttribute(\"data-secret\",t)),e.contentWindow.postMessage({message:\"ready\",secret:t},\"*\")},!1)))}(window,document);\n\/* ]]> *\/\n<\/script>\n","description":"\u00c7KP&#8217;de gerginlik s\u00fcr\u00fcyor Reuters haber ajans\u0131na g\u00f6re, \u00c7in Kom\u00fcnist Partisinin (\u00c7KP) 2012 y\u0131l\u0131n\u0131n sonbahar aylar\u0131nda yap\u0131lmas\u0131 planlanan 18. Ulusal Kongresi, g\u00f6revden al\u0131nan eski Chonhqing Asayi\u015f Amiri Wang Lijun taraf\u0131ndan tutu\u015fturulan \u015fiddetli parti i\u00e7i \u00e7eki\u015fmenin bir sonucu olarak ertelenebilir bir hale geldi. Bu parti i\u00e7i \u00e7eki\u015fme eski Chonhqing Asayi\u015f Amiri Wang Lijun\u2019un 6 \u015eubat\u2019ta Chengdu A.B.D. [&hellip;]","thumbnail_url":"http:\/\/epochtimestr.com\/wp-content\/uploads\/2011y\/17.-Ulusal-Halk-Kongresi-300x187.jpg"}